{"id":75,"date":"2016-11-18T15:02:21","date_gmt":"2016-11-18T14:02:21","guid":{"rendered":"https:\/\/www.braunschweig-entdecken.de\/?page_id=75"},"modified":"2019-03-26T23:41:47","modified_gmt":"2019-03-26T22:41:47","slug":"aktuelles","status":"publish","type":"page","link":"https:\/\/www.braunschweig-entdecken.de\/?page_id=75","title":{"rendered":"Aktuelles"},"content":{"rendered":"<p><strong><span class=\"s1\">Folgende F\u00fchrungen werden von mir im M\u00e4rz und April 2019 verantwortet<\/span><\/strong><br \/>\n<strong><span class=\"s1\">und sind als \u00f6ffentliche F\u00fchrung mit Einzeltickets buchbar<\/span><\/strong><\/p>\n<p>&nbsp;<\/p>\n<p><span class=\"ox-c44c07b7a9-s1\">Freitag, 1. M\u00e4rz 2019 um 18 Uhr &#8211; Nachts im Museum! Ausgebucht.<br \/>\n<\/span><\/p>\n<div id=\"attachment_630\" style=\"width: 310px\" class=\"wp-caption alignleft\"><img loading=\"lazy\" decoding=\"async\" aria-describedby=\"caption-attachment-630\" class=\"size-medium wp-image-630\" src=\"https:\/\/www.braunschweig-entdecken.de\/wp-content\/uploads\/2019\/01\/DSC_9255_bearbeitet-300x200.jpg\" alt=\"Der Museumsdetektiv vor der Karte der Welfischen Stammlande im Schlossmuseum Braunschweig (c) Fotografin Victora Heyer\" width=\"300\" height=\"200\" \/><p id=\"caption-attachment-630\" class=\"wp-caption-text\">Der Museumsdetektiv vor der Karte der Welfischen Stammlande im Schlossmuseum Braunschweig<br \/>(c) Fotografin Victora Heyer<\/p><\/div>\n<p><strong>Taschenlampenf\u00fchrung f\u00fcr Kinder &#8211; Special zur Sonderausstellung &#8218;Revolution.Abdankung.Schloss.&#8216;<br \/>\n<\/strong><\/p>\n<p>Kinder k\u00f6nnen viel entdecken in der aktuellen Sonderausstellung des Schlossmuseums: Bis vor 100 Jahren wohnte die Herzogsfamilie im Schloss, dann regierten Arbeiter und Soldaten und der Herzog musste gehen! Durfte er seine M\u00f6bel mitnehmen? Weshalb zogen sp\u00e4ter Tiere ins Schloss? Warum hat die Polizei die Abdankungsurkunde gesucht? Gehe mit Deiner Familie auf Zeitreise und finde die Antworten auf diese Fragen!*<\/p>\n<p>Bei diesem Special ist das Museum eigentlich schon geschlossen und dunkel. Mit Taschenlampen suchen wir Anhaltspunkte und Antworten auf diese Fragen.<\/p>\n<p>Kinder und Jugendliche bis 15 Jahre zahlen keinen Eintritt! Erwachsene 4,- \u20ac.<strong><br \/>\n<\/strong><\/p>\n<p>Dauer: ca. 1 Stunde<\/p>\n<p>*(c) Schlossmuseum Braunschweig<span class=\"ox-c44c07b7a9-s1\"><em><span class=\"s1\"><br \/>\n<\/span><\/em>\u00b7\u00b7\u00b7\u00b7\u00b7\u00b7\u00b7\u00b7\u00b7\u00b7\u00b7\u00b7\u00b7\u00b7\u00b7\u00b7\u00b7\u00b7\u00b7\u00b7\u00b7\u00b7\u00b7\u00b7\u00b7\u00b7\u00b7\u00b7\u00b7\u00b7\u00b7\u00b7\u00b7\u00b7\u00b7\u00b7\u00b7\u00b7\u00b7\u00b7\u00b7\u00b7\u00b7\u00b7\u00b7\u00b7\u00b7\u00b7\u00b7\u00b7\u00b7\u00b7\u00b7\u00b7\u00b7\u00b7\u00b7\u00b7\u00b7\u00b7\u00b7\u00b7\u00b7\u00b7\u00b7\u00b7\u00b7\u00b7\u00b7\u00b7\u00b7\u00b7\u00b7\u00b7\u00b7\u00b7\u00b7\u00b7\u00b7\u00b7\u00b7\u00b7\u00b7\u00b7\u00b7\u00b7\u00b7\u00b7\u00b7\u00b7\u00b7\u00b7\u00b7\u00b7\u00b7\u00b7\u00b7\u00b7\u00b7\u00b7\u00b7\u00b7\u00b7\u00b7\u00b7\u00b7\u00b7\u00b7\u00b7\u00b7\u00b7\u00b7\u00b7\u00b7\u00b7\u00b7\u00b7\u00b7\u00b7\u00b7\u00b7\u00b7\u00b7\u00b7\u00b7\u00b7\u00b7\u00b7\u00b7\u00b7\u00b7\u00b7\u00b7\u00b7\u00b7\u00b7\u00b7\u00b7\u00b7\u00b7\u00b7\u00b7\u00b7\u00b7\u00b7\u00b7\u00b7\u00b7\u00b7\u00b7\u00b7\u00b7\u00b7\u00b7\u00b7\u00b7\u00b7\u00b7\u00b7\u00b7\u00b7\u00b7\u00b7\u00b7\u00b7<br \/>\n<\/span>Sonntag, 10. M\u00e4rz 2019 um 14 Uhr &#8211; bereits ausgebucht!<\/p>\n<div>\n<div id=\"contentRow\">\n<div id=\"content\">\n<div class=\"box wsw\">\n<div id=\"attachment_355\" style=\"width: 310px\" class=\"wp-caption alignleft\"><img loading=\"lazy\" decoding=\"async\" aria-describedby=\"caption-attachment-355\" class=\"size-medium wp-image-355\" src=\"https:\/\/www.braunschweig-entdecken.de\/wp-content\/uploads\/2017\/01\/DSC0285-300x213.jpg\" alt=\"Herzog Carl I und Emily in der Schatzkammer (c) SNHM\/Anja Pr\u00f6hle\" width=\"300\" height=\"213\" \/><p id=\"caption-attachment-355\" class=\"wp-caption-text\">Herzog Carl I und Emily in der Schatzkammer<br \/>(c) SNHM\/Anja Pr\u00f6hle<\/p><\/div>\n<p><strong>In der Schatzkammer \u2013 mit Herzog Carl I im Museum; Staatl. Naturhistorisches Museum<\/strong><\/p>\n<p>Herzlich willkommen in der Schatzkammer des Naturhistorischen Museums! Museumsgr\u00fcnder Herzog Carl I zu Braunschweig und L\u00fcneburg-Wolfenb\u00fcttel f\u00fchrt Sie zu den Kuriosit\u00e4ten seines ehemaligen Naturalienkabinetts und wei\u00df Spannendes und Erstaunliches dar\u00fcber zu berichten.\u00a0 Dabei zeigt er auch kleine Experi[Tlente und Objekte zum Anfassen. Erfahren Sie auch, was den Herzog im Jahre 1753 zur Offnung seiner Sammlungen f\u00fcr seine Unte1tanen bewog und was aus diesen Ideen wurde. Lassen Sie sich \u00fcberraschen!<\/p>\n<p class=\"p1\"><em><span class=\"s1\">\u00d6ffentliche F\u00fchrung, Staatliches Naturhistorisches Museum, <span class=\"_Xbe\">Pockelsstra\u00dfe 10, Braunschweig<\/span><br \/>\n<\/span><span class=\"s1\">7,50 \u20ac zzgl. erm\u00e4\u00dfigter Eintritt (derzeit 3,- \u20ac)*<\/span><\/em><\/p>\n<p class=\"p1\"><em> Diese F\u00fchrung kann auch zu<\/em> <em>anderen Terminen f\u00fcr private Veranstaltungen oder Firmenfeiern gebucht werden.<\/em><br \/>\n<em>75 \u20ac\/10 Personen \u2022 7,50 \u20ac jede weitere Person. Begrenzte Teilnehmerzahl ca. 15 Personen.<\/em><br \/>\n<em>Buchungen direkt im Staatlichen Naturhistorischen Museum, 0531 &#8211; 28892-12*<\/em><\/p>\n<p><span class=\"s1\">* (c) <\/span><span class=\"ox-c44c07b7a9-s1\"><em><span class=\"s1\">Staatliches Naturhistorisches Museum<\/span><\/em><em><span class=\"s1\"><br \/>\n<\/span><\/em><\/span>\u00b7\u00b7\u00b7\u00b7\u00b7\u00b7\u00b7\u00b7\u00b7\u00b7\u00b7\u00b7\u00b7\u00b7\u00b7\u00b7\u00b7\u00b7\u00b7\u00b7\u00b7\u00b7\u00b7\u00b7\u00b7\u00b7\u00b7\u00b7\u00b7\u00b7\u00b7\u00b7\u00b7\u00b7\u00b7\u00b7\u00b7\u00b7\u00b7\u00b7\u00b7\u00b7\u00b7\u00b7\u00b7\u00b7\u00b7\u00b7\u00b7\u00b7\u00b7\u00b7\u00b7\u00b7\u00b7\u00b7\u00b7\u00b7\u00b7\u00b7\u00b7\u00b7\u00b7\u00b7\u00b7\u00b7\u00b7\u00b7\u00b7\u00b7\u00b7\u00b7\u00b7\u00b7\u00b7\u00b7\u00b7\u00b7\u00b7\u00b7\u00b7\u00b7\u00b7\u00b7\u00b7\u00b7\u00b7\u00b7\u00b7\u00b7\u00b7\u00b7\u00b7\u00b7\u00b7\u00b7\u00b7\u00b7\u00b7\u00b7\u00b7\u00b7\u00b7\u00b7\u00b7\u00b7\u00b7\u00b7\u00b7\u00b7\u00b7\u00b7\u00b7\u00b7\u00b7\u00b7\u00b7\u00b7\u00b7\u00b7\u00b7\u00b7\u00b7\u00b7\u00b7\u00b7\u00b7\u00b7\u00b7\u00b7\u00b7\u00b7\u00b7\u00b7\u00b7\u00b7\u00b7\u00b7\u00b7\u00b7\u00b7\u00b7\u00b7\u00b7\u00b7\u00b7\u00b7\u00b7\u00b7\u00b7\u00b7\u00b7\u00b7\u00b7\u00b7\u00b7\u00b7\u00b7\u00b7\u00b7\u00b7\u00b7\u00b7\u00b7\u00b7<br \/>\n<span class=\"ox-c44c07b7a9-s1\">Freitag, 15. M\u00e4rz 2019 um 15 Uhr<\/span><\/p>\n<div id=\"attachment_308\" style=\"width: 310px\" class=\"wp-caption alignleft\"><img loading=\"lazy\" decoding=\"async\" aria-describedby=\"caption-attachment-308\" class=\"size-medium wp-image-308\" src=\"https:\/\/www.braunschweig-entdecken.de\/wp-content\/uploads\/2016\/11\/83_Drei-Gewalten-300x213.jpg\" alt=\"Rathausturm, Foto: Klaus Ebach\/art plakat\" width=\"300\" height=\"213\" srcset=\"https:\/\/www.braunschweig-entdecken.de\/wp-content\/uploads\/2016\/11\/83_Drei-Gewalten-300x213.jpg 300w, https:\/\/www.braunschweig-entdecken.de\/wp-content\/uploads\/2016\/11\/83_Drei-Gewalten.jpg 533w\" sizes=\"auto, (max-width: 300px) 100vw, 300px\" \/><p id=\"caption-attachment-308\" class=\"wp-caption-text\">Rathausturm, Foto: Klaus Ebach\/art plakat<\/p><\/div>\n<p><strong>Vom Schloss ins Rathaus. <\/strong><\/p>\n<p>Kurzf\u00fchrung durch die Sonderausstellung &#8218;Revolution.Abdankung.Schloss.&#8216; und Treffen mit Bezirksb\u00fcrgermeisterin Heike Zander im Rathaus. &#8211;<\/p>\n<p>Die November-Revolution 2018 vollzog sich in Braunschweig friedlich und ohne Blutvergie\u00dfen. Der Herzog legt die Regierung in die H\u00e4nde des Arbeiter- und Soldatenrates. Aber was war auf kommunaler Ebene, wie verhielt sich der Rat der welfischen Erbstadt Braunschweig zu den Ereignissen in der Residenz und im Reich? Ein spannender Blickwinkel auf diesen Aspekt der Geschichte vor 100 Jahren.<\/p>\n<p>Anmeldung empfohlen &#8211; Teilnahme kostenfrei*<\/p>\n<p>Dauer: ca. 2 Stunde<\/p>\n<p>*(c) Schlossmuseum Braunschweig<span class=\"ox-c44c07b7a9-s1\"><em><br \/>\n<\/em><\/span>\u00b7\u00b7\u00b7\u00b7\u00b7\u00b7\u00b7\u00b7\u00b7\u00b7\u00b7\u00b7\u00b7\u00b7\u00b7\u00b7\u00b7\u00b7\u00b7\u00b7\u00b7\u00b7\u00b7\u00b7\u00b7\u00b7\u00b7\u00b7\u00b7\u00b7\u00b7\u00b7\u00b7\u00b7\u00b7\u00b7\u00b7\u00b7\u00b7\u00b7\u00b7\u00b7\u00b7\u00b7\u00b7\u00b7\u00b7\u00b7\u00b7\u00b7\u00b7\u00b7\u00b7\u00b7\u00b7\u00b7\u00b7\u00b7\u00b7\u00b7\u00b7\u00b7\u00b7\u00b7\u00b7\u00b7\u00b7\u00b7\u00b7\u00b7\u00b7\u00b7\u00b7\u00b7\u00b7\u00b7\u00b7\u00b7\u00b7\u00b7\u00b7\u00b7\u00b7\u00b7\u00b7\u00b7\u00b7\u00b7\u00b7\u00b7\u00b7\u00b7\u00b7\u00b7\u00b7\u00b7\u00b7\u00b7\u00b7\u00b7\u00b7\u00b7\u00b7\u00b7\u00b7\u00b7\u00b7\u00b7\u00b7\u00b7\u00b7\u00b7\u00b7\u00b7\u00b7\u00b7\u00b7\u00b7\u00b7\u00b7\u00b7\u00b7\u00b7\u00b7\u00b7\u00b7\u00b7\u00b7\u00b7\u00b7\u00b7\u00b7\u00b7\u00b7\u00b7\u00b7\u00b7\u00b7\u00b7\u00b7\u00b7\u00b7\u00b7\u00b7\u00b7\u00b7\u00b7\u00b7\u00b7\u00b7\u00b7\u00b7\u00b7\u00b7\u00b7\u00b7\u00b7\u00b7\u00b7\u00b7\u00b7\u00b7\u00b7\u00b7\u00b7<br \/>\n<span class=\"ox-c44c07b7a9-s1\">Donnerstag, 21. M\u00e4rz 2019<br \/>\n<\/span><\/p>\n<p><img loading=\"lazy\" decoding=\"async\" class=\"size-medium wp-image-549 alignleft\" src=\"https:\/\/www.braunschweig-entdecken.de\/wp-content\/uploads\/2016\/11\/logo_kunst-kultur-reisen-300x96.png\" alt=\"logo_kunst-kultur-reisen\" width=\"300\" height=\"96\" srcset=\"https:\/\/www.braunschweig-entdecken.de\/wp-content\/uploads\/2016\/11\/logo_kunst-kultur-reisen-300x96.png 300w, https:\/\/www.braunschweig-entdecken.de\/wp-content\/uploads\/2016\/11\/logo_kunst-kultur-reisen-768x245.png 768w, https:\/\/www.braunschweig-entdecken.de\/wp-content\/uploads\/2016\/11\/logo_kunst-kultur-reisen-1024x326.png 1024w\" sizes=\"auto, (max-width: 300px) 100vw, 300px\" \/><\/p>\n<h4><span class=\"diyfeDecoration\">Tagesfahrt nach Berlin zur<br \/>\nSammlung Scharf-Gerstenberg<\/span><\/h4>\n<div class=\"n module-type-text diyfeLiveArea \">\n<p>Im historischen St\u00fclerbau am Berliner Schloss Charlottenburg zeigt die Sammlung Scharf- Gerstenberg bedeutende Werke des Surrealismus. Otto Gerstenberg ist der Gr\u00fcnder der Victoria- Versicherung und leidenschaftlicher Sammler. Er besitzt Werke der franz\u00f6sischen Impressionisten, darunter Monet, Renoir, Degas, Gauguin und das komplette druckgrafische Werk von Toulouse- Lautrec. Der Surrealismus ist mit bekannten K\u00fcnstlern wie Max Ernst, Paul Klee und Ren\u00e9 Magritte vertreten. Dazu kommen K\u00fcnstler wie Manet und Goya, Salvador Dal\u00ed und Henri Rousseau. Im Vordergrund dieser Ausstellung steht Surrealist Max Ernst auch mit seinen selten gezeigten Geheimschrift-Grafiken. Wir kennen den K\u00fcnstler nicht zuletzt aus Venedig aus dem Peggy Guggenheim Museum, wo er mit einigen seiner gro\u00dfartigen Hauptwerke vertreten ist.<\/p>\n<\/div>\n<div class=\"n module-type-text diyfeLiveArea \">\n<p><strong>Leistungen:<\/strong> Busfahrt, Eintritt, F\u00fchrung, Wegzehrung<\/p>\n<p><strong>Preis:<\/strong> 67\u20ac pro Person<\/p>\n<p><strong>Anmeldung unter:<\/strong>\u00a0Tel.: 0531 \/ 618 00 07, unter Fax 0531 \/ 618 00 58,<\/p>\n<p>E-Mail:\u00a0<a href=\"mailto:lange@kunst-kultur-reisen.net\" target=\"_self\">lange@kunst-kultur-reisen.net<\/a><\/p>\n<\/div>\n<p>(c) Kunst.Kultur.Reisen. Henning Lange<br \/>\n<span class=\"ox-c44c07b7a9-s1\">\u00b7\u00b7\u00b7\u00b7\u00b7\u00b7\u00b7\u00b7\u00b7\u00b7\u00b7\u00b7\u00b7\u00b7\u00b7\u00b7\u00b7\u00b7\u00b7\u00b7\u00b7\u00b7\u00b7\u00b7\u00b7\u00b7\u00b7\u00b7\u00b7\u00b7\u00b7\u00b7\u00b7\u00b7\u00b7\u00b7\u00b7\u00b7\u00b7\u00b7\u00b7\u00b7\u00b7\u00b7\u00b7\u00b7\u00b7\u00b7\u00b7\u00b7\u00b7\u00b7\u00b7\u00b7\u00b7\u00b7\u00b7\u00b7\u00b7\u00b7\u00b7\u00b7\u00b7\u00b7\u00b7\u00b7\u00b7\u00b7\u00b7\u00b7\u00b7\u00b7\u00b7\u00b7\u00b7\u00b7\u00b7\u00b7\u00b7\u00b7\u00b7\u00b7\u00b7\u00b7\u00b7\u00b7\u00b7\u00b7\u00b7\u00b7\u00b7\u00b7\u00b7\u00b7\u00b7\u00b7\u00b7\u00b7\u00b7\u00b7\u00b7\u00b7\u00b7\u00b7\u00b7\u00b7\u00b7\u00b7\u00b7\u00b7\u00b7\u00b7\u00b7\u00b7\u00b7\u00b7\u00b7\u00b7\u00b7\u00b7\u00b7\u00b7\u00b7\u00b7\u00b7\u00b7\u00b7\u00b7\u00b7\u00b7\u00b7\u00b7\u00b7\u00b7\u00b7\u00b7\u00b7\u00b7\u00b7\u00b7\u00b7\u00b7\u00b7\u00b7\u00b7\u00b7\u00b7\u00b7\u00b7\u00b7\u00b7\u00b7\u00b7\u00b7\u00b7\u00b7\u00b7\u00b7\u00b7\u00b7\u00b7\u00b7\u00b7\u00b7\u00b7<br \/>\n<\/span>Samstag, 06.04. &#8211; Sonntag, 07.04.2019<\/p>\n<\/div>\n<\/div>\n<\/div>\n<\/div>\n<p class=\"p1\"><strong><img loading=\"lazy\" decoding=\"async\" class=\"size-medium wp-image-549 alignleft\" src=\"https:\/\/www.braunschweig-entdecken.de\/wp-content\/uploads\/2016\/11\/logo_kunst-kultur-reisen-300x96.png\" alt=\"logo_kunst-kultur-reisen\" width=\"300\" height=\"96\" srcset=\"https:\/\/www.braunschweig-entdecken.de\/wp-content\/uploads\/2016\/11\/logo_kunst-kultur-reisen-300x96.png 300w, https:\/\/www.braunschweig-entdecken.de\/wp-content\/uploads\/2016\/11\/logo_kunst-kultur-reisen-768x245.png 768w, https:\/\/www.braunschweig-entdecken.de\/wp-content\/uploads\/2016\/11\/logo_kunst-kultur-reisen-1024x326.png 1024w\" sizes=\"auto, (max-width: 300px) 100vw, 300px\" \/><\/strong><\/p>\n<h4><span class=\"diyfeDecoration\">Zweitagesfahrt nach Marburg mit der Matth\u00e4uspassion von Johann Sebastian Bach<\/span><\/h4>\n<div class=\"n module-type-text diyfeLiveArea \">\n<p>Eine kleine Stadt mit einem gro\u00dfen Schloss im Herzen Hessens mit zahlreichen Fachwerkh\u00e4usern, verwinkelten Gassen, einer Ober- und Unterstadt umgeben von tiefen W\u00e4ldern, das ist Marburg. Als Studentenstadt bekannt hat sie auch f\u00fcr uns allerhand zu bieten. Nat\u00fcrlich besuchen wir das Schloss und erleben die Stadt durch eine F\u00fchrung.<br \/>\nBesondere H\u00f6hepunkte sind die F\u00fchrung durch die neue Orgel der Elisabethkirche, ein Konzert in dieser \u00e4ltesten deutschen Hallenkirche und der Besuch des Botanischen Gartens.<br \/>\nWir h\u00f6ren die Matth\u00e4uspassion von J. S. Bach, durch die Sie dem Marburger Charme verfallen werden.<\/p>\n<\/div>\n<div class=\"n module-type-text diyfeLiveArea \">\n<p><strong>Leistungen:<\/strong> Busfahrt, Eintritte, F\u00fchrungen, Wegzehrung, 1 \u00dcF in 3* Marburger Hof<\/p>\n<p><strong>Preis:<\/strong> 338\u20ac p.P. im DZ, EZ + 30\u20ac<\/p>\n<p><strong>Anmeldung unter:<\/strong>\u00a0Tel.: 0531 \/ 618 00 07, unter Fax 0531 \/ 618 00 58,<\/p>\n<p>E-Mail: <a href=\"mailto:lange@kunst-kultur-reisen.net\" target=\"_self\">lange@kunst-kultur-reisen.net<\/a><\/p>\n<p>(c) Kunst.Kultur.Reisen. Henning Lange<\/p>\n<\/div>\n<p><span class=\"ox-c44c07b7a9-s1\"> \u00b7\u00b7\u00b7\u00b7\u00b7\u00b7\u00b7\u00b7\u00b7\u00b7\u00b7\u00b7\u00b7\u00b7\u00b7\u00b7\u00b7\u00b7\u00b7\u00b7\u00b7\u00b7\u00b7\u00b7\u00b7\u00b7\u00b7\u00b7\u00b7\u00b7\u00b7\u00b7\u00b7\u00b7\u00b7\u00b7\u00b7\u00b7\u00b7\u00b7\u00b7\u00b7\u00b7\u00b7\u00b7\u00b7\u00b7\u00b7\u00b7\u00b7\u00b7\u00b7\u00b7\u00b7\u00b7\u00b7\u00b7\u00b7\u00b7\u00b7\u00b7\u00b7\u00b7\u00b7\u00b7\u00b7\u00b7\u00b7\u00b7\u00b7\u00b7\u00b7\u00b7\u00b7\u00b7\u00b7\u00b7\u00b7\u00b7\u00b7\u00b7\u00b7\u00b7\u00b7\u00b7\u00b7\u00b7\u00b7\u00b7\u00b7\u00b7\u00b7\u00b7\u00b7\u00b7\u00b7\u00b7\u00b7\u00b7\u00b7\u00b7\u00b7\u00b7\u00b7\u00b7\u00b7\u00b7\u00b7\u00b7\u00b7\u00b7\u00b7\u00b7\u00b7\u00b7\u00b7\u00b7\u00b7\u00b7\u00b7\u00b7\u00b7\u00b7\u00b7\u00b7\u00b7\u00b7\u00b7\u00b7\u00b7\u00b7\u00b7\u00b7\u00b7\u00b7\u00b7\u00b7\u00b7\u00b7\u00b7\u00b7\u00b7\u00b7\u00b7\u00b7\u00b7\u00b7\u00b7\u00b7\u00b7\u00b7\u00b7\u00b7\u00b7\u00b7\u00b7\u00b7\u00b7\u00b7\u00b7\u00b7\u00b7\u00b7\u00b7\u00b7<br \/>\n<\/span>Mittwoch, 10. April 2019 &#8211; ausgebucht, es gibt eine Warteliste!<\/p>\n<p><img loading=\"lazy\" decoding=\"async\" class=\"size-medium wp-image-549 alignleft\" src=\"https:\/\/www.braunschweig-entdecken.de\/wp-content\/uploads\/2016\/11\/logo_kunst-kultur-reisen-300x96.png\" alt=\"logo_kunst-kultur-reisen\" width=\"300\" height=\"96\" srcset=\"https:\/\/www.braunschweig-entdecken.de\/wp-content\/uploads\/2016\/11\/logo_kunst-kultur-reisen-300x96.png 300w, https:\/\/www.braunschweig-entdecken.de\/wp-content\/uploads\/2016\/11\/logo_kunst-kultur-reisen-768x245.png 768w, https:\/\/www.braunschweig-entdecken.de\/wp-content\/uploads\/2016\/11\/logo_kunst-kultur-reisen-1024x326.png 1024w\" sizes=\"auto, (max-width: 300px) 100vw, 300px\" \/><\/p>\n<h4><span class=\"diyfeDecoration\">Tagesfahrt zum Schloss H\u00e4melschenburg<br \/>\nund zum Kloster Corvey<\/span><\/h4>\n<div class=\"n module-type-text diyfeLiveArea \">\n<p>Das Wasserschloss wurde auf dem H\u00f6hepunkt der Weserrenaissance errichtet. Das vollst\u00e4ndig erhaltene Rittergut geh\u00f6rt zu einer der sch\u00f6nsten und bedeutsamsten Renaissanceanlagen in Deutschland. Dazu das Welterbe Corvey als eine der bedeutendsten Klostergr\u00fcndungen im mittelalterlichen Deutschland. Eine gro\u00dfartige Reise in vergangene Zeiten vermittelt durch einen ebenso beachtenswerten Reisebegleiter: Burkhard von Reden wird mit mir die Reise leiten. Er war schon in der Bildzeitung, als einer von wenigen Deutschen, mit den spannendsten Arbeitspl\u00e4tzen. Seit Jahrzehnten sichtet und katalogisiert der Archivar Burkhard von Reden die Historie des \u00fcber 400 Jahre alten Ritterguts H\u00e4melschenburg. Der Geschichtsh\u00fcter wird uns von l\u00e4ngst vergessener Geschichte erz\u00e4hlen. Er selbst fand schon manches Kleinod, z.B. alte Rezepte, die es nun als Kochbuch im Schloss-Shop gibt.<\/p>\n<\/div>\n<div class=\"n module-type-text diyfeLiveArea \">\n<p><strong>Leistungen:<\/strong> Busfahrt, Eintritt, F\u00fchrung, Wegzehrung<\/p>\n<p><strong>Preis:<\/strong> 84\u20ac pro Person<\/p>\n<p><strong>Anmeldung unter:<\/strong>\u00a0Tel.: 0531 \/ 618 00 07, unter Fax 0531 \/ 618 00 58,<\/p>\n<p>E-Mail:\u00a0<a href=\"mailto:lange@kunst-kultur-reisen.net\" target=\"_self\">lange@kunst-kultur-reisen.net<\/a><\/p>\n<\/div>\n<p><span class=\"ox-c44c07b7a9-s1\"><span class=\"s1\">(c) Kunst.Kultur.Reisen. Henning Lange<\/span><\/span><\/p>\n<p><span class=\"ox-c44c07b7a9-s1\"> \u00b7\u00b7\u00b7\u00b7\u00b7\u00b7\u00b7\u00b7\u00b7\u00b7\u00b7\u00b7\u00b7\u00b7\u00b7\u00b7\u00b7\u00b7\u00b7\u00b7\u00b7\u00b7\u00b7\u00b7\u00b7\u00b7\u00b7\u00b7\u00b7\u00b7\u00b7\u00b7\u00b7\u00b7\u00b7\u00b7\u00b7\u00b7\u00b7\u00b7\u00b7\u00b7\u00b7\u00b7\u00b7\u00b7\u00b7\u00b7\u00b7\u00b7\u00b7\u00b7\u00b7\u00b7\u00b7\u00b7\u00b7\u00b7\u00b7\u00b7\u00b7\u00b7\u00b7\u00b7\u00b7\u00b7\u00b7\u00b7\u00b7\u00b7\u00b7\u00b7\u00b7\u00b7\u00b7\u00b7\u00b7\u00b7\u00b7\u00b7\u00b7\u00b7\u00b7\u00b7\u00b7\u00b7\u00b7\u00b7\u00b7\u00b7\u00b7\u00b7\u00b7\u00b7\u00b7\u00b7\u00b7\u00b7\u00b7\u00b7\u00b7\u00b7\u00b7\u00b7\u00b7\u00b7\u00b7\u00b7\u00b7\u00b7\u00b7\u00b7\u00b7\u00b7\u00b7\u00b7\u00b7\u00b7\u00b7\u00b7\u00b7\u00b7\u00b7\u00b7\u00b7\u00b7\u00b7\u00b7\u00b7\u00b7\u00b7\u00b7\u00b7\u00b7\u00b7\u00b7\u00b7\u00b7\u00b7\u00b7\u00b7\u00b7\u00b7\u00b7\u00b7\u00b7\u00b7\u00b7\u00b7\u00b7\u00b7\u00b7\u00b7\u00b7\u00b7\u00b7\u00b7\u00b7\u00b7\u00b7\u00b7\u00b7\u00b7\u00b7\u00b7<br \/>\n<\/span><span class=\"ox-c44c07b7a9-s1\">Freitag, 12. April 2019 um 11 Uhr.<br \/>\n<\/span><\/p>\n<div id=\"attachment_630\" style=\"width: 310px\" class=\"wp-caption alignleft\"><img loading=\"lazy\" decoding=\"async\" aria-describedby=\"caption-attachment-630\" class=\"size-medium wp-image-630\" src=\"https:\/\/www.braunschweig-entdecken.de\/wp-content\/uploads\/2019\/01\/DSC_9255_bearbeitet-300x200.jpg\" alt=\"Der Museumsdetektiv vor der Karte der Welfischen Stammlande im Schlossmuseum Braunschweig (c) Fotografin Victora Heyer\" width=\"300\" height=\"200\" \/><p id=\"caption-attachment-630\" class=\"wp-caption-text\">Der Museumsdetektiv vor der Karte der Welfischen Stammlande im Schlossmuseum Braunschweig<br \/>(c) Fotografin Victora Heyer<\/p><\/div>\n<p><strong>Die Geschichtsdetektive auf der Suche nach dem Steinbock im Gartensaal &#8211; Special zur Sonderausstellung &#8218;Revolution.Abdankung.Schloss.&#8216;<br \/>\n<\/strong><\/p>\n<p>Kinder k\u00f6nnen viel entdecken in der aktuellen Sonderausstellung des Schlossmuseums: Bis vor 100 Jahren wohnte die Herzogsfamilie im Schloss, dann regierten Arbeiter und Soldaten und der Herzog musste gehen! Durfte er seine M\u00f6bel mitnehmen? Weshalb zogen sp\u00e4ter Tiere ins Schloss? Welche Tiere sind es und wo sind diese Tiere untergekommen? Gehe mit Deiner Familie auf Zeitreise und finde die Antworten auf diese Fragen!*<\/p>\n<p>Kinder und Jugendliche bis 15 Jahre zahlen 5,- \u20ac f\u00fcr die F\u00fchrung und keinen Eintritt!<br \/>\nErwachsene 5,- \u20ac f\u00fcr die F\u00fchrung und 4,- \u20ac Einttritt.<strong><br \/>\n<\/strong><\/p>\n<p>Dauer: ca. 1 Stunde<\/p>\n<p>*(c) Schlossmuseum Braunschweig<span class=\"ox-c44c07b7a9-s1\"><em><span class=\"s1\"><br \/>\n<\/span><\/em>\u00b7\u00b7\u00b7\u00b7\u00b7\u00b7\u00b7\u00b7\u00b7\u00b7\u00b7\u00b7\u00b7\u00b7\u00b7\u00b7\u00b7\u00b7\u00b7\u00b7\u00b7\u00b7\u00b7\u00b7\u00b7\u00b7\u00b7\u00b7\u00b7\u00b7\u00b7\u00b7\u00b7\u00b7\u00b7\u00b7\u00b7\u00b7\u00b7\u00b7\u00b7\u00b7\u00b7\u00b7\u00b7\u00b7\u00b7\u00b7\u00b7\u00b7\u00b7\u00b7\u00b7\u00b7\u00b7\u00b7\u00b7\u00b7\u00b7\u00b7\u00b7\u00b7\u00b7\u00b7\u00b7\u00b7\u00b7\u00b7\u00b7\u00b7\u00b7\u00b7\u00b7\u00b7\u00b7\u00b7\u00b7\u00b7\u00b7\u00b7\u00b7\u00b7\u00b7\u00b7\u00b7\u00b7\u00b7\u00b7\u00b7\u00b7\u00b7\u00b7\u00b7\u00b7\u00b7\u00b7\u00b7\u00b7\u00b7\u00b7\u00b7\u00b7\u00b7\u00b7\u00b7\u00b7\u00b7\u00b7\u00b7\u00b7\u00b7\u00b7\u00b7\u00b7\u00b7\u00b7\u00b7\u00b7\u00b7\u00b7\u00b7\u00b7\u00b7\u00b7\u00b7\u00b7\u00b7\u00b7\u00b7\u00b7\u00b7\u00b7\u00b7\u00b7\u00b7\u00b7\u00b7\u00b7\u00b7\u00b7\u00b7\u00b7\u00b7\u00b7\u00b7\u00b7\u00b7\u00b7\u00b7\u00b7\u00b7\u00b7\u00b7\u00b7\u00b7\u00b7\u00b7\u00b7\u00b7\u00b7\u00b7\u00b7\u00b7\u00b7\u00b7<br \/>\nSamstag, 13. April 2019, 12:30 Uhr<br \/>\n<\/span><\/p>\n<div id=\"attachment_474\" style=\"width: 310px\" class=\"wp-caption alignleft\"><img loading=\"lazy\" decoding=\"async\" aria-describedby=\"caption-attachment-474\" class=\"size-medium wp-image-474\" src=\"https:\/\/www.braunschweig-entdecken.de\/wp-content\/uploads\/2017\/09\/2_IMG_2139_web-300x200.jpg\" alt=\"Mit der SegwayTour auf dem Altstadtmarkt Foto: Andreas Rudolph\" width=\"300\" height=\"200\" \/><p id=\"caption-attachment-474\" class=\"wp-caption-text\">Mit der SegwayTour auf dem Altstadtmarkt<br \/>Foto: Andreas Rudolph<\/p><\/div>\n<p><strong>Stadtf\u00fchrung mit dem Segway<br \/>\n<\/strong><\/p>\n<p>Historische Stadt mal ganz anders &#8211; mit dem Segway. Trauen Sie sich, versuchen Sie es mal und genie\u00dfen Sie das einmalige Gef\u00fchl, Segway zu fahren. Und quasi im Vorbeifahren lernen Sie Braunschweig von einer ganz anderen Seite kennen.<\/p>\n<p>Treffpunkt Steigenberger Parkhotel Braunschweig<br \/>\nDauer der Tour ca 2,5 Stunden<br \/>\nPreis 60,00 \u20ac (incl. Einweisung, Leihelm, Haftpflichtversicherung)<br \/>\nMindestalter 15 Jahre (gesetzlich vorgeschrieben)<br \/>\nmind. Mofa-Pr\u00fcfbescheinigung<br \/>\nK\u00f6rpergewicht 45 &#8211; 120 Kg<\/p>\n<p>F\u00fcr Gruppenbuchungen nach Verf\u00fcgbarkeit buchbar.<\/p>\n<p>In Kooperation mit 6-way\/Segtours Braunschweig<br \/>\n\u00b7\u00b7\u00b7\u00b7\u00b7\u00b7\u00b7\u00b7\u00b7\u00b7\u00b7\u00b7\u00b7\u00b7\u00b7\u00b7\u00b7\u00b7\u00b7\u00b7\u00b7\u00b7\u00b7\u00b7\u00b7\u00b7\u00b7\u00b7\u00b7\u00b7\u00b7\u00b7\u00b7\u00b7\u00b7\u00b7\u00b7\u00b7\u00b7\u00b7\u00b7\u00b7\u00b7\u00b7\u00b7\u00b7\u00b7\u00b7\u00b7\u00b7\u00b7\u00b7\u00b7\u00b7\u00b7\u00b7\u00b7\u00b7\u00b7\u00b7\u00b7\u00b7\u00b7\u00b7\u00b7\u00b7\u00b7\u00b7\u00b7\u00b7\u00b7\u00b7\u00b7\u00b7\u00b7\u00b7\u00b7\u00b7\u00b7\u00b7\u00b7\u00b7\u00b7\u00b7\u00b7\u00b7\u00b7\u00b7\u00b7\u00b7\u00b7\u00b7\u00b7\u00b7\u00b7\u00b7\u00b7\u00b7\u00b7\u00b7\u00b7\u00b7\u00b7\u00b7\u00b7\u00b7\u00b7\u00b7\u00b7\u00b7\u00b7\u00b7\u00b7\u00b7\u00b7\u00b7\u00b7\u00b7\u00b7\u00b7\u00b7\u00b7\u00b7\u00b7\u00b7\u00b7\u00b7\u00b7\u00b7\u00b7\u00b7\u00b7\u00b7\u00b7\u00b7\u00b7\u00b7\u00b7\u00b7\u00b7\u00b7\u00b7\u00b7\u00b7\u00b7\u00b7\u00b7\u00b7\u00b7\u00b7\u00b7\u00b7\u00b7\u00b7\u00b7\u00b7\u00b7\u00b7\u00b7\u00b7\u00b7\u00b7\u00b7\u00b7\u00b7<span class=\"ox-c44c07b7a9-s1\"><br \/>\n<\/span>Sonntag, 14. April 2019 um 14 Uhr<\/p>\n<div id=\"attachment_342\" style=\"width: 310px\" class=\"wp-caption alignleft\"><img loading=\"lazy\" decoding=\"async\" aria-describedby=\"caption-attachment-342\" class=\"size-medium wp-image-342\" src=\"https:\/\/www.braunschweig-entdecken.de\/wp-content\/uploads\/2017\/01\/Charles-Darwin-und-Yannick-300x201.jpg\" alt=\"Charles Darwin und Yannick (c) SNHM\/Anja Pr\u00f6hle\" width=\"300\" height=\"201\" srcset=\"https:\/\/www.braunschweig-entdecken.de\/wp-content\/uploads\/2017\/01\/Charles-Darwin-und-Yannick-300x201.jpg 300w, https:\/\/www.braunschweig-entdecken.de\/wp-content\/uploads\/2017\/01\/Charles-Darwin-und-Yannick-768x513.jpg 768w, https:\/\/www.braunschweig-entdecken.de\/wp-content\/uploads\/2017\/01\/Charles-Darwin-und-Yannick.jpg 793w\" sizes=\"auto, (max-width: 300px) 100vw, 300px\" \/><p id=\"caption-attachment-342\" class=\"wp-caption-text\">Charles Darwin und Yannick<br \/>(c) SNHM\/Anja Pr\u00f6hle<\/p><\/div>\n<p class=\"p1\"><strong>Auf den Spuren von Charles Darwin \u2013 zu Besuch im neuen Schaumagazin!<\/strong><\/p>\n<p>Auf den Spuren von Charles Darwin \u2013 zu Besuch im neuen Schaumagazin! Althergebrachtes Gedankengut wird im 19. Jahrhundert infrage gestellt und durch neue Theorien ersetzt. Der Sch\u00f6pfungsbericht im 1. Buch der Bibel ist fortan nicht mehr w\u00f6rtlich zu sehen\u2026 aber dennoch vielleicht gar nicht so weit von der Evolutionstheorie entfernt.<br \/>\nLassen Sie sich mit dieser Kost\u00fcmf\u00fchrung in die Zeit der Entdecker und Forscher entf\u00fchren. Charles Darwin l\u00e4sst die Geschichte wach werden und f\u00fchrt Sie zu einzigartigen Pr\u00e4paraten aus dem historischen Bestand unseres Museums, angereichert mit Anekdoten, Arbeitsweisen des vorletzten Jahrhunderts und manch einen Blick hinter die Kulissen.<\/p>\n<p>Lassen Sie sich \u00fcberraschen!<\/p>\n<p class=\"p1\"><em><span class=\"s1\">\u00d6ffentliche F\u00fchrung, Staatliches Naturhistorisches Museum, <span class=\"_Xbe\">Pockelsstra\u00dfe 10, Braunschweig<\/span><br \/>\n<\/span><span class=\"s1\">7,50 \u20ac zzgl. erm\u00e4\u00dfigter Eintritt (derzeit 3,- \u20ac)*<br \/>\n<\/span><\/em><\/p>\n<p class=\"p1\"><em> Diese F\u00fchrung kann auch zu<\/em> <em>anderen Terminen f\u00fcr private Veranstaltungen oder Firmenfeiern gebucht werden.<\/em><br \/>\n<em>75 \u20ac\/10 Personen \u2022 7,50 \u20ac jede weitere Person. Begrenzte Teilnehmerzahl ca. 15 Personen.<\/em><br \/>\n<em>Buchungen direkt im Staatlichen Naturhistorischen Museum, 0531 &#8211; 28892-12<\/em>*<\/p>\n<p><span class=\"s1\">* (c) <\/span><span class=\"ox-c44c07b7a9-s1\"><em><span class=\"s1\">Staatliches Naturhistorisches Museum<br \/>\n<\/span><\/em>\u00b7\u00b7\u00b7\u00b7\u00b7\u00b7\u00b7\u00b7\u00b7\u00b7\u00b7\u00b7\u00b7\u00b7\u00b7\u00b7\u00b7\u00b7\u00b7\u00b7\u00b7\u00b7\u00b7\u00b7\u00b7\u00b7\u00b7\u00b7\u00b7\u00b7\u00b7\u00b7\u00b7\u00b7\u00b7\u00b7\u00b7\u00b7\u00b7\u00b7\u00b7\u00b7\u00b7\u00b7\u00b7\u00b7\u00b7\u00b7\u00b7\u00b7\u00b7\u00b7\u00b7\u00b7\u00b7\u00b7\u00b7\u00b7\u00b7\u00b7\u00b7\u00b7\u00b7\u00b7\u00b7\u00b7\u00b7\u00b7\u00b7\u00b7\u00b7\u00b7\u00b7\u00b7\u00b7\u00b7\u00b7\u00b7\u00b7\u00b7\u00b7\u00b7\u00b7\u00b7\u00b7\u00b7\u00b7\u00b7\u00b7\u00b7\u00b7\u00b7\u00b7\u00b7\u00b7\u00b7\u00b7\u00b7\u00b7\u00b7\u00b7\u00b7\u00b7\u00b7\u00b7\u00b7\u00b7\u00b7\u00b7\u00b7\u00b7\u00b7\u00b7\u00b7\u00b7\u00b7\u00b7\u00b7\u00b7\u00b7\u00b7\u00b7\u00b7\u00b7\u00b7\u00b7\u00b7\u00b7\u00b7\u00b7\u00b7\u00b7\u00b7\u00b7\u00b7\u00b7\u00b7\u00b7\u00b7\u00b7\u00b7\u00b7\u00b7\u00b7\u00b7\u00b7\u00b7\u00b7\u00b7\u00b7\u00b7\u00b7\u00b7\u00b7\u00b7\u00b7\u00b7\u00b7\u00b7\u00b7\u00b7\u00b7\u00b7\u00b7\u00b7<br \/>\nDienstag, 23. April 2019<br \/>\n<\/span><\/p>\n<p><strong><img loading=\"lazy\" decoding=\"async\" class=\"size-medium wp-image-549 alignleft\" src=\"https:\/\/www.braunschweig-entdecken.de\/wp-content\/uploads\/2016\/11\/logo_kunst-kultur-reisen-300x96.png\" alt=\"logo_kunst-kultur-reisen\" width=\"300\" height=\"96\" srcset=\"https:\/\/www.braunschweig-entdecken.de\/wp-content\/uploads\/2016\/11\/logo_kunst-kultur-reisen-300x96.png 300w, https:\/\/www.braunschweig-entdecken.de\/wp-content\/uploads\/2016\/11\/logo_kunst-kultur-reisen-768x245.png 768w, https:\/\/www.braunschweig-entdecken.de\/wp-content\/uploads\/2016\/11\/logo_kunst-kultur-reisen-1024x326.png 1024w\" sizes=\"auto, (max-width: 300px) 100vw, 300px\" \/>Tagesfahrt nach Berlin zum Bundeskanzleramt<br \/>\n<\/strong><\/p>\n<p>Inhaltliche Informationen folgen.<\/p>\n<div class=\"n module-type-text diyfeLiveArea \">\n<p><strong>Leistungen:<\/strong> Busfahrt, Eintritt, F\u00fchrung, Wegzehrung<\/p>\n<p><strong>Preis:<\/strong> 84\u20ac pro Person<\/p>\n<p><strong>Anmeldung unter:<\/strong>\u00a0Tel.: 0531 \/ 618 00 07, unter Fax 0531 \/ 618 00 58,<\/p>\n<p>E-Mail:\u00a0<a href=\"mailto:lange@kunst-kultur-reisen.net\" target=\"_self\">lange@kunst-kultur-reisen.net<\/a><\/p>\n<\/div>\n<p><span class=\"ox-c44c07b7a9-s1\"><span class=\"s1\">(c) Kunst.Kultur.Reisen. Henning Lange<\/span><\/span><\/p>\n<p>\u00b7\u00b7\u00b7\u00b7\u00b7\u00b7\u00b7\u00b7\u00b7\u00b7\u00b7\u00b7\u00b7\u00b7\u00b7\u00b7\u00b7\u00b7\u00b7\u00b7\u00b7\u00b7\u00b7\u00b7\u00b7\u00b7\u00b7\u00b7\u00b7\u00b7\u00b7\u00b7\u00b7\u00b7\u00b7\u00b7\u00b7\u00b7\u00b7\u00b7\u00b7\u00b7\u00b7\u00b7\u00b7\u00b7\u00b7\u00b7\u00b7\u00b7\u00b7\u00b7\u00b7\u00b7\u00b7\u00b7\u00b7\u00b7\u00b7\u00b7\u00b7\u00b7\u00b7\u00b7\u00b7\u00b7\u00b7\u00b7\u00b7\u00b7\u00b7\u00b7\u00b7\u00b7\u00b7\u00b7\u00b7\u00b7\u00b7\u00b7\u00b7\u00b7\u00b7\u00b7\u00b7\u00b7\u00b7\u00b7\u00b7\u00b7\u00b7\u00b7\u00b7\u00b7\u00b7\u00b7\u00b7\u00b7\u00b7\u00b7\u00b7\u00b7\u00b7\u00b7\u00b7\u00b7\u00b7\u00b7\u00b7\u00b7\u00b7\u00b7\u00b7\u00b7\u00b7\u00b7\u00b7\u00b7\u00b7\u00b7\u00b7\u00b7\u00b7\u00b7\u00b7\u00b7\u00b7\u00b7\u00b7\u00b7\u00b7\u00b7\u00b7\u00b7\u00b7\u00b7\u00b7\u00b7\u00b7\u00b7\u00b7\u00b7\u00b7\u00b7\u00b7\u00b7\u00b7\u00b7\u00b7\u00b7\u00b7\u00b7\u00b7\u00b7\u00b7\u00b7\u00b7\u00b7\u00b7\u00b7\u00b7\u00b7\u00b7\u00b7\u00b7<span class=\"ox-c44c07b7a9-s1\"><br \/>\n<\/span><\/p>\n<p><span class=\"ox-c44c07b7a9-s1\">\u00a0<\/span><\/p>\n<div id=\"matrix_861984\" class=\"sortable-matrix\" data-matrixid=\"861984\"><\/div>\n","protected":false},"excerpt":{"rendered":"<p>Folgende F\u00fchrungen werden von mir im M\u00e4rz und April 2019 verantwortet und sind als \u00f6ffentliche F\u00fchrung mit Einzeltickets buchbar &nbsp; Freitag, 1. M\u00e4rz 2019 um 18 Uhr &#8211; Nachts im Museum! Ausgebucht. Taschenlampenf\u00fchrung f\u00fcr Kinder &#8211; Special zur Sonderausstellung &#8218;Revolution.Abdankung.Schloss.&#8216; &hellip; <a class=\"more-link\" href=\"https:\/\/www.braunschweig-entdecken.de\/?page_id=75\">Weiterlesen <span class=\"meta-nav\">&rarr;<\/span><\/a><\/p>\n","protected":false},"author":1,"featured_media":0,"parent":0,"menu_order":0,"comment_status":"closed","ping_status":"closed","template":"","meta":{"footnotes":""},"class_list":["post-75","page","type-page","status-publish","hentry"],"aioseo_notices":[],"_links":{"self":[{"href":"https:\/\/www.braunschweig-entdecken.de\/index.php?rest_route=\/wp\/v2\/pages\/75","targetHints":{"allow":["GET"]}}],"collection":[{"href":"https:\/\/www.braunschweig-entdecken.de\/index.php?rest_route=\/wp\/v2\/pages"}],"about":[{"href":"https:\/\/www.braunschweig-entdecken.de\/index.php?rest_route=\/wp\/v2\/types\/page"}],"author":[{"embeddable":true,"href":"https:\/\/www.braunschweig-entdecken.de\/index.php?rest_route=\/wp\/v2\/users\/1"}],"replies":[{"embeddable":true,"href":"https:\/\/www.braunschweig-entdecken.de\/index.php?rest_route=%2Fwp%2Fv2%2Fcomments&post=75"}],"version-history":[{"count":146,"href":"https:\/\/www.braunschweig-entdecken.de\/index.php?rest_route=\/wp\/v2\/pages\/75\/revisions"}],"predecessor-version":[{"id":660,"href":"https:\/\/www.braunschweig-entdecken.de\/index.php?rest_route=\/wp\/v2\/pages\/75\/revisions\/660"}],"wp:attachment":[{"href":"https:\/\/www.braunschweig-entdecken.de\/index.php?rest_route=%2Fwp%2Fv2%2Fmedia&parent=75"}],"curies":[{"name":"wp","href":"https:\/\/api.w.org\/{rel}","templated":true}]}}