{"id":85,"date":"2016-11-18T15:04:17","date_gmt":"2016-11-18T14:04:17","guid":{"rendered":"https:\/\/www.braunschweig-entdecken.de\/?page_id=85"},"modified":"2019-03-26T22:52:44","modified_gmt":"2019-03-26T21:52:44","slug":"archiv","status":"publish","type":"page","link":"https:\/\/www.braunschweig-entdecken.de\/?page_id=85","title":{"rendered":"Archiv"},"content":{"rendered":"<h4 class=\"p1\" style=\"text-align: left;\">Vergangene F\u00fchrungen<\/h4>\n<p><span class=\"ox-c44c07b7a9-s1\">Nachts im Museum! &#8211; Special im Schlossmuseum<br \/>\n<\/span><\/p>\n<div id=\"attachment_629\" style=\"width: 310px\" class=\"wp-caption alignleft\"><img loading=\"lazy\" decoding=\"async\" aria-describedby=\"caption-attachment-629\" class=\"size-medium wp-image-629\" src=\"https:\/\/www.braunschweig-entdecken.de\/wp-content\/uploads\/2019\/01\/DSC_9010_bearbeitet-300x200.jpg\" alt=\"Blicken der Arbeiterf\u00fchrer August Merges und Herzog Ernst August in die gleiche Richtung? (c) Victoria Heyer\" width=\"300\" height=\"200\" \/><p id=\"caption-attachment-629\" class=\"wp-caption-text\">Blicken der Arbeiterf\u00fchrer August Merges und Herzog Ernst August in die gleiche Richtung?<br \/>(c) Victoria Heyer<\/p><\/div>\n<p><strong>Taschenlampenf\u00fchrung f\u00fcr die Gro\u00dfen! &#8211; Special zur Sonderausstellung &#8218;Revolution.Abdankung.Schloss.&#8216;<br \/>\n<\/strong><\/p>\n<p>Auch Erwachsene k\u00f6nnen mit dieser Special-F\u00fchrung noch mal einen ganz neuen Blick auf die November-Revolution 1918 werfen. Im Lichtkegel einer Taschenlampe gibt es viel zu entdecken in der aktuellen Sonderausstellung des Schlossmuseums: Bis vor 100 Jahren wohnte die Herzogsfamilie im Schloss, dann regierten Arbeiter und Soldaten und der Herzog musste gehen!<\/p>\n<p>Kinder und Jugendliche bis 15 Jahre zahlen keinen Eintritt! Erwachsene 5\u20ac p.P., zzgl. 4\u20ac Eintritt*<\/p>\n<p>Dauer: ca. 1 Stunde<\/p>\n<p>*(c) Schlossmuseum Braunschweig<\/p>\n<p>\u00b7\u00b7\u00b7\u00b7\u00b7\u00b7\u00b7\u00b7\u00b7\u00b7\u00b7\u00b7\u00b7\u00b7\u00b7\u00b7\u00b7\u00b7\u00b7\u00b7\u00b7\u00b7\u00b7\u00b7\u00b7\u00b7\u00b7\u00b7\u00b7\u00b7\u00b7\u00b7\u00b7\u00b7\u00b7\u00b7\u00b7\u00b7\u00b7\u00b7\u00b7\u00b7\u00b7\u00b7\u00b7\u00b7\u00b7\u00b7\u00b7\u00b7\u00b7\u00b7\u00b7\u00b7\u00b7\u00b7\u00b7\u00b7\u00b7\u00b7\u00b7\u00b7\u00b7\u00b7\u00b7\u00b7\u00b7\u00b7\u00b7\u00b7\u00b7\u00b7\u00b7\u00b7\u00b7\u00b7\u00b7\u00b7\u00b7\u00b7\u00b7\u00b7\u00b7\u00b7\u00b7\u00b7\u00b7\u00b7\u00b7\u00b7\u00b7\u00b7\u00b7\u00b7\u00b7\u00b7\u00b7\u00b7\u00b7\u00b7\u00b7\u00b7\u00b7\u00b7\u00b7\u00b7\u00b7\u00b7\u00b7\u00b7\u00b7\u00b7\u00b7\u00b7\u00b7\u00b7\u00b7\u00b7\u00b7\u00b7\u00b7\u00b7\u00b7\u00b7\u00b7\u00b7\u00b7\u00b7\u00b7\u00b7\u00b7\u00b7\u00b7\u00b7\u00b7\u00b7\u00b7\u00b7\u00b7\u00b7\u00b7\u00b7\u00b7\u00b7\u00b7\u00b7\u00b7\u00b7\u00b7\u00b7\u00b7\u00b7\u00b7\u00b7\u00b7\u00b7\u00b7\u00b7\u00b7\u00b7\u00b7\u00b7\u00b7\u00b7\u00b7<br \/>\n<span class=\"ox-c44c07b7a9-s1\">Regelm\u00e4ssig im Programm<br \/>\n<\/span><\/p>\n<div id=\"attachment_603\" style=\"width: 310px\" class=\"wp-caption alignleft\"><img loading=\"lazy\" decoding=\"async\" aria-describedby=\"caption-attachment-603\" class=\"size-medium wp-image-603\" src=\"https:\/\/www.braunschweig-entdecken.de\/wp-content\/uploads\/2018\/10\/197.-Quad.-fert.-23.10.08-300x225.jpg\" alt=\"Quadriga (c) Museum Residenzschloss Braunschweig\" width=\"300\" height=\"225\" \/><p id=\"caption-attachment-603\" class=\"wp-caption-text\">Quadriga<br \/>(c) Museum Residenzschloss Braunschweig<\/p><\/div>\n<p><strong>F\u00fchrung zur Quadriga<br \/>\n<\/strong><\/p>\n<p>Die Stiftung Residenzschloss Braunschweig bietet \u00f6ffentliche F\u00fchrungen zum Thema &#8222;Schloss, Quadriga und Braunschweig von oben&#8220; an. Von der Besucherplattform erschlie\u00dft sich die Figurengruppe aus n\u00e4chster N\u00e4he &#8211; und die Architektur und Geschichte des Residenzschlosses sowie der markantesten T\u00fcrme und Geb\u00e4ude der Stadt \u201eim \u00dcberblick\u201c. In diesem Jahr feiert die 3. Braunschweiger Quadriga ihr 10 j\u00e4hriges Bestehen!<\/p>\n<p>3,00 \u20ac pro Person zzgl. 2,00 \u20ac Eintritt<br \/>\n\u00b7\u00b7\u00b7\u00b7\u00b7\u00b7\u00b7\u00b7\u00b7\u00b7\u00b7\u00b7\u00b7\u00b7\u00b7\u00b7\u00b7\u00b7\u00b7\u00b7\u00b7\u00b7\u00b7\u00b7\u00b7\u00b7\u00b7\u00b7\u00b7\u00b7\u00b7\u00b7\u00b7\u00b7\u00b7\u00b7\u00b7\u00b7\u00b7\u00b7\u00b7\u00b7\u00b7\u00b7\u00b7\u00b7\u00b7\u00b7\u00b7\u00b7\u00b7\u00b7\u00b7\u00b7\u00b7\u00b7\u00b7\u00b7\u00b7\u00b7\u00b7\u00b7\u00b7\u00b7\u00b7\u00b7\u00b7\u00b7\u00b7\u00b7\u00b7\u00b7\u00b7\u00b7\u00b7\u00b7\u00b7\u00b7\u00b7\u00b7\u00b7\u00b7\u00b7\u00b7\u00b7\u00b7\u00b7\u00b7\u00b7\u00b7\u00b7\u00b7\u00b7\u00b7\u00b7\u00b7\u00b7\u00b7\u00b7\u00b7\u00b7\u00b7\u00b7\u00b7\u00b7\u00b7\u00b7\u00b7\u00b7\u00b7\u00b7\u00b7\u00b7\u00b7\u00b7\u00b7\u00b7\u00b7\u00b7\u00b7\u00b7\u00b7\u00b7\u00b7\u00b7\u00b7\u00b7\u00b7\u00b7\u00b7\u00b7\u00b7\u00b7\u00b7\u00b7\u00b7\u00b7\u00b7\u00b7\u00b7\u00b7\u00b7\u00b7\u00b7\u00b7\u00b7\u00b7\u00b7\u00b7\u00b7\u00b7\u00b7\u00b7\u00b7\u00b7\u00b7\u00b7\u00b7\u00b7\u00b7\u00b7\u00b7\u00b7\u00b7\u00b7<br \/>\nIn den gro\u00dfen Ferien im Programm des Schlossmuseums<\/p>\n<div id=\"attachment_598\" style=\"width: 310px\" class=\"wp-caption alignleft\"><img loading=\"lazy\" decoding=\"async\" aria-describedby=\"caption-attachment-598\" class=\"size-medium wp-image-598\" src=\"https:\/\/www.braunschweig-entdecken.de\/wp-content\/uploads\/2018\/10\/161123-SMB-227_WEB-300x200.jpg\" alt=\"Schlossmuseum Braunschweig, Foto: Moritz K\u00fcstner\" width=\"300\" height=\"200\" \/><p id=\"caption-attachment-598\" class=\"wp-caption-text\">Schlossmuseum Braunschweig, Foto: Moritz K\u00fcstner<\/p><\/div>\n<p><strong>Kinderferienprogramm im Schlossmuseum<br \/>\n<\/strong><\/p>\n<p>Mit Kinder gehen wir auf Entdeckungsreise in die Geschichte des Residenzschlosses und der Bewohner. Mit Spannung tauchen wir ein in alte Zeiten und regen die Phantasie unserer kleinen G\u00e4ste an. Wer hat hier gelebt und was hat man hier getan? Warum haben wir einen Thronsaal aber keine Krone?<\/p>\n<p class=\"p1\"><em><span class=\"s1\">\u00d6ffentliche F\u00fchrung f\u00fcr Kinder <\/span><\/em><\/p>\n<p><em> Diese F\u00fchrung kann auch zu<\/em> <em>anderen Terminen zum Beispiel f\u00fcr Kindergeburtstage gebucht werden.<\/em> <em>Lassen Sie sich ein Angebot machen.<\/em><span class=\"ox-c44c07b7a9-s1\"><em><span class=\"s1\"><br \/>\n<\/span><\/em>\u00b7\u00b7\u00b7\u00b7\u00b7\u00b7\u00b7\u00b7\u00b7\u00b7\u00b7\u00b7\u00b7\u00b7\u00b7\u00b7\u00b7\u00b7\u00b7\u00b7\u00b7\u00b7\u00b7\u00b7\u00b7\u00b7\u00b7\u00b7\u00b7\u00b7\u00b7\u00b7\u00b7\u00b7\u00b7\u00b7\u00b7\u00b7\u00b7\u00b7\u00b7\u00b7\u00b7\u00b7\u00b7\u00b7\u00b7\u00b7\u00b7\u00b7\u00b7\u00b7\u00b7\u00b7\u00b7\u00b7\u00b7\u00b7\u00b7\u00b7\u00b7\u00b7\u00b7\u00b7\u00b7\u00b7\u00b7\u00b7\u00b7\u00b7\u00b7\u00b7\u00b7\u00b7\u00b7\u00b7\u00b7\u00b7\u00b7\u00b7\u00b7\u00b7\u00b7\u00b7\u00b7\u00b7\u00b7\u00b7\u00b7\u00b7\u00b7\u00b7\u00b7\u00b7\u00b7\u00b7\u00b7\u00b7\u00b7\u00b7\u00b7\u00b7\u00b7\u00b7\u00b7\u00b7\u00b7\u00b7\u00b7\u00b7\u00b7\u00b7\u00b7\u00b7\u00b7\u00b7\u00b7\u00b7\u00b7\u00b7\u00b7\u00b7\u00b7\u00b7\u00b7\u00b7\u00b7\u00b7\u00b7\u00b7\u00b7\u00b7\u00b7\u00b7\u00b7\u00b7\u00b7\u00b7\u00b7\u00b7\u00b7\u00b7\u00b7\u00b7\u00b7\u00b7\u00b7\u00b7\u00b7\u00b7\u00b7\u00b7\u00b7\u00b7\u00b7\u00b7\u00b7\u00b7\u00b7\u00b7\u00b7\u00b7\u00b7\u00b7\u00b7<br \/>\n<\/span>\u00d6ffentliche F\u00fchrungen mehrfach im Jahr; jederzeit f\u00fcr Gruppen buchbar.<\/p>\n<div id=\"attachment_606\" style=\"width: 310px\" class=\"wp-caption alignleft\"><img loading=\"lazy\" decoding=\"async\" aria-describedby=\"caption-attachment-606\" class=\"size-medium wp-image-606\" src=\"https:\/\/www.braunschweig-entdecken.de\/wp-content\/uploads\/2016\/11\/Freitreppe-und-Halle-c-Landgericht-300x196.jpg\" alt=\"Eingangshalle\/Treppenhaus (c) Landgericht Braunschweig\" width=\"300\" height=\"196\" srcset=\"https:\/\/www.braunschweig-entdecken.de\/wp-content\/uploads\/2016\/11\/Freitreppe-und-Halle-c-Landgericht-300x196.jpg 300w, https:\/\/www.braunschweig-entdecken.de\/wp-content\/uploads\/2016\/11\/Freitreppe-und-Halle-c-Landgericht.jpg 460w\" sizes=\"auto, (max-width: 300px) 100vw, 300px\" \/><p id=\"caption-attachment-606\" class=\"wp-caption-text\">Eingangshalle\/Treppenhaus<br \/>(c) Landgericht Braunschweig<\/p><\/div>\n<div class=\"boxBg\">\n<div class=\"boxContent\">\n<p><strong>Im Namen des Volkes\u2026<\/strong><\/p>\n<p>So werden Urteile gef\u00e4llt. Aber was hei\u00dft das? War das \u201aschon immer\u2018 so? Warum werden Urteile gef\u00e4llt? Haben Sie sich schon mal gefragt, wie es hinter diesen altehrw\u00fcrdigen Mauern aussieht? Viele Fragen um die dritte Gewalt in unserem Rechtsstaat gibt es.<\/p>\n<p>Jura ist viel spannender als viele denken. Lassen Sie sich einladen ins Landgericht an der M\u00fcnzstra\u00dfe. Erleben Sie interessante Einblicke in den Alltag bei Gericht und riskieren Sie einen spannenden Blick in die lange und auch wechselvolle Geschichte von Institution und historischem Geb\u00e4ude.<\/p>\n<p>Eine F\u00fchrung f\u00fcr Familien und Firmenanl\u00e4sse \u2013 zu Geburtstagen, Weihnachtsfeiern, Jubil\u00e4en. Preis 80,00\u20ac\/10 Personen, jede weitere Person 8,00 \u20ac.<br \/>\nLassen Sie sich ein Angebot unterbreiten.<br \/>\n<span class=\"ox-c44c07b7a9-s1\">\u00b7\u00b7\u00b7\u00b7\u00b7\u00b7\u00b7\u00b7\u00b7\u00b7\u00b7\u00b7\u00b7\u00b7\u00b7\u00b7\u00b7\u00b7\u00b7\u00b7\u00b7\u00b7\u00b7\u00b7\u00b7\u00b7\u00b7\u00b7\u00b7\u00b7\u00b7\u00b7\u00b7\u00b7\u00b7\u00b7\u00b7\u00b7\u00b7\u00b7\u00b7\u00b7\u00b7\u00b7\u00b7\u00b7\u00b7\u00b7\u00b7\u00b7\u00b7\u00b7\u00b7\u00b7\u00b7\u00b7\u00b7\u00b7\u00b7\u00b7\u00b7\u00b7\u00b7\u00b7\u00b7\u00b7\u00b7\u00b7\u00b7\u00b7\u00b7\u00b7\u00b7\u00b7\u00b7\u00b7\u00b7\u00b7\u00b7\u00b7\u00b7\u00b7\u00b7\u00b7\u00b7\u00b7\u00b7\u00b7\u00b7\u00b7\u00b7\u00b7\u00b7\u00b7\u00b7\u00b7\u00b7\u00b7\u00b7\u00b7\u00b7\u00b7\u00b7\u00b7\u00b7\u00b7\u00b7\u00b7\u00b7\u00b7\u00b7\u00b7\u00b7\u00b7\u00b7\u00b7\u00b7\u00b7\u00b7\u00b7\u00b7\u00b7\u00b7\u00b7\u00b7\u00b7\u00b7\u00b7\u00b7\u00b7\u00b7\u00b7\u00b7\u00b7\u00b7\u00b7\u00b7\u00b7\u00b7\u00b7\u00b7\u00b7\u00b7\u00b7\u00b7\u00b7\u00b7\u00b7\u00b7\u00b7\u00b7\u00b7\u00b7\u00b7\u00b7\u00b7\u00b7\u00b7\u00b7\u00b7\u00b7\u00b7\u00b7\u00b7\u00b7<br \/>\n<\/span>Zum 250. Geburtstag von Prinzessin Caroline im Mai 2018<\/p>\n<\/div>\n<\/div>\n<div id=\"attachment_611\" style=\"width: 310px\" class=\"wp-caption alignleft\"><img loading=\"lazy\" decoding=\"async\" aria-describedby=\"caption-attachment-611\" class=\"size-medium wp-image-611\" src=\"https:\/\/www.braunschweig-entdecken.de\/wp-content\/uploads\/2018\/11\/IMG_0488-300x200.jpg\" alt=\"Geburtstagsfeier von Prinzessin Caroline (c) Andreas Rudolph Photography\" width=\"300\" height=\"200\" \/><p id=\"caption-attachment-611\" class=\"wp-caption-text\">Geburtstagsfeier von Prinzessin Caroline<br \/>(c) Andreas Rudolph Photography<\/p><\/div>\n<div class=\"boxBg\">\n<div class=\"boxContent\">\n<p><strong>Ein Nachmittag mit Herzog Carl Wilhelm Ferdinand zu Ehren des Geburtstages seiner durchlauchtigsten Tochter Caroline, der ungekr\u00f6nten K\u00f6nigin von Gro\u00dfbritannien und Irland, Hannover und Regentin von Braunschweig <\/strong><\/p>\n<p>Freuen Sie sich auf eine F\u00fchrung im sonst geschlossenem Schloss Richmond &#8211; auf den Spuren der Familienbande. Dazu begr\u00fc\u00dft Sie der Hausherr Herzog Carl Wilhelm Ferdinad h\u00f6chst pers\u00f6nlich.<\/p>\n<p>Im Anschluss folgt ein Spaziergang durch den ersten englischen Landschaftspark Kontinetal-Europas. aus erster Hand erz\u00e4hlt Sir Lancelot Brown, der diesen Park in Braunschweig von London aus gestaltet hat.<\/p>\n<p>Abschluss findet dieser Nachmittag am Spielmannsteich mit dem Rundtempel und einem englischen Picknick. Dazu gibt es englische Musik eines Dudelsackspielers.<\/p>\n<p>14. Mai 2018 &#8211; 14:00 Uhr &#8211; Schloss Richmond, Wolfenb\u00fctteler Str. 55, Braunschweig<br \/>\n<span class=\"ox-c44c07b7a9-s1\">\u00b7\u00b7\u00b7\u00b7\u00b7\u00b7\u00b7\u00b7\u00b7\u00b7\u00b7\u00b7\u00b7\u00b7\u00b7\u00b7\u00b7\u00b7\u00b7\u00b7\u00b7\u00b7\u00b7\u00b7\u00b7\u00b7\u00b7\u00b7\u00b7\u00b7\u00b7\u00b7\u00b7\u00b7\u00b7\u00b7\u00b7\u00b7\u00b7\u00b7\u00b7\u00b7\u00b7\u00b7\u00b7\u00b7\u00b7\u00b7\u00b7\u00b7\u00b7\u00b7\u00b7\u00b7\u00b7\u00b7\u00b7\u00b7\u00b7\u00b7\u00b7\u00b7\u00b7\u00b7\u00b7\u00b7\u00b7\u00b7\u00b7\u00b7\u00b7\u00b7\u00b7\u00b7\u00b7\u00b7\u00b7\u00b7\u00b7\u00b7\u00b7\u00b7\u00b7\u00b7\u00b7\u00b7\u00b7\u00b7\u00b7\u00b7\u00b7\u00b7\u00b7\u00b7\u00b7\u00b7\u00b7\u00b7\u00b7\u00b7\u00b7\u00b7\u00b7\u00b7\u00b7\u00b7\u00b7\u00b7\u00b7\u00b7\u00b7\u00b7\u00b7\u00b7\u00b7\u00b7\u00b7\u00b7\u00b7\u00b7\u00b7\u00b7\u00b7\u00b7\u00b7\u00b7\u00b7\u00b7\u00b7\u00b7\u00b7\u00b7\u00b7\u00b7\u00b7\u00b7\u00b7\u00b7\u00b7\u00b7\u00b7\u00b7\u00b7\u00b7\u00b7\u00b7\u00b7\u00b7\u00b7\u00b7\u00b7\u00b7\u00b7\u00b7\u00b7\u00b7\u00b7\u00b7\u00b7\u00b7\u00b7\u00b7\u00b7\u00b7\u00b7<br \/>\n<\/span>Regelm\u00e4ssig ganzt\u00e4gig im neuen Kindermuseum<\/p>\n<\/div>\n<\/div>\n<div id=\"attachment_458\" style=\"width: 310px\" class=\"wp-caption alignleft\"><img loading=\"lazy\" decoding=\"async\" aria-describedby=\"caption-attachment-458\" class=\"size-medium wp-image-458\" src=\"https:\/\/www.braunschweig-entdecken.de\/wp-content\/uploads\/2016\/11\/Das-Kindermuseum-300x200.jpg\" alt=\"Im Kindermuseum Foto: BLM\/Anja Pr\u00f6hle\" width=\"300\" height=\"200\" srcset=\"https:\/\/www.braunschweig-entdecken.de\/wp-content\/uploads\/2016\/11\/Das-Kindermuseum-300x200.jpg 300w, https:\/\/www.braunschweig-entdecken.de\/wp-content\/uploads\/2016\/11\/Das-Kindermuseum.jpg 500w\" sizes=\"auto, (max-width: 300px) 100vw, 300px\" \/><p id=\"caption-attachment-458\" class=\"wp-caption-text\">Im Kindermuseum<br \/>Foto: BLM\/Anja Pr\u00f6hle<\/p><\/div>\n<p><strong>Das Kindermuseum<\/strong><\/p>\n<p>Im Kindermuseum k\u00f6nnen junge Besucherinnen und Besucher in die Welt des 16. Jahrhunderts und somit die Zeit der Seefahrer, Erfinder und Forscher reisen. Acht verschiedene Themenr\u00e4ume laden zur Entdeckungstour ein.<\/p>\n<p>Auf einem gro\u00dfen Kletter-Holzschiff k\u00f6nnen Kinder verschiedene Landkarten kennen lernen und sich unter einem Sternenhimmel in der Navigation erproben. Auf dem Marktplatz k\u00f6nnen sie Waren aus der neuen Welt erkennen, Fachwerkh\u00e4user zusammenstecken und den Flaschenzug ausprobieren. In der Malerwerkstatt und in der Buchdruckerei ist Kreativit\u00e4t gefragt: Hier k\u00f6nnen junge Besucherinnen und Besucher Cranachs Lutherbild nachmalen und mit Buchstaben eigene Texte drucken. An weiteren Spielstationen k\u00f6nnen Kinder eine Ritterr\u00fcstung anprobieren und einige Rezepte aus dem Sp\u00e4tmittelalter kennenlernen. Au\u00dferdem gibt es die M\u00f6glichkeit, auf Pl\u00fcschpferden Post auszutragen und um die Wette zu reiten.<\/p>\n<p><strong>Eintritt<br \/>\n<\/strong>Erwachsene 9\u20ac \/ erm\u00e4\u00dfigt 7 \u20ac<br \/>\nKinder (6 &#8211; 18 Jahre) 4 \u20ac<br \/>\nFreier Eintritt f\u00fcr Kinder bis 5 Jahre<br \/>\nFamilienkarte 1 (1 Erwachsener + max. 3 Kinder): 11 \u20ac<br \/>\nFamilienkarte 2 (2 Erwachsene + max. 3 Kinder): 18 \u20ac<\/p>\n<p>Weitere Informationen unter www.3landesmuseen.de<br \/>\n<span class=\"ox-c44c07b7a9-s1\">\u00b7\u00b7\u00b7\u00b7\u00b7\u00b7\u00b7\u00b7\u00b7\u00b7\u00b7\u00b7\u00b7\u00b7\u00b7\u00b7\u00b7\u00b7\u00b7\u00b7\u00b7\u00b7\u00b7\u00b7\u00b7\u00b7\u00b7\u00b7\u00b7\u00b7\u00b7\u00b7\u00b7\u00b7\u00b7\u00b7\u00b7\u00b7\u00b7\u00b7\u00b7\u00b7\u00b7\u00b7\u00b7\u00b7\u00b7\u00b7\u00b7\u00b7\u00b7\u00b7\u00b7\u00b7\u00b7\u00b7\u00b7\u00b7\u00b7\u00b7\u00b7\u00b7\u00b7\u00b7\u00b7\u00b7\u00b7\u00b7\u00b7\u00b7\u00b7\u00b7\u00b7\u00b7\u00b7\u00b7\u00b7\u00b7\u00b7\u00b7\u00b7\u00b7\u00b7\u00b7\u00b7\u00b7\u00b7\u00b7\u00b7\u00b7\u00b7\u00b7\u00b7\u00b7\u00b7\u00b7\u00b7\u00b7\u00b7\u00b7\u00b7\u00b7\u00b7\u00b7\u00b7\u00b7\u00b7\u00b7\u00b7\u00b7\u00b7\u00b7\u00b7\u00b7\u00b7\u00b7\u00b7\u00b7\u00b7\u00b7\u00b7\u00b7\u00b7\u00b7\u00b7\u00b7\u00b7\u00b7\u00b7\u00b7\u00b7\u00b7\u00b7\u00b7\u00b7\u00b7\u00b7\u00b7\u00b7\u00b7\u00b7\u00b7\u00b7\u00b7\u00b7\u00b7\u00b7\u00b7\u00b7\u00b7\u00b7\u00b7\u00b7\u00b7\u00b7\u00b7\u00b7\u00b7\u00b7\u00b7\u00b7\u00b7\u00b7\u00b7\u00b7<br \/>\n<\/span>Dienstag um 18 Uhr an 3 Abenden in der Sonderausstellung: <strong>Adam\u00b4s Abend in der Sonderausstellung&#8230;<\/strong><\/p>\n<div id=\"attachment_576\" style=\"width: 310px\" class=\"wp-caption alignleft\"><img loading=\"lazy\" decoding=\"async\" aria-describedby=\"caption-attachment-576\" class=\"size-medium wp-image-576\" src=\"https:\/\/www.braunschweig-entdecken.de\/wp-content\/uploads\/2018\/03\/Eva_Friseursalon.506x343_06-300x203.jpg\" alt=\"Blick in die Ausstellung: Eva Friseursalon (c) Anja Pr\u00f6hle, BLM\" width=\"300\" height=\"203\" srcset=\"https:\/\/www.braunschweig-entdecken.de\/wp-content\/uploads\/2018\/03\/Eva_Friseursalon.506x343_06-300x203.jpg 300w, https:\/\/www.braunschweig-entdecken.de\/wp-content\/uploads\/2018\/03\/Eva_Friseursalon.506x343_06.jpg 506w\" sizes=\"auto, (max-width: 300px) 100vw, 300px\" \/><p id=\"caption-attachment-576\" class=\"wp-caption-text\">Blick in die Ausstellung: Eva Friseursalon<br \/>(c) Anja Pr\u00f6hle, BLM<\/p><\/div>\n<p><strong>Eva&#8217;s Beauty Case &amp; Adam&#8217;s Necessaire. <\/strong><br \/>\n<strong>Schmuck und Styling im Spiegel der Zeiten<\/strong><\/p>\n<div>\n<p>In dieser Spezialf\u00fchrung durch die Sonderausstellung steht die Frage, was Sch\u00f6nheit f\u00fcr IHN bedeutet, im Mittelpunkt. Es geht um die historische Entwicklung des (m\u00e4nnlichen) Stylings \u2013 von Barttassen \u00fcber Parfums bis hin zu Per\u00fccken. Was hat sich im Laufe der Jahrtausende \u00a0ver\u00e4ndert und was nicht? Und \u00fcber den Tellerrand geschaut: Wie sieht es mit der (m\u00e4nnlichen) Sch\u00f6nheit im Tierreich aus?<\/p>\n<p>Im Anschluss bietet sich die M\u00f6glichkeit, den Abend bei einem Imbiss ausklingen zu lassen.<\/p>\n<p><strong>Eintritt zur Sonderf\u00fchrung:<\/strong> 12 \u20ac, incl. Imbiss im Anschluss an die F\u00fchrung.<\/p>\n<\/div>\n<p>Zur Ausstellung allgemein: Was ist Sch\u00f6nheit? Diese Frage besch\u00e4ftigt Menschen bereits seit Urzeiten. Die Sonderschau greift diese epochen- und auch kultur\u00fcbergreifende Thematik auf und zeigt anhand diverser Kostbarkeiten aus &#8222;Eva&#8217;s Beauty Case&#8220;, wie vielf\u00e4ltig eine Definition von Sch\u00f6nheit ausfallen kann. Objekte aus der Steinzeit reihen sich an Zeugnisse der Gegenwart und veranschaulichen zum einen den Wandel von Sch\u00f6nheitsidealen und zum anderen die Kontinuit\u00e4t bestimmter Vorstellungen.<\/p>\n<p>Schmuck aller Art, aber auch die verschiedensten Utensilien und Anwendungen, die unseren K\u00f6rpern zu mehr Sch\u00f6nheit verhelfen sollen, stehen im Zentrum der in Kooperation mit dem LVR-Landesmuseum Bonn entstandenen Ausstellung. Besucherinnen und Besucher k\u00f6nnen kostbare Schmuckst\u00fccke, aufregende Frisuren oder extravagante Parfums erleben.\u00a0An Medien- und Hands-On-Stationen k\u00f6nnen sie sich beispielsweise virtuell in Nofretete, eine Adelige des 19. Jahrhunderts oder den Neandertaler\u00a0verwandeln.<\/p>\n<p><strong>Eintritt<br \/>\n<\/strong><\/p>\n<p>Erwachsene 7 \u20ac \/ erm\u00e4\u00dfigt 5 \u20ac<br \/>\nKinder \/Jugendliche (6-17 Jahre) 3 \u20ac<br \/>\nFreier Eintritt f\u00fcr Kinder bis 5 Jahre<br \/>\nFamilienkarte I (1 Erwachsener + max. 3 Kinder): 10 \u20ac<br \/>\nFamilienkarte II (2 Erwachsener + max. 3 Kinder): 14 \u20ac<\/p>\n<p>Weitere Informationen unter www.3landesmuseen.de<br \/>\n<span class=\"ox-c44c07b7a9-s1\">\u00b7\u00b7\u00b7\u00b7\u00b7\u00b7\u00b7\u00b7\u00b7\u00b7\u00b7\u00b7\u00b7\u00b7\u00b7\u00b7\u00b7\u00b7\u00b7\u00b7\u00b7\u00b7\u00b7\u00b7\u00b7\u00b7\u00b7\u00b7\u00b7\u00b7\u00b7\u00b7\u00b7\u00b7\u00b7\u00b7\u00b7\u00b7\u00b7\u00b7\u00b7\u00b7\u00b7\u00b7\u00b7\u00b7\u00b7\u00b7\u00b7\u00b7\u00b7\u00b7\u00b7\u00b7\u00b7\u00b7\u00b7\u00b7\u00b7\u00b7\u00b7\u00b7\u00b7\u00b7\u00b7\u00b7\u00b7\u00b7\u00b7\u00b7\u00b7\u00b7\u00b7\u00b7\u00b7\u00b7\u00b7\u00b7\u00b7\u00b7\u00b7\u00b7\u00b7\u00b7\u00b7\u00b7\u00b7\u00b7\u00b7\u00b7\u00b7\u00b7\u00b7\u00b7\u00b7\u00b7\u00b7\u00b7\u00b7\u00b7\u00b7\u00b7\u00b7\u00b7\u00b7\u00b7\u00b7\u00b7\u00b7\u00b7\u00b7\u00b7\u00b7\u00b7\u00b7\u00b7\u00b7\u00b7\u00b7\u00b7\u00b7\u00b7\u00b7\u00b7\u00b7\u00b7\u00b7\u00b7\u00b7\u00b7\u00b7\u00b7\u00b7\u00b7\u00b7\u00b7\u00b7\u00b7\u00b7\u00b7\u00b7\u00b7\u00b7\u00b7\u00b7\u00b7\u00b7\u00b7\u00b7\u00b7\u00b7\u00b7\u00b7\u00b7\u00b7\u00b7\u00b7\u00b7\u00b7\u00b7\u00b7\u00b7\u00b7\u00b7<br \/>\n<\/span>Mittwoch, 21. Februar 2018<\/p>\n<div id=\"attachment_528\" style=\"width: 310px\" class=\"wp-caption alignleft\"><img loading=\"lazy\" decoding=\"async\" aria-describedby=\"caption-attachment-528\" class=\"size-medium wp-image-528\" src=\"https:\/\/www.braunschweig-entdecken.de\/wp-content\/uploads\/2018\/01\/Elbphilharmonie_KKR-300x192.jpg\" alt=\"Hamburg, Elbphilharmonie Foto: Elbphilharmonie (c) Maxim Schulz\" width=\"300\" height=\"192\" \/><p id=\"caption-attachment-528\" class=\"wp-caption-text\">Hamburg, Elbphilharmonie<br \/>Foto: Elbphilharmonie (c) Maxim Schulz<\/p><\/div>\n<p><strong>Kunst.Kultur.Reisen ist ein neuer Kooperationspartner, mit dem ich ab 2018 als Reiseleiter Ein- und Mehrtagesfahrten unternehmen werde. Lassen Sie sich einladen zu Zielen in Nah und Fern!<\/strong><\/p>\n<p><strong>Mein Deb\u00fct:<br \/>\nTagestour nach Hamburg in die Elbphilharmonie zu<br \/>\n<\/strong><\/p>\n<p><strong>Nikolai Tokarev und Sergei Nakariakov<\/strong><br \/>\nDie Musiker geh\u00f6ren zu den gefeierten Jungstars der Zukunft. Tokarev am Klavier und\u00a0Nakariakov mit Trompete\/Fl\u00fcgelhorn. sympatisch und konzentriert, spielen sie sich durch ein durchaus vielseitiges\u00a0Repertoire. Es spielt die Russische Kammerphilharmonie St. Petersburg<\/p>\n<p><em>Im Programm:<\/em> Georg Friedrich H\u00e4ndel &#8211; Die Ankunft der K\u00f6nigin von Saba, Joseph Haydn, Dmitri Schostakowitsch, Wolfgang Amadeus Mozart.<\/p>\n<p><em>Mehr Infos zu Tokarev &amp; Nakariakov unter:<br \/>\n<\/em><a href=\"https:\/\/www.elbphilharmonie.de\/de\/programm\/nikolai-tokarev-sergei-nakariakov\/9761\" target=\"_blank\">https:\/\/www.elbphilharmonie.de\/de\/programm\/nikolai-tokarev-sergei-nakariakov\/9761<br \/>\n<\/a><span class=\"ox-c44c07b7a9-s1\">\u00b7\u00b7\u00b7\u00b7\u00b7\u00b7\u00b7\u00b7\u00b7\u00b7\u00b7\u00b7\u00b7\u00b7\u00b7\u00b7\u00b7\u00b7\u00b7\u00b7\u00b7\u00b7\u00b7\u00b7\u00b7\u00b7\u00b7\u00b7\u00b7\u00b7\u00b7\u00b7\u00b7\u00b7\u00b7\u00b7\u00b7\u00b7\u00b7\u00b7\u00b7\u00b7\u00b7\u00b7\u00b7\u00b7\u00b7\u00b7\u00b7\u00b7\u00b7\u00b7\u00b7\u00b7\u00b7\u00b7\u00b7\u00b7\u00b7\u00b7\u00b7\u00b7\u00b7\u00b7\u00b7\u00b7\u00b7\u00b7\u00b7\u00b7\u00b7\u00b7\u00b7\u00b7\u00b7\u00b7\u00b7\u00b7\u00b7\u00b7\u00b7\u00b7\u00b7\u00b7\u00b7\u00b7\u00b7\u00b7\u00b7\u00b7\u00b7\u00b7\u00b7\u00b7\u00b7\u00b7\u00b7\u00b7\u00b7\u00b7\u00b7\u00b7\u00b7\u00b7\u00b7\u00b7\u00b7\u00b7\u00b7\u00b7\u00b7\u00b7\u00b7\u00b7\u00b7\u00b7\u00b7\u00b7\u00b7\u00b7\u00b7\u00b7\u00b7\u00b7\u00b7\u00b7\u00b7\u00b7\u00b7\u00b7\u00b7\u00b7\u00b7\u00b7\u00b7\u00b7\u00b7\u00b7\u00b7\u00b7\u00b7\u00b7\u00b7\u00b7\u00b7\u00b7\u00b7\u00b7\u00b7\u00b7\u00b7\u00b7\u00b7\u00b7\u00b7\u00b7\u00b7\u00b7\u00b7\u00b7\u00b7\u00b7\u00b7\u00b7<br \/>\n<\/span>Freitag, 23. Februar 2018 &#8211; Sonntag, 25. Februar 2018<\/p>\n<div id=\"attachment_532\" style=\"width: 310px\" class=\"wp-caption alignleft\"><img loading=\"lazy\" decoding=\"async\" aria-describedby=\"caption-attachment-532\" class=\"size-medium wp-image-532\" src=\"https:\/\/www.braunschweig-entdecken.de\/wp-content\/uploads\/2018\/01\/Bern-Switzerland-Old-Town-01-300x184.jpg\" alt=\"Bern, Altstadt\" width=\"300\" height=\"184\" \/><p id=\"caption-attachment-532\" class=\"wp-caption-text\">Bern, Altstadt<\/p><\/div>\n<p><strong>BESTANDSAUFNAHME GURLITT<\/strong><br \/>\n<strong> \u00abENTARTETE KUNST\u00bb &#8211;<br \/>\nBESCHLAGNAHMT UND VERKAUFT<\/strong><\/p>\n<p>Im Rahmenprogramm u.a. die Oper &#8222;Don Giovanni&#8220; in Bern<\/p>\n<p>Franz Marcs Aquarell &#8222;Pferde in Landschaft&#8220; von 1911 wird nat\u00fcrlich gezeigt, und hier, vor Ort, betrachtet man das Bild mit dem merkw\u00fcrdigen Gef\u00fchl, einen alten Bekannten zu sehen. Es geh\u00f6rte zu den ersten Werken, die an die \u00d6ffentlichkeit kamen als in M\u00fcnchen eine umfangreiche Privatsammlung beschlagnahmt wurde. Es handelte sich um die Wohnung Cornelius Gurlitt. Die Nachricht ging um die Welt, den Namen &#8222;Gurlitt&#8220; kennt seitdem fast jeder. Mit ihr millionenfach der Marc und die &#8222;Sitzende Frau&#8220; von Matisse.\u00a0 Was nun in Bern zu sehen ist, erlangte den Status von Ber\u00fchmtheit, weil es &#8222;Nazi-Schatz&#8220; genannt wurde und das Ger\u00fccht \u00fcber einen Milliardenwert kursierte.<\/p>\n<p>Die Schau in Bern erz\u00e4hlt zwei Geschichten: Die eine handelt davon, wie sich die Angriffe gegen die moderne Kunstwelt vom sp\u00e4ten neunzehnten Jahrhundert an immer weiter steigerten und schlie\u00dflich in der NS-Aktion &#8222;Entartete Kunst&#8220; 1937 gipfelten, als aus deutschen Museen alle missliebigen Werke beschlagnahmt wurden. Die andere ist die Geschichte von Cornelius Gurlitt, die auch in Bonn im Zentrum steht.<\/p>\n<p>Zusammen ein spannendes St\u00fcck deutscher und europ\u00e4ischer Geschichte.<\/p>\n<p>Dazu die Stadt Bern (Altstadt UNESCO Weltkulturerbe) mit dem wundervollen sp\u00e4tgotischen M\u00fcnster, der Zytglogge und dem Bundehaus mit B\u00e4rengraben.<\/p>\n<p>Abgerundet wird die Fahrt mit einem Besuch der Oper &#8222;Don Giovanni&#8220;.<\/p>\n<p><strong>Leistungen:<\/strong> Bahnfahrt 2. Klasse, Eintritt Museum, gute Karte Opernauff\u00fchrung, Stadtf\u00fchrung Bern, F\u00fchrung &#8222;Hinter den Kulissen&#8220; Stadttheater Bern, 2# \u00dcF in 4*Hotel in Bern<br \/>\n<strong>Buchung \u00fcber: <\/strong><br \/>\nHenning Lange Kunst.Kultur.Reisen.<br \/>\nTelefon: <span class=\"diy-visible-on-nontouch\"> 0531 6180007<\/span><br \/>\nE-Mail: lange@kunst-kultur-reisen.net<br \/>\nHP: https:\/\/www.kunst-kultur-reisen.net<br \/>\n<strong>Reiseleitung:<\/strong> Mario Wenzel-Becker<br \/>\n<span class=\"ox-c44c07b7a9-s1\">\u00b7\u00b7\u00b7\u00b7\u00b7\u00b7\u00b7\u00b7\u00b7\u00b7\u00b7\u00b7\u00b7\u00b7\u00b7\u00b7\u00b7\u00b7\u00b7\u00b7\u00b7\u00b7\u00b7\u00b7\u00b7\u00b7\u00b7\u00b7\u00b7\u00b7\u00b7\u00b7\u00b7\u00b7\u00b7\u00b7\u00b7\u00b7\u00b7\u00b7\u00b7\u00b7\u00b7\u00b7\u00b7\u00b7\u00b7\u00b7\u00b7\u00b7\u00b7\u00b7\u00b7\u00b7\u00b7\u00b7\u00b7\u00b7\u00b7\u00b7\u00b7\u00b7\u00b7\u00b7\u00b7\u00b7\u00b7\u00b7\u00b7\u00b7\u00b7\u00b7\u00b7\u00b7\u00b7\u00b7\u00b7\u00b7\u00b7\u00b7\u00b7\u00b7\u00b7\u00b7\u00b7\u00b7\u00b7\u00b7\u00b7\u00b7\u00b7\u00b7\u00b7\u00b7\u00b7\u00b7\u00b7\u00b7\u00b7\u00b7\u00b7\u00b7\u00b7\u00b7\u00b7\u00b7\u00b7\u00b7\u00b7\u00b7\u00b7\u00b7\u00b7\u00b7\u00b7\u00b7\u00b7\u00b7\u00b7\u00b7\u00b7\u00b7\u00b7\u00b7\u00b7\u00b7\u00b7\u00b7\u00b7\u00b7\u00b7\u00b7\u00b7\u00b7\u00b7\u00b7\u00b7\u00b7\u00b7\u00b7\u00b7\u00b7\u00b7\u00b7\u00b7\u00b7\u00b7\u00b7\u00b7\u00b7\u00b7\u00b7\u00b7\u00b7\u00b7\u00b7\u00b7\u00b7\u00b7\u00b7\u00b7\u00b7\u00b7\u00b7<br \/>\n<\/span>Sonderausstellung im Braunschweigischen Landesmuseum von Dezember 2017 &#8211; April 2018<\/p>\n<div id=\"attachment_530\" style=\"width: 310px\" class=\"wp-caption alignleft\"><img loading=\"lazy\" decoding=\"async\" aria-describedby=\"caption-attachment-530\" class=\"size-medium wp-image-530\" src=\"https:\/\/www.braunschweig-entdecken.de\/wp-content\/uploads\/2018\/01\/FO-2017-04864-300x200.jpg\" alt=\"Blick in die Ausstellung (c) Foto: Anja Pr\u00f6hle\" width=\"300\" height=\"200\" \/><p id=\"caption-attachment-530\" class=\"wp-caption-text\">Blick in die Ausstellung<br \/>(c) Foto: Anja Pr\u00f6hle<\/p><\/div>\n<p><strong>REBUILD PALMYRA? <\/strong><br \/>\n<strong>Zukunft eines umk\u00e4mpften Weltkulturerbes<\/strong><\/p>\n<p><b>PALMYRA. DAS VENEDIG DER W\u00dcSTE<\/b><\/p>\n<p>F\u00fcr Arch\u00e4ologen gilt Palmyra als ein Schatz der Antike, f\u00fcr Historiker als Schmelztiegel der Kulturen in der syrischen W\u00fcste. 1980 erkl\u00e4rte die UNESCO die beeindruckende Ruinenstadt zum Weltkulturerbe. Doch seit die Terrormiliz IS im Mai 2015 die Stadt eroberte, versuchen ihre Anh\u00e4nger, Palmyras antikes Erbe auszuradieren.<br \/>\nPalmyra liegt inmitten der syrischen Steppe. Als Oasenstadt spielte der Ort im 1. bis 3. Jh. n. Chr. eine entscheidende Rolle f\u00fcr den Fernhandel zwischen Indien und dem Mittelmeer. Sie besa\u00df auch politi-sche Bedeutung im Verh\u00e4ltnis zwischen Rom und dem benachbarten Reich der Arsakiden. Seit dem 17. Jh. verzauberte sie Reisende und Forscher mit ihren umfangreichen, au\u00dfergew\u00f6hnlich gut erhalte-nen Ruinen von Tempeln, Theatern, kilometerlangen S\u00e4ulenstra\u00dfen und Gr\u00e4berfeldern.* &#8230;<\/p>\n<p>(Mehr unter: http:\/\/www.3landesmuseen.de\/Rebuild-Palmyra.1602.0.html)<span class=\"ox-c44c07b7a9-s1\"><em><span class=\"s1\"><br \/>\n<\/span><\/em>\u00b7\u00b7\u00b7\u00b7\u00b7\u00b7\u00b7\u00b7\u00b7\u00b7\u00b7\u00b7\u00b7\u00b7\u00b7\u00b7\u00b7\u00b7\u00b7\u00b7\u00b7\u00b7\u00b7\u00b7\u00b7\u00b7\u00b7\u00b7\u00b7\u00b7\u00b7\u00b7\u00b7\u00b7\u00b7\u00b7\u00b7\u00b7\u00b7\u00b7\u00b7\u00b7\u00b7\u00b7\u00b7\u00b7\u00b7\u00b7\u00b7\u00b7\u00b7\u00b7\u00b7\u00b7\u00b7\u00b7\u00b7\u00b7\u00b7\u00b7\u00b7\u00b7\u00b7\u00b7\u00b7\u00b7\u00b7\u00b7\u00b7\u00b7\u00b7\u00b7\u00b7\u00b7\u00b7\u00b7\u00b7\u00b7\u00b7\u00b7\u00b7\u00b7\u00b7\u00b7\u00b7\u00b7\u00b7\u00b7\u00b7\u00b7\u00b7\u00b7\u00b7\u00b7\u00b7\u00b7\u00b7\u00b7\u00b7\u00b7\u00b7\u00b7\u00b7\u00b7\u00b7\u00b7\u00b7\u00b7\u00b7\u00b7\u00b7\u00b7\u00b7\u00b7\u00b7\u00b7\u00b7\u00b7\u00b7\u00b7\u00b7\u00b7\u00b7\u00b7\u00b7\u00b7\u00b7\u00b7\u00b7\u00b7\u00b7\u00b7\u00b7\u00b7\u00b7\u00b7\u00b7\u00b7\u00b7\u00b7\u00b7\u00b7\u00b7\u00b7\u00b7\u00b7\u00b7\u00b7\u00b7\u00b7\u00b7\u00b7\u00b7\u00b7\u00b7\u00b7\u00b7\u00b7\u00b7\u00b7\u00b7\u00b7\u00b7\u00b7\u00b7<\/span><br \/>\n<strong>Regelm\u00e4\u00dfig alle Jahre wieder zum Weihnachtsmarkt<\/strong><\/p>\n<div id=\"attachment_307\" style=\"width: 310px\" class=\"wp-caption alignleft\"><img loading=\"lazy\" decoding=\"async\" aria-describedby=\"caption-attachment-307\" class=\"size-medium wp-image-307\" src=\"https:\/\/www.braunschweig-entdecken.de\/wp-content\/uploads\/2016\/11\/101_Pyramide-300x214.jpg\" alt=\"Weihnachtsmarkt, Foto: Klaus Ebach\/art plakat\" width=\"300\" height=\"214\" srcset=\"https:\/\/www.braunschweig-entdecken.de\/wp-content\/uploads\/2016\/11\/101_Pyramide-300x214.jpg 300w, https:\/\/www.braunschweig-entdecken.de\/wp-content\/uploads\/2016\/11\/101_Pyramide.jpg 530w\" sizes=\"auto, (max-width: 300px) 100vw, 300px\" \/><p id=\"caption-attachment-307\" class=\"wp-caption-text\">Weihnachtsmarkt, Foto: Klaus Ebach\/art plakat<\/p><\/div>\n<p><strong>Exklusive Weihnachtsmarktf\u00fchrung mit einem Blick hinter die Kulissen<\/strong><br \/>\nWie entsteht eine fast zehn Meter hohe Pyramide? Und was macht den Geschmack gebrannter Mandeln aus? Witzige Details und so manches Geheimnis kommen bei dieser F\u00fchrung ans Licht. Tauchen Sie in das Marktgeschehen ein und werfen Sie einen Blick hinter die Kulissen.<\/p>\n<p class=\"p1\"><em>Treffpunkt: Touristimfo, Kleine Burg 14<br \/>\nDauer: ca. 1,5 Stunden<br \/>\nPreis: 10,50 \u20ac\/Person<\/em><\/p>\n<p>Veranstalter: Braunschweig Stadtmarketing GmbH<br \/>\n<em class=\"p1\">\u00a9 Braunschweig de<\/em><br \/>\n\u00b7\u00b7\u00b7\u00b7\u00b7\u00b7\u00b7\u00b7\u00b7\u00b7\u00b7\u00b7\u00b7\u00b7\u00b7\u00b7\u00b7\u00b7\u00b7\u00b7\u00b7\u00b7\u00b7\u00b7\u00b7\u00b7\u00b7\u00b7\u00b7\u00b7\u00b7\u00b7\u00b7\u00b7\u00b7\u00b7\u00b7\u00b7\u00b7\u00b7\u00b7\u00b7\u00b7\u00b7\u00b7\u00b7\u00b7\u00b7\u00b7\u00b7\u00b7\u00b7\u00b7\u00b7\u00b7\u00b7\u00b7\u00b7\u00b7\u00b7\u00b7\u00b7\u00b7\u00b7\u00b7\u00b7\u00b7\u00b7\u00b7\u00b7\u00b7\u00b7\u00b7\u00b7\u00b7\u00b7\u00b7\u00b7\u00b7\u00b7\u00b7\u00b7\u00b7\u00b7\u00b7\u00b7\u00b7\u00b7\u00b7\u00b7\u00b7\u00b7\u00b7\u00b7\u00b7\u00b7\u00b7\u00b7\u00b7\u00b7\u00b7\u00b7\u00b7\u00b7\u00b7\u00b7\u00b7\u00b7\u00b7\u00b7\u00b7\u00b7\u00b7\u00b7\u00b7\u00b7\u00b7\u00b7\u00b7\u00b7\u00b7\u00b7\u00b7\u00b7\u00b7\u00b7\u00b7\u00b7\u00b7\u00b7\u00b7\u00b7\u00b7\u00b7\u00b7\u00b7\u00b7\u00b7\u00b7\u00b7\u00b7\u00b7\u00b7\u00b7\u00b7\u00b7\u00b7\u00b7\u00b7\u00b7\u00b7\u00b7\u00b7\u00b7\u00b7\u00b7\u00b7\u00b7\u00b7\u00b7\u00b7\u00b7\u00b7\u00b7<br \/>\n<strong><span class=\"s1\">Vielen F\u00fchrungen zum Reformationsjubil\u00e4um 2017&#8230;<\/span><\/strong><\/p>\n<h4 class=\"p1\" style=\"text-align: left;\"><span class=\"s1\"> &#8230;erleben Sie die Sonderausstellung zum Reformationsjubil\u00e4um<br \/>\n&#8218;Im Aufbruch. Reformation 1517 -1617&#8216;<br \/>\nu. a. dort und bei Stadtf\u00fchrungen auch: Jost Kale!<\/span><\/h4>\n<div id=\"attachment_399\" style=\"width: 310px\" class=\"wp-caption alignleft\"><img loading=\"lazy\" decoding=\"async\" aria-describedby=\"caption-attachment-399\" class=\"size-medium wp-image-399\" src=\"https:\/\/www.braunschweig-entdecken.de\/wp-content\/uploads\/2017\/03\/Mario-Wenzel-Becker-als-Jost-Kale-c-Braunschweigisches-Landesmuseum-Anja-Proehle-300x200.jpg\" alt=\"Mario Wenzel-Becker als Jost Kale (c) BLM\/Anja Pr\u00f6hle\" width=\"300\" height=\"200\" srcset=\"https:\/\/www.braunschweig-entdecken.de\/wp-content\/uploads\/2017\/03\/Mario-Wenzel-Becker-als-Jost-Kale-c-Braunschweigisches-Landesmuseum-Anja-Proehle-300x200.jpg 300w, https:\/\/www.braunschweig-entdecken.de\/wp-content\/uploads\/2017\/03\/Mario-Wenzel-Becker-als-Jost-Kale-c-Braunschweigisches-Landesmuseum-Anja-Proehle-768x512.jpg 768w, https:\/\/www.braunschweig-entdecken.de\/wp-content\/uploads\/2017\/03\/Mario-Wenzel-Becker-als-Jost-Kale-c-Braunschweigisches-Landesmuseum-Anja-Proehle.jpg 850w\" sizes=\"auto, (max-width: 300px) 100vw, 300px\" \/><p id=\"caption-attachment-399\" class=\"wp-caption-text\">Mario Wenzel-Becker als Jost Kale<br \/>(c) BLM\/Anja Pr\u00f6hle<\/p><\/div>\n<p class=\"p1\"><strong>Im Aufbruch \u2013 Auch Jost Kale<br \/>\n<\/strong><\/p>\n<p>Kennen Sie schon Jost Kale? Mitglied einer Familie, die \u00fcber Jahrhunderte die Ratspolitik mitbestimmte. Zun\u00e4chst Zeugherr,\u00a0 Kleiner B\u00fcrgermeister der Altstadt, Mitglied im K\u00fcchenrat, Gesandter beim Kaiser und schlie\u00dflich Gro\u00dfer B\u00fcrgermeister.<\/p>\n<p>H\u00f6ren und erleben Sie in vielf\u00e4ltiger Weise aus erster Hand, wie Braunschweig im Aufbruch war, wie bewegt diese Zeiten gewesen sind und wie unmittelbar sich der neue Glaube f\u00fcr jeden einzelnen B\u00fcrger bemerkbar machte.<\/p>\n<p>Folgende F\u00fchrungen sind im Angebot und k\u00f6nnen als Gruppen gebucht werden:<\/p>\n<p><strong>Im Aufbruch \u2013 mit Jost Kale durch das abendliche Braunschweig<br \/>\n<\/strong>Treffpunkt am Marienbrunnen auf dem Altstadtmarkt<br \/>\n100,00 \u20ac\/10 Personen, jede weitere Person 10,00 \u20ac<\/p>\n<p><strong>Im Aufbruch \u2013 mit Jost Kale auf den Spuren gro\u00dfer Politik in Stadt und Reich<\/strong><br \/>\nTreffpunkt auf dem Magnikirchplatz<br \/>\n100,00 \u20ac\/10 Personen, jede weitere Person 10,00 \u20ac<br \/>\n<span class=\"ox-c44c07b7a9-s1\">\u00b7\u00b7\u00b7\u00b7\u00b7\u00b7\u00b7\u00b7\u00b7\u00b7\u00b7\u00b7\u00b7\u00b7\u00b7\u00b7\u00b7\u00b7\u00b7\u00b7\u00b7\u00b7\u00b7\u00b7\u00b7\u00b7\u00b7\u00b7\u00b7\u00b7\u00b7\u00b7\u00b7\u00b7\u00b7\u00b7\u00b7\u00b7\u00b7\u00b7\u00b7\u00b7\u00b7\u00b7\u00b7\u00b7\u00b7\u00b7\u00b7\u00b7\u00b7\u00b7\u00b7\u00b7\u00b7\u00b7\u00b7\u00b7\u00b7\u00b7\u00b7\u00b7\u00b7\u00b7\u00b7\u00b7\u00b7\u00b7\u00b7\u00b7\u00b7\u00b7\u00b7\u00b7\u00b7\u00b7\u00b7\u00b7\u00b7\u00b7\u00b7\u00b7\u00b7\u00b7\u00b7\u00b7\u00b7\u00b7\u00b7\u00b7\u00b7\u00b7\u00b7\u00b7\u00b7\u00b7\u00b7\u00b7\u00b7\u00b7\u00b7\u00b7\u00b7\u00b7\u00b7\u00b7\u00b7\u00b7\u00b7\u00b7\u00b7\u00b7\u00b7\u00b7\u00b7\u00b7\u00b7\u00b7\u00b7\u00b7\u00b7\u00b7\u00b7\u00b7\u00b7\u00b7\u00b7\u00b7\u00b7\u00b7\u00b7\u00b7\u00b7\u00b7\u00b7\u00b7\u00b7\u00b7\u00b7\u00b7\u00b7\u00b7\u00b7\u00b7\u00b7\u00b7\u00b7\u00b7\u00b7\u00b7\u00b7\u00b7\u00b7\u00b7\u00b7\u00b7\u00b7\u00b7\u00b7\u00b7\u00b7\u00b7\u00b7\u00b7\u00b7<br \/>\n<\/span>Jeweils am 1. Dienstag eines Monats 2017 um 18 Uhr in der Sonderausstellung<\/p>\n<div id=\"attachment_399\" style=\"width: 310px\" class=\"wp-caption alignleft\"><img loading=\"lazy\" decoding=\"async\" aria-describedby=\"caption-attachment-399\" class=\"size-medium wp-image-399\" src=\"https:\/\/www.braunschweig-entdecken.de\/wp-content\/uploads\/2017\/03\/Mario-Wenzel-Becker-als-Jost-Kale-c-Braunschweigisches-Landesmuseum-Anja-Proehle-300x200.jpg\" alt=\"Mario Wenzel-Becker als Jost Kale (c) BLM\/Anja Pr\u00f6hle\" width=\"300\" height=\"200\" srcset=\"https:\/\/www.braunschweig-entdecken.de\/wp-content\/uploads\/2017\/03\/Mario-Wenzel-Becker-als-Jost-Kale-c-Braunschweigisches-Landesmuseum-Anja-Proehle-300x200.jpg 300w, https:\/\/www.braunschweig-entdecken.de\/wp-content\/uploads\/2017\/03\/Mario-Wenzel-Becker-als-Jost-Kale-c-Braunschweigisches-Landesmuseum-Anja-Proehle-768x512.jpg 768w, https:\/\/www.braunschweig-entdecken.de\/wp-content\/uploads\/2017\/03\/Mario-Wenzel-Becker-als-Jost-Kale-c-Braunschweigisches-Landesmuseum-Anja-Proehle.jpg 850w\" sizes=\"auto, (max-width: 300px) 100vw, 300px\" \/><p id=\"caption-attachment-399\" class=\"wp-caption-text\">Mario Wenzel-Becker als Jost Kale<br \/>(c) BLM\/Anja Pr\u00f6hle<\/p><\/div>\n<p><strong>Im Aufbruch \u2013 Reformation 1517 \u2013 1617.<br \/>\nSpecial-F\u00fchrung in der gro\u00dfen Sonderausstellung!<\/strong><\/p>\n<p>Von der ersten lutherischen Predigt von Gottschalk Kruse bis zur ersten lutherischen Kirchenordnung Johannes Bugenhagens. Mit Jost Kale durch die gro\u00dfe Ausstellung zum Reformationsjubil\u00e4um.<\/p>\n<p>Treffpunkt: Hinter Aegidien im Anschluss<br \/>\nDauer 120 Min., Ausklang im Caf\u00e9 Kreuzgang<br \/>\nKosten: 16 \u20ac inkl. Eintritt und Imbiss<br \/>\n<span class=\"ox-c44c07b7a9-s1\">\u00b7\u00b7\u00b7\u00b7\u00b7\u00b7\u00b7\u00b7\u00b7\u00b7\u00b7\u00b7\u00b7\u00b7\u00b7\u00b7\u00b7\u00b7\u00b7\u00b7\u00b7\u00b7\u00b7\u00b7\u00b7\u00b7\u00b7\u00b7\u00b7\u00b7\u00b7\u00b7\u00b7\u00b7\u00b7\u00b7\u00b7\u00b7\u00b7\u00b7\u00b7\u00b7\u00b7\u00b7\u00b7\u00b7\u00b7\u00b7\u00b7\u00b7\u00b7\u00b7\u00b7\u00b7\u00b7\u00b7\u00b7\u00b7\u00b7\u00b7\u00b7\u00b7\u00b7\u00b7\u00b7\u00b7\u00b7\u00b7\u00b7\u00b7\u00b7\u00b7\u00b7\u00b7\u00b7\u00b7\u00b7\u00b7\u00b7\u00b7\u00b7\u00b7\u00b7\u00b7\u00b7\u00b7\u00b7\u00b7\u00b7\u00b7\u00b7\u00b7\u00b7\u00b7\u00b7\u00b7\u00b7\u00b7\u00b7\u00b7\u00b7\u00b7\u00b7\u00b7\u00b7\u00b7\u00b7\u00b7\u00b7\u00b7\u00b7\u00b7\u00b7\u00b7\u00b7\u00b7\u00b7\u00b7\u00b7\u00b7\u00b7\u00b7\u00b7\u00b7\u00b7\u00b7\u00b7\u00b7\u00b7\u00b7\u00b7\u00b7\u00b7\u00b7\u00b7\u00b7\u00b7\u00b7\u00b7\u00b7\u00b7\u00b7\u00b7\u00b7\u00b7\u00b7\u00b7\u00b7\u00b7\u00b7\u00b7\u00b7\u00b7\u00b7\u00b7\u00b7\u00b7\u00b7\u00b7\u00b7\u00b7\u00b7\u00b7\u00b7\u00b7<br \/>\nJeweils am 2. <\/span>Mittwoch eines Monats 2017 um 17 Uhr in der Zeit der Sonderausstellung<\/p>\n<div id=\"attachment_476\" style=\"width: 310px\" class=\"wp-caption alignleft\"><img loading=\"lazy\" decoding=\"async\" aria-describedby=\"caption-attachment-476\" class=\"size-medium wp-image-476\" src=\"https:\/\/www.braunschweig-entdecken.de\/wp-content\/uploads\/2017\/09\/4_IMG_2088_web-300x200.jpg\" alt=\"Mit der SegwayTour bei St. Martini Foto: Andreas Rudolph\" width=\"300\" height=\"200\" \/><p id=\"caption-attachment-476\" class=\"wp-caption-text\">Mit der SegwayTour bei St. Martini<br \/>Foto: Andreas Rudolph<\/p><\/div>\n<p><strong>Im Aufbruch \u2013 Mit dem Segway auf den Spuren der Reformation<br \/>\n<\/strong><\/p>\n<p>Lassen Sie sich herzlich einladen auf diese ganz besondere Tour mit dem Segway! Auf den Spuren der Reformation in Braunschweig. Herrliche Architektur, gro\u00dfe Namen, epochale Erkenntnisse\u2026 Von der ersten lutherischen Predigt in St. Aegidien bis zur ersten lutherischen Kirchenordnung im Br\u00fcdernkloster &#8211; Braunschweigs gro\u00dfe Geschichte bildet den roten Faden f\u00fcr diese Segwaytour und nicht zuletzt auch die Frage, was das wohl heute mit uns (noch) zu tun hat. Sie werden \u00fcberrascht sein, mit wie viel Fun historischen Ereignissen nachzusp\u00fcren ist.<\/p>\n<p>Treffpunkt Steigenberger Parkhotel Braunschweig<br \/>\nDauer der Tour ca 2,5 Stunden<br \/>\nPreis 60,00 \u20ac (incl. Einweisung, Leihelm, Haftpflichtversicherung)<br \/>\nMindestalter 15 Jahre (gesetzlich vorgeschrieben)<br \/>\nmind. Mofa-Pr\u00fcfbescheinigung<br \/>\nK\u00f6rpergewicht 45 &#8211; 120 Kg<\/p>\n<p>F\u00fcr Gruppenbuchungen nach Verf\u00fcgbarkeit buchbar.<\/p>\n<p>In Kooperation mit 6-way\/Segtours Braunschweig<br \/>\n<span class=\"ox-c44c07b7a9-s1\">\u00b7\u00b7\u00b7\u00b7\u00b7\u00b7\u00b7\u00b7\u00b7\u00b7\u00b7\u00b7\u00b7\u00b7\u00b7\u00b7\u00b7\u00b7\u00b7\u00b7\u00b7\u00b7\u00b7\u00b7\u00b7\u00b7\u00b7\u00b7\u00b7\u00b7\u00b7\u00b7\u00b7\u00b7\u00b7\u00b7\u00b7\u00b7\u00b7\u00b7\u00b7\u00b7\u00b7\u00b7\u00b7\u00b7\u00b7\u00b7\u00b7\u00b7\u00b7\u00b7\u00b7\u00b7\u00b7\u00b7\u00b7\u00b7\u00b7\u00b7\u00b7\u00b7\u00b7\u00b7\u00b7\u00b7\u00b7\u00b7\u00b7\u00b7\u00b7\u00b7\u00b7\u00b7\u00b7\u00b7\u00b7\u00b7\u00b7\u00b7\u00b7\u00b7\u00b7\u00b7\u00b7\u00b7\u00b7\u00b7\u00b7\u00b7\u00b7\u00b7\u00b7\u00b7\u00b7\u00b7\u00b7\u00b7\u00b7\u00b7\u00b7\u00b7\u00b7\u00b7\u00b7\u00b7\u00b7\u00b7\u00b7\u00b7\u00b7\u00b7\u00b7\u00b7\u00b7\u00b7\u00b7\u00b7\u00b7\u00b7\u00b7\u00b7\u00b7\u00b7\u00b7\u00b7\u00b7\u00b7\u00b7\u00b7\u00b7\u00b7\u00b7\u00b7\u00b7\u00b7\u00b7\u00b7\u00b7\u00b7\u00b7\u00b7\u00b7\u00b7\u00b7\u00b7\u00b7\u00b7\u00b7\u00b7\u00b7\u00b7\u00b7\u00b7\u00b7\u00b7\u00b7\u00b7\u00b7\u00b7\u00b7\u00b7\u00b7\u00b7\u00b7<\/span><span class=\"ox-c44c07b7a9-s1\"><br \/>\n<\/span>Sonntags in der Zeit der Sonderausstellung um 11 u. 14 Uhr &#8211; \u00d6ffentliche F\u00fchrungen in der Hauptausstellung<\/p>\n<div id=\"attachment_438\" style=\"width: 310px\" class=\"wp-caption alignleft\"><img loading=\"lazy\" decoding=\"async\" aria-describedby=\"caption-attachment-438\" class=\"size-medium wp-image-438\" src=\"https:\/\/www.braunschweig-entdecken.de\/wp-content\/uploads\/2017\/06\/5D_2017-00768-300x200.jpg\" alt=\"'Optionen' im Zuge der Reformation Blick in die Sonderausstellung Foto: BLM\/Anja Pr\u00f6hle\" width=\"300\" height=\"200\" \/><p id=\"caption-attachment-438\" class=\"wp-caption-text\">&#8218;Optionen&#8216; im Zuge der Reformation<br \/>Blick in die Sonderausstellung<br \/>Foto: BLM\/Anja Pr\u00f6hle<\/p><\/div>\n<p><strong>Im Aufbruch \u2013 Reformation 1517 \u2013 1617.<\/strong><\/p>\n<p>\u201eIm Aufbruch. Reformation 1517-1617\u201c geht der Frage nach, warum und wieso die reformatorischen Ideen gerade damals auf fruchtbaren Boden fielen, wie sie die mittelalterliche Kirche und Gesellschaft ersch\u00fct\u00adterten und politische Entscheidungen provozierten. In den evangelisch-lutherischen Landeskirchen nahm eine neue Konfession Gestalt an, und ein religi\u00f6s gespaltenes Europa stand vor neuen Konflikten.<\/p>\n<p>Weitere Informationen unter www.3landesmuseen.de<br \/>\n<span class=\"ox-c44c07b7a9-s1\">\u00b7\u00b7\u00b7\u00b7\u00b7\u00b7\u00b7\u00b7\u00b7\u00b7\u00b7\u00b7\u00b7\u00b7\u00b7\u00b7\u00b7\u00b7\u00b7\u00b7\u00b7\u00b7\u00b7\u00b7\u00b7\u00b7\u00b7\u00b7\u00b7\u00b7\u00b7\u00b7\u00b7\u00b7\u00b7\u00b7\u00b7\u00b7\u00b7\u00b7\u00b7\u00b7\u00b7\u00b7\u00b7\u00b7\u00b7\u00b7\u00b7\u00b7\u00b7\u00b7\u00b7\u00b7\u00b7\u00b7\u00b7\u00b7\u00b7\u00b7\u00b7\u00b7\u00b7\u00b7\u00b7\u00b7\u00b7\u00b7\u00b7\u00b7\u00b7\u00b7\u00b7\u00b7\u00b7\u00b7\u00b7\u00b7\u00b7\u00b7\u00b7\u00b7\u00b7\u00b7\u00b7\u00b7\u00b7\u00b7\u00b7\u00b7\u00b7\u00b7\u00b7\u00b7\u00b7\u00b7\u00b7\u00b7\u00b7\u00b7\u00b7\u00b7\u00b7\u00b7\u00b7\u00b7\u00b7\u00b7\u00b7\u00b7\u00b7\u00b7\u00b7\u00b7\u00b7\u00b7\u00b7\u00b7\u00b7\u00b7\u00b7\u00b7\u00b7\u00b7\u00b7\u00b7\u00b7\u00b7\u00b7\u00b7\u00b7\u00b7\u00b7\u00b7\u00b7\u00b7\u00b7\u00b7\u00b7\u00b7\u00b7\u00b7\u00b7\u00b7\u00b7\u00b7\u00b7\u00b7\u00b7\u00b7\u00b7\u00b7\u00b7\u00b7\u00b7\u00b7\u00b7\u00b7\u00b7\u00b7\u00b7\u00b7\u00b7\u00b7\u00b7<br \/>\n<\/span>Sonntags in der Zeit der Sonderausstellung um 16 Uhr &#8211; \u00d6ffentliche F\u00fchrungen in der Zweigausstellung im ehem. Br\u00fcdernkloster<\/p>\n<div id=\"attachment_437\" style=\"width: 310px\" class=\"wp-caption alignleft\"><img loading=\"lazy\" decoding=\"async\" aria-describedby=\"caption-attachment-437\" class=\"size-medium wp-image-437\" src=\"https:\/\/www.braunschweig-entdecken.de\/wp-content\/uploads\/2017\/06\/5D_2017_01854-300x200.jpg\" alt=\"Blick in den Austellungsteil im ehem. Br\u00fcdernkloster Foto: BLM\/Anja Pr\u00f6hle\" width=\"300\" height=\"200\" \/><p id=\"caption-attachment-437\" class=\"wp-caption-text\">Blick in den Austellungsteil im ehem. Br\u00fcdernkloster<br \/>Foto: BLM\/Anja Pr\u00f6hle<\/p><\/div>\n<p><strong>Im Aufbruch \u2013 Reformation 1517 \u2013 1617.<\/strong><\/p>\n<p>\u201eIm Aufbruch. Reformation 1517-1617\u201c geht der Frage nach, warum und wieso die reformatorischen Ideen gerade damals auf fruchtbaren Boden fielen, wie sie die mittelalterliche Kirche und Gesellschaft ersch\u00fct\u00adterten und politische Entscheidungen provozierten. In den evangelisch-lutherischen Landeskirchen nahm eine neue Konfession Gestalt an, und ein religi\u00f6s gespaltenes Europa stand vor neuen Konflikten.<\/p>\n<p>Weitere Informationen unter www.3landesmuseen.de<br \/>\n<span class=\"ox-c44c07b7a9-s1\">\u00b7\u00b7\u00b7\u00b7\u00b7\u00b7\u00b7\u00b7\u00b7\u00b7\u00b7\u00b7\u00b7\u00b7\u00b7\u00b7\u00b7\u00b7\u00b7\u00b7\u00b7\u00b7\u00b7\u00b7\u00b7\u00b7\u00b7\u00b7\u00b7\u00b7\u00b7\u00b7\u00b7\u00b7\u00b7\u00b7\u00b7\u00b7\u00b7\u00b7\u00b7\u00b7\u00b7\u00b7\u00b7\u00b7\u00b7\u00b7\u00b7\u00b7\u00b7\u00b7\u00b7\u00b7\u00b7\u00b7\u00b7\u00b7\u00b7\u00b7\u00b7\u00b7\u00b7\u00b7\u00b7\u00b7\u00b7\u00b7\u00b7\u00b7\u00b7\u00b7\u00b7\u00b7\u00b7\u00b7\u00b7\u00b7\u00b7\u00b7\u00b7\u00b7\u00b7\u00b7\u00b7\u00b7\u00b7\u00b7\u00b7\u00b7\u00b7\u00b7\u00b7\u00b7\u00b7\u00b7\u00b7\u00b7\u00b7\u00b7\u00b7\u00b7\u00b7\u00b7\u00b7\u00b7\u00b7\u00b7\u00b7\u00b7\u00b7\u00b7\u00b7\u00b7\u00b7\u00b7\u00b7\u00b7\u00b7\u00b7\u00b7\u00b7\u00b7\u00b7\u00b7\u00b7\u00b7\u00b7\u00b7\u00b7\u00b7\u00b7\u00b7\u00b7\u00b7\u00b7\u00b7\u00b7\u00b7\u00b7\u00b7\u00b7\u00b7\u00b7\u00b7\u00b7\u00b7\u00b7\u00b7\u00b7\u00b7\u00b7\u00b7\u00b7\u00b7\u00b7\u00b7\u00b7\u00b7\u00b7\u00b7\u00b7\u00b7\u00b7\u00b7<br \/>\n<\/span>Samstag, 28. Oktober 2017 ab 18 Uhr &#8211; LANGE MUSEUMSNACHT! Geisterstunde!<\/p>\n<div id=\"attachment_399\" style=\"width: 310px\" class=\"wp-caption alignleft\"><img loading=\"lazy\" decoding=\"async\" aria-describedby=\"caption-attachment-399\" class=\"size-medium wp-image-399\" src=\"https:\/\/www.braunschweig-entdecken.de\/wp-content\/uploads\/2017\/03\/Mario-Wenzel-Becker-als-Jost-Kale-c-Braunschweigisches-Landesmuseum-Anja-Proehle-300x200.jpg\" alt=\"Mario Wenzel-Becker als Jost Kale (c) BLM\/Anja Pr\u00f6hle\" width=\"300\" height=\"200\" srcset=\"https:\/\/www.braunschweig-entdecken.de\/wp-content\/uploads\/2017\/03\/Mario-Wenzel-Becker-als-Jost-Kale-c-Braunschweigisches-Landesmuseum-Anja-Proehle-300x200.jpg 300w, https:\/\/www.braunschweig-entdecken.de\/wp-content\/uploads\/2017\/03\/Mario-Wenzel-Becker-als-Jost-Kale-c-Braunschweigisches-Landesmuseum-Anja-Proehle-768x512.jpg 768w, https:\/\/www.braunschweig-entdecken.de\/wp-content\/uploads\/2017\/03\/Mario-Wenzel-Becker-als-Jost-Kale-c-Braunschweigisches-Landesmuseum-Anja-Proehle.jpg 850w\" sizes=\"auto, (max-width: 300px) 100vw, 300px\" \/><p id=\"caption-attachment-399\" class=\"wp-caption-text\">Mario Wenzel-Becker als Jost Kale<br \/>(c) BLM\/Anja Pr\u00f6hle<\/p><\/div>\n<p><strong>Im Aufbruch \u2013 Reformation 1517 \u2013 1617.<br \/>\nSpecial-F\u00fchrungen in der gro\u00dfen Sonderausstellung!<\/strong><\/p>\n<p>In der langen Museumsnacht erwarten Sie\/euch schaurige \u00dcberraschungen.<br \/>\nVon 18 bis 24 Uhr verbringen wir mit prominenten Pers\u00f6nlichkeiten des 16. Jahrhunderts<br \/>\neinen gruseligen Abend. Nat\u00fcrlich sind an den drei<br \/>\nStandorten die Ausstellungen ge\u00f6ffnet.<\/p>\n<p>Hier das Progarmm der Nacht:<\/p>\n<p>BRAUNSCHWEIGISCHES LANDESMUESUM | BURGPLATZ 1:<br \/>\nCRAFT BEER-VERKOSTUNG<br \/>\nZur Auswahl stehen belgische Klosterbiere, Fruchtbiere und<br \/>\nblumige Biere | 18 bis 23.30 Uhr | Kostenpflichtig<\/p>\n<p>KURZF\u00dcHRUNGEN MIT GEISTERN DER VERGANGENHEIT<br \/>\nwie Christoph Kolumbus, Nikolaus Kopernikus, Johann Tetzel<br \/>\nuvm. | ab 18.30 Uhr alle 30 min. (letzte F\u00fchrung 23 Uhr)<\/p>\n<p>NACHTSPAZIERGANG NACH HINTER AEGIDIEN<br \/>\nmit B\u00fcrgermeister \u201eJost Kale\u201c | 18.45, 20.15 und 21.45 Uhr<\/p>\n<p>WEITERE HIGHLIGHTS<br \/>\nFoto- und Schminkstation | Bastelaktionen | Gruselparcours |<br \/>\nWalking Acts | Musik von \u201ePorterra\u201c<\/p>\n<p>KIRCHE ST. ULRICI-BR\u00dcDERN | EINGANG SCH\u00dcTZENSTR.:<br \/>\nMEET &amp; GREET MIT JOHANNES BUGENHAGEN<br \/>\nF\u00fchrung | 18.00 Uhr<\/p>\n<p>CAF\u00c9 KREUZGANG<br \/>\nGetr\u00e4nke und kleine Speisen, den ganzen Abend ge\u00f6ffnet<\/p>\n<p>MUSIK<br \/>\nder Klosterkirche Riddagshausen unter Leitung von KantorHans-<br \/>\nDieter Karras: Frauenschola \u201eLux vivens\u201c, 19 Uhr |<br \/>\nSch\u00fctz-Consort, 20 Uhr | M\u00e4nnerschola \u201eGregoriana\u201c, 22 Uhr<\/p>\n<p>EINTRITT*: Erwachsene (erm\u00e4\u00dfigt): 9 \u20ac (7 \u20ac), Kinder 4 \u20ac,<br \/>\nFamilienkarte 1 (1 Erw. + max. 3 Kinder) 11 \u20ac,<br \/>\nFamilienkarte 2 (2 Erw. + max. 3 Kinder) 18 \u20ac<\/p>\n<p>* f\u00fcr alle 3 Standorte | Aktionen kostenfrei, sofern nicht anders angegeben.<\/p>\n<p>Weitere Informationen unter www.3landesmuseen.de<br \/>\n<span class=\"ox-c44c07b7a9-s1\">\u00b7\u00b7\u00b7\u00b7\u00b7\u00b7\u00b7\u00b7\u00b7\u00b7\u00b7\u00b7\u00b7\u00b7\u00b7\u00b7\u00b7\u00b7\u00b7\u00b7\u00b7\u00b7\u00b7\u00b7\u00b7\u00b7\u00b7\u00b7\u00b7\u00b7\u00b7\u00b7\u00b7\u00b7\u00b7\u00b7\u00b7\u00b7\u00b7\u00b7\u00b7\u00b7\u00b7\u00b7\u00b7\u00b7\u00b7\u00b7\u00b7\u00b7\u00b7\u00b7\u00b7\u00b7\u00b7\u00b7\u00b7\u00b7\u00b7\u00b7\u00b7\u00b7\u00b7\u00b7\u00b7\u00b7\u00b7\u00b7\u00b7\u00b7\u00b7\u00b7\u00b7\u00b7\u00b7\u00b7\u00b7\u00b7\u00b7\u00b7\u00b7\u00b7\u00b7\u00b7\u00b7\u00b7\u00b7\u00b7\u00b7\u00b7\u00b7\u00b7\u00b7\u00b7\u00b7\u00b7\u00b7\u00b7\u00b7\u00b7\u00b7\u00b7\u00b7\u00b7\u00b7\u00b7\u00b7\u00b7\u00b7\u00b7\u00b7\u00b7\u00b7\u00b7\u00b7\u00b7\u00b7\u00b7\u00b7\u00b7\u00b7\u00b7\u00b7\u00b7\u00b7\u00b7\u00b7\u00b7\u00b7\u00b7\u00b7\u00b7\u00b7\u00b7\u00b7\u00b7\u00b7\u00b7\u00b7\u00b7\u00b7\u00b7\u00b7\u00b7\u00b7\u00b7\u00b7\u00b7\u00b7\u00b7\u00b7\u00b7\u00b7\u00b7\u00b7\u00b7\u00b7\u00b7\u00b7\u00b7\u00b7\u00b7\u00b7\u00b7\u00b7<br \/>\n<\/span>Das Kindermuseum bleibt \u00fcber das Ende der Sonderausstellung zum Reformationsjubil\u00e4um erhalten!<\/p>\n<div id=\"attachment_458\" style=\"width: 310px\" class=\"wp-caption alignleft\"><img loading=\"lazy\" decoding=\"async\" aria-describedby=\"caption-attachment-458\" class=\"size-medium wp-image-458\" src=\"https:\/\/www.braunschweig-entdecken.de\/wp-content\/uploads\/2016\/11\/Das-Kindermuseum-300x200.jpg\" alt=\"Im Kindermuseum Foto: BLM\/Anja Pr\u00f6hle\" width=\"300\" height=\"200\" srcset=\"https:\/\/www.braunschweig-entdecken.de\/wp-content\/uploads\/2016\/11\/Das-Kindermuseum-300x200.jpg 300w, https:\/\/www.braunschweig-entdecken.de\/wp-content\/uploads\/2016\/11\/Das-Kindermuseum.jpg 500w\" sizes=\"auto, (max-width: 300px) 100vw, 300px\" \/><p id=\"caption-attachment-458\" class=\"wp-caption-text\">Im Kindermuseum<br \/>Foto: BLM\/Anja Pr\u00f6hle<\/p><\/div>\n<p><strong>Das Kindermuseum<\/strong><\/p>\n<p>Im Kindermuseum k\u00f6nnen junge Besucherinnen und Besucher in die Welt des 16. Jahrhunderts und somit die Zeit der Seefahrer, Erfinder und Forscher reisen. Acht verschiedene Themenr\u00e4ume laden zur Entdeckungstour ein.<\/p>\n<p>Auf einem gro\u00dfen Kletter-Holzschiff k\u00f6nnen Kinder verschiedene Landkarten kennen lernen und sich unter einem Sternenhimmel in der Navigation erproben. Auf dem Marktplatz k\u00f6nnen sie Waren aus der neuen Welt erkennen, Fachwerkh\u00e4user zusammenstecken und den Flaschenzug ausprobieren. In der Malerwerkstatt und in der Buchdruckerei ist Kreativit\u00e4t gefragt: Hier k\u00f6nnen junge Besucherinnen und Besucher Cranachs Lutherbild nachmalen und mit Buchstaben eigene Texte drucken. An weiteren Spielstationen k\u00f6nnen Kinder eine Ritterr\u00fcstung anprobieren und einige Rezepte aus dem Sp\u00e4tmittelalter kennenlernen. Au\u00dferdem gibt es die M\u00f6glichkeit, auf Pl\u00fcschpferden Post auszutragen und um die Wette zu reiten.<\/p>\n<p><strong>Eintritt<br \/>\n<\/strong>Erwachsene 9\u20ac \/ erm\u00e4\u00dfigt 7 \u20ac<br \/>\nKinder (6 &#8211; 18 Jahre) 4 \u20ac<br \/>\nFreier Eintritt f\u00fcr Kinder bis 5 Jahre<br \/>\nFamilienkarte 1 (1 Erwachsener + max. 3 Kinder): 11 \u20ac<br \/>\nFamilienkarte 2 (2 Erwachsene + max. 3 Kinder): 18 \u20ac<\/p>\n<p>Weitere Informationen unter www.3landesmuseen.de<br \/>\n<span class=\"ox-c44c07b7a9-s1\">\u00b7\u00b7\u00b7\u00b7\u00b7\u00b7\u00b7\u00b7\u00b7\u00b7\u00b7\u00b7\u00b7\u00b7\u00b7\u00b7\u00b7\u00b7\u00b7\u00b7\u00b7\u00b7\u00b7\u00b7\u00b7\u00b7\u00b7\u00b7\u00b7\u00b7\u00b7\u00b7\u00b7\u00b7\u00b7\u00b7\u00b7\u00b7\u00b7\u00b7\u00b7\u00b7\u00b7\u00b7\u00b7\u00b7\u00b7\u00b7\u00b7\u00b7\u00b7\u00b7\u00b7\u00b7\u00b7\u00b7\u00b7\u00b7\u00b7\u00b7\u00b7\u00b7\u00b7\u00b7\u00b7\u00b7\u00b7\u00b7\u00b7\u00b7\u00b7\u00b7\u00b7\u00b7\u00b7\u00b7\u00b7\u00b7\u00b7\u00b7\u00b7\u00b7\u00b7\u00b7\u00b7\u00b7\u00b7\u00b7\u00b7\u00b7\u00b7\u00b7\u00b7\u00b7\u00b7\u00b7\u00b7\u00b7\u00b7\u00b7\u00b7\u00b7\u00b7\u00b7\u00b7\u00b7\u00b7\u00b7\u00b7\u00b7\u00b7\u00b7\u00b7\u00b7\u00b7\u00b7\u00b7\u00b7\u00b7\u00b7\u00b7\u00b7\u00b7\u00b7\u00b7\u00b7\u00b7\u00b7\u00b7\u00b7\u00b7\u00b7\u00b7\u00b7\u00b7\u00b7\u00b7\u00b7\u00b7\u00b7\u00b7\u00b7\u00b7\u00b7\u00b7\u00b7\u00b7\u00b7\u00b7\u00b7\u00b7\u00b7\u00b7\u00b7\u00b7\u00b7\u00b7\u00b7\u00b7\u00b7\u00b7\u00b7\u00b7\u00b7\u00b7<\/span><span class=\"ox-c44c07b7a9-s1\"><br \/>\n<\/span>Dienstag, 31. Oktober 2017 um 15 Uhr<\/p>\n<div id=\"attachment_399\" style=\"width: 310px\" class=\"wp-caption alignleft\"><img loading=\"lazy\" decoding=\"async\" aria-describedby=\"caption-attachment-399\" class=\"size-medium wp-image-399\" src=\"https:\/\/www.braunschweig-entdecken.de\/wp-content\/uploads\/2017\/03\/Mario-Wenzel-Becker-als-Jost-Kale-c-Braunschweigisches-Landesmuseum-Anja-Proehle-300x200.jpg\" alt=\"Mario Wenzel-Becker als Jost Kale (c) BLM\/Anja Pr\u00f6hle\" width=\"300\" height=\"200\" srcset=\"https:\/\/www.braunschweig-entdecken.de\/wp-content\/uploads\/2017\/03\/Mario-Wenzel-Becker-als-Jost-Kale-c-Braunschweigisches-Landesmuseum-Anja-Proehle-300x200.jpg 300w, https:\/\/www.braunschweig-entdecken.de\/wp-content\/uploads\/2017\/03\/Mario-Wenzel-Becker-als-Jost-Kale-c-Braunschweigisches-Landesmuseum-Anja-Proehle-768x512.jpg 768w, https:\/\/www.braunschweig-entdecken.de\/wp-content\/uploads\/2017\/03\/Mario-Wenzel-Becker-als-Jost-Kale-c-Braunschweigisches-Landesmuseum-Anja-Proehle.jpg 850w\" sizes=\"auto, (max-width: 300px) 100vw, 300px\" \/><p id=\"caption-attachment-399\" class=\"wp-caption-text\">Mario Wenzel-Becker als Jost Kale<br \/>(c) BLM\/Anja Pr\u00f6hle<\/p><\/div>\n<p><strong>500 Jahre nach dem Thesenanschlag in Wittenberg!<br \/>\nSpecial-F\u00fchrung mit Jost Kale&#8230;<br \/>\n<\/strong><\/p>\n<p>&#8230;auf den Spuren der Reformation.<br \/>\nWie war das<br \/>\n&#8211; mit der ersten protestantischen Taufe in Braunschweig?<br \/>\n&#8211; als die Reformation in Braunschweig schon eingef\u00fchrt war, aber der Landesherr und das Herzogtum noch altgl\u00e4ubig blieben?<br \/>\n&#8211; als der Schmalkaldische Krieg verloren war?<br \/>\n&#8211; als mit Herzog Julius der Aufbruch in die neue Zeit kam?<\/p>\n<p>Wir erleben Spannendes und Wissenswertes Anhand von Jost Kale, Mitglied einer Ratsfamilie, Zeugherr, kleiner B\u00fcrgermeister der Altstadt, Mitglied im K\u00fcchenrat, Gesandter beim Kaiser usw.<\/p>\n<p>In Kooperation mit: Kunst. Kultur. Reisen. <a href=\"http:\/\/www.kunst-kultur-reisen.net\/\">www.kunst-kultur-reisen.net<\/a><\/p>\n<p><span class=\"ox-c44c07b7a9-s1\">\u00b7\u00b7\u00b7\u00b7\u00b7\u00b7\u00b7\u00b7\u00b7\u00b7\u00b7\u00b7\u00b7\u00b7\u00b7\u00b7\u00b7\u00b7\u00b7\u00b7\u00b7\u00b7\u00b7\u00b7\u00b7\u00b7\u00b7\u00b7\u00b7\u00b7\u00b7\u00b7\u00b7\u00b7\u00b7\u00b7\u00b7\u00b7\u00b7\u00b7\u00b7\u00b7\u00b7\u00b7\u00b7\u00b7\u00b7\u00b7\u00b7\u00b7\u00b7\u00b7\u00b7\u00b7\u00b7\u00b7\u00b7\u00b7\u00b7\u00b7\u00b7\u00b7\u00b7\u00b7\u00b7\u00b7\u00b7\u00b7\u00b7\u00b7\u00b7\u00b7\u00b7\u00b7\u00b7\u00b7\u00b7\u00b7\u00b7\u00b7\u00b7\u00b7\u00b7\u00b7\u00b7\u00b7\u00b7\u00b7\u00b7\u00b7\u00b7\u00b7\u00b7\u00b7\u00b7\u00b7\u00b7\u00b7\u00b7\u00b7\u00b7\u00b7\u00b7\u00b7\u00b7\u00b7\u00b7\u00b7\u00b7\u00b7\u00b7\u00b7\u00b7\u00b7\u00b7\u00b7\u00b7\u00b7\u00b7\u00b7\u00b7\u00b7\u00b7\u00b7\u00b7\u00b7\u00b7\u00b7\u00b7\u00b7\u00b7\u00b7\u00b7\u00b7\u00b7\u00b7\u00b7\u00b7\u00b7\u00b7\u00b7\u00b7\u00b7\u00b7\u00b7\u00b7\u00b7\u00b7\u00b7\u00b7\u00b7\u00b7\u00b7\u00b7\u00b7\u00b7\u00b7\u00b7\u00b7\u00b7\u00b7\u00b7\u00b7\u00b7\u00b7<br \/>\n<\/span>Regelm\u00e4\u00dfig<\/p>\n<div id=\"attachment_445\" style=\"width: 310px\" class=\"wp-caption alignleft\"><img loading=\"lazy\" decoding=\"async\" aria-describedby=\"caption-attachment-445\" class=\"size-medium wp-image-445\" src=\"https:\/\/www.braunschweig-entdecken.de\/wp-content\/uploads\/2017\/07\/In-Aktion-Blick-zum-Altstadtmarkt-300x169.jpg\" alt=\"Mario Wenzel-Becker in Aktion Blick zum Altstadtmarkt (c) Braunschweiger Zeitung\" width=\"300\" height=\"169\" srcset=\"https:\/\/www.braunschweig-entdecken.de\/wp-content\/uploads\/2017\/07\/In-Aktion-Blick-zum-Altstadtmarkt-300x169.jpg 300w, https:\/\/www.braunschweig-entdecken.de\/wp-content\/uploads\/2017\/07\/In-Aktion-Blick-zum-Altstadtmarkt-768x432.jpg 768w, https:\/\/www.braunschweig-entdecken.de\/wp-content\/uploads\/2017\/07\/In-Aktion-Blick-zum-Altstadtmarkt.jpg 820w\" sizes=\"auto, (max-width: 300px) 100vw, 300px\" \/><p id=\"caption-attachment-445\" class=\"wp-caption-text\">Mario Wenzel-Becker in Aktion<br \/>Blick zum Altstadtmarkt<br \/>(c) Braunschweiger Zeitung<\/p><\/div>\n<p><strong>Stadtspazierganz in der L\u00f6wenstadt<\/strong><\/p>\n<p>Dieser Spaziergang durch die Innenstadt vermittelt einen Einblick in die spannende Historie der L\u00f6wenstadt. Vor rund 1.000 Jahren wurde Braunschweig gegr\u00fcndet, vor etwa 850 Jahren baute Heinrich der L\u00f6we es zu seiner Residenz aus. Sie schlendern durch mittelalterliche Gassen und entdecken an historischen Pl\u00e4tzen die Spuren der Hansekaufleute und der Welfen, die Braunschweig \u00fcber Jahrhunderte gepr\u00e4gt haben.<\/p>\n<p>Der Weg f\u00fchrt \u00fcber den Burgplatz mit Braunschweigs Wahrzeichen, dem L\u00f6wen, der Burg Dankwarderode und dem Dom St. Blasii zum historischen Altstadtmarkt.*<\/p>\n<p class=\"p1\"><em><span class=\"s1\">\u00d6ffentliche F\u00fchrung, Beginn an der TouristInfo, Kleine Burg 14 <span class=\"_Xbe\">, Braunschweig<\/span>, <\/span><span class=\"s1\">8,50 \u20ac *<\/span><\/em><\/p>\n<p class=\"p1\"><em> Diese F\u00fchrung kann auch zu<\/em> <em>anderen Terminen f\u00fcr private Veranstaltungen oder Firmenfeiern gebucht werden,<\/em> <em>80 \u20ac\/25 Personen<\/em><br \/>\n<em>Buchungen direkt in der TouristInfo, 0531 &#8211; 470-2040*<\/em><\/p>\n<p><span class=\"s1\">* (c) <\/span><span class=\"ox-c44c07b7a9-s1\"><em><span class=\"s1\">Braunschweig Stadtmarketing GmbH<br \/>\n<\/span><\/em>\u00b7\u00b7\u00b7\u00b7\u00b7\u00b7\u00b7\u00b7\u00b7\u00b7\u00b7\u00b7\u00b7\u00b7\u00b7\u00b7\u00b7\u00b7\u00b7\u00b7\u00b7\u00b7\u00b7\u00b7\u00b7\u00b7\u00b7\u00b7\u00b7\u00b7\u00b7\u00b7\u00b7\u00b7\u00b7\u00b7\u00b7\u00b7\u00b7\u00b7\u00b7\u00b7\u00b7\u00b7\u00b7\u00b7\u00b7\u00b7\u00b7\u00b7\u00b7\u00b7\u00b7\u00b7\u00b7\u00b7\u00b7\u00b7\u00b7\u00b7\u00b7\u00b7\u00b7\u00b7\u00b7\u00b7\u00b7\u00b7\u00b7\u00b7\u00b7\u00b7\u00b7\u00b7\u00b7\u00b7\u00b7\u00b7\u00b7\u00b7\u00b7\u00b7\u00b7\u00b7\u00b7\u00b7\u00b7\u00b7\u00b7\u00b7\u00b7\u00b7\u00b7\u00b7\u00b7\u00b7\u00b7\u00b7\u00b7\u00b7\u00b7\u00b7\u00b7\u00b7\u00b7\u00b7\u00b7\u00b7\u00b7\u00b7\u00b7\u00b7\u00b7\u00b7\u00b7\u00b7\u00b7\u00b7\u00b7\u00b7\u00b7\u00b7\u00b7\u00b7\u00b7\u00b7\u00b7\u00b7\u00b7\u00b7\u00b7\u00b7\u00b7\u00b7\u00b7\u00b7\u00b7\u00b7\u00b7\u00b7\u00b7\u00b7\u00b7\u00b7\u00b7\u00b7\u00b7\u00b7\u00b7\u00b7\u00b7\u00b7\u00b7\u00b7\u00b7\u00b7\u00b7\u00b7\u00b7\u00b7\u00b7\u00b7\u00b7\u00b7\u00b7<br \/>\n<\/span><span class=\"ox-c44c07b7a9-s1\">Regelm\u00e4\u00dfig von April bis Oktober und nach Vereinbarung<br \/>\n<\/span><\/p>\n<div id=\"attachment_474\" style=\"width: 310px\" class=\"wp-caption alignleft\"><img loading=\"lazy\" decoding=\"async\" aria-describedby=\"caption-attachment-474\" class=\"size-medium wp-image-474\" src=\"https:\/\/www.braunschweig-entdecken.de\/wp-content\/uploads\/2017\/09\/2_IMG_2139_web-300x200.jpg\" alt=\"Mit der SegwayTour auf dem Altstadtmarkt Foto: Andreas Rudolph\" width=\"300\" height=\"200\" \/><p id=\"caption-attachment-474\" class=\"wp-caption-text\">Mit der SegwayTour auf dem Altstadtmarkt<br \/>Foto: Andreas Rudolph<\/p><\/div>\n<p><strong>Stadtf\u00fchrung mit dem Segway<br \/>\n<\/strong><\/p>\n<p>Historische Stadt mal ganz anders &#8211; mit dem Segway. Trauen Sie sich, versuchen Sie es mal und genie\u00dfen Sie das einmalige Gef\u00fchl, Segway zu fahren. Und quasi im Vorbeifahren lernen Sie Braunschweig von einer ganz anderen Seite kennen.<\/p>\n<p>Treffpunkt Steigenberger Parkhotel Braunschweig<br \/>\nDauer der Tour ca 2,5 Stunden<br \/>\nPreis 60,00 \u20ac (incl. Einweisung, Leihelm, Haftpflichtversicherung)<br \/>\nMindestalter 15 Jahre (gesetzlich vorgeschrieben)<br \/>\nmind. Mofa-Pr\u00fcfbescheinigung<br \/>\nK\u00f6rpergewicht 45 &#8211; 120 Kg<\/p>\n<p>F\u00fcr Gruppenbuchungen nach Verf\u00fcgbarkeit buchbar.<\/p>\n<p>In Kooperation mit 6-way\/Segtours Braunschweig<br \/>\n\u00b7\u00b7\u00b7\u00b7\u00b7\u00b7\u00b7\u00b7\u00b7\u00b7\u00b7\u00b7\u00b7\u00b7\u00b7\u00b7\u00b7\u00b7\u00b7\u00b7\u00b7\u00b7\u00b7\u00b7\u00b7\u00b7\u00b7\u00b7\u00b7\u00b7\u00b7\u00b7\u00b7\u00b7\u00b7\u00b7\u00b7\u00b7\u00b7\u00b7\u00b7\u00b7\u00b7\u00b7\u00b7\u00b7\u00b7\u00b7\u00b7\u00b7\u00b7\u00b7\u00b7\u00b7\u00b7\u00b7\u00b7\u00b7\u00b7\u00b7\u00b7\u00b7\u00b7\u00b7\u00b7\u00b7\u00b7\u00b7\u00b7\u00b7\u00b7\u00b7\u00b7\u00b7\u00b7\u00b7\u00b7\u00b7\u00b7\u00b7\u00b7\u00b7\u00b7\u00b7\u00b7\u00b7\u00b7\u00b7\u00b7\u00b7\u00b7\u00b7\u00b7\u00b7\u00b7\u00b7\u00b7\u00b7\u00b7\u00b7\u00b7\u00b7\u00b7\u00b7\u00b7\u00b7\u00b7\u00b7\u00b7\u00b7\u00b7\u00b7\u00b7\u00b7\u00b7\u00b7\u00b7\u00b7\u00b7\u00b7\u00b7\u00b7\u00b7\u00b7\u00b7\u00b7\u00b7\u00b7\u00b7\u00b7\u00b7\u00b7\u00b7\u00b7\u00b7\u00b7\u00b7\u00b7\u00b7\u00b7\u00b7\u00b7\u00b7\u00b7\u00b7\u00b7\u00b7\u00b7\u00b7\u00b7\u00b7\u00b7\u00b7\u00b7\u00b7\u00b7\u00b7\u00b7\u00b7\u00b7\u00b7\u00b7\u00b7\u00b7\u00b7<br \/>\nRegelm\u00e4\u00dfig und jederzeit als Gruppenf\u00fchrung buchbar<\/p>\n<div id=\"attachment_452\" style=\"width: 310px\" class=\"wp-caption alignleft\"><img loading=\"lazy\" decoding=\"async\" aria-describedby=\"caption-attachment-452\" class=\"size-medium wp-image-452\" src=\"https:\/\/www.braunschweig-entdecken.de\/wp-content\/uploads\/2016\/11\/30_F\u00fcr-die-L\u00fcste-von-Auguste-300x213.jpg\" alt=\"Schloss Richmond Foto: Klaus Ebach\" width=\"300\" height=\"213\" srcset=\"https:\/\/www.braunschweig-entdecken.de\/wp-content\/uploads\/2016\/11\/30_F\u00fcr-die-L\u00fcste-von-Auguste-300x213.jpg 300w, https:\/\/www.braunschweig-entdecken.de\/wp-content\/uploads\/2016\/11\/30_F\u00fcr-die-L\u00fcste-von-Auguste.jpg 533w\" sizes=\"auto, (max-width: 300px) 100vw, 300px\" \/><p id=\"caption-attachment-452\" class=\"wp-caption-text\">Schloss Richmond<br \/>Foto: Klaus Ebach<\/p><\/div>\n<p><strong>Schloss Richmond*<\/strong><\/p>\n<p>Herzogin Augusta, die Frau des Herzogs Karl Wilhelm Ferdinand und Schwester des englischen K\u00f6nigs Georg III., lie\u00df sich 1769\/74 \u00fcber der Braunschweiger Okeraue dieses sp\u00e4tbarocke Schl\u00f6sschen bauen. In Erinnerung an ihre Heimat lie\u00dfen sie und ihr Gemahl, der Erbprinz, ab 1768 einen Landschaftsgarten nach englischem Muster anlegen, wonach das Areal ab 1786 den Namen Richmond erlangte. Werfen Sie bei dieser F\u00fchrung einen Blick in die pr\u00e4chtigen R\u00e4umlichkeiten und genie\u00dfen Sie den eindrucksvollen Landschaftsgarten nach englischem Vorbild.<\/p>\n<p><b>Bitte beachten Sie: Die F\u00fchrung ist nicht barrierefrei!<br \/>\n<\/b>*= Braunschweig Stadtmarleting GmbH<b><br \/>\n<\/b><\/p>\n<p><em>Karten: TouristInfo<br \/>\nTreffpunkt: Schloss Richmond, Wolfenb\u00fctteler Stra\u00dfe 55<br \/>\nDauer: ca. 1 Stunde<br \/>\nPreis: 8,50 \u20ac<br \/>\nWeitere Informationen: www.braunschweig.de<\/em><\/p>\n<p><em>Veranstalter: Braunschweig Stadtmarketing GmbH<\/em><br \/>\n\u00b7\u00b7\u00b7\u00b7\u00b7\u00b7\u00b7\u00b7\u00b7\u00b7\u00b7\u00b7\u00b7\u00b7\u00b7\u00b7\u00b7\u00b7\u00b7\u00b7\u00b7\u00b7\u00b7\u00b7\u00b7\u00b7\u00b7\u00b7\u00b7\u00b7\u00b7\u00b7\u00b7\u00b7\u00b7\u00b7\u00b7\u00b7\u00b7\u00b7\u00b7\u00b7\u00b7\u00b7\u00b7\u00b7\u00b7\u00b7\u00b7\u00b7\u00b7\u00b7\u00b7\u00b7\u00b7\u00b7\u00b7\u00b7\u00b7\u00b7\u00b7\u00b7\u00b7\u00b7\u00b7\u00b7\u00b7\u00b7\u00b7\u00b7\u00b7\u00b7\u00b7\u00b7\u00b7\u00b7\u00b7\u00b7\u00b7\u00b7\u00b7\u00b7\u00b7\u00b7\u00b7\u00b7\u00b7\u00b7\u00b7\u00b7\u00b7\u00b7\u00b7\u00b7\u00b7\u00b7\u00b7\u00b7\u00b7\u00b7\u00b7\u00b7\u00b7\u00b7\u00b7\u00b7\u00b7\u00b7\u00b7\u00b7\u00b7\u00b7\u00b7\u00b7\u00b7\u00b7\u00b7\u00b7\u00b7\u00b7\u00b7\u00b7\u00b7\u00b7\u00b7\u00b7\u00b7\u00b7\u00b7\u00b7\u00b7\u00b7\u00b7\u00b7\u00b7\u00b7\u00b7\u00b7\u00b7\u00b7\u00b7\u00b7\u00b7\u00b7\u00b7\u00b7\u00b7\u00b7\u00b7\u00b7\u00b7\u00b7\u00b7\u00b7\u00b7\u00b7\u00b7\u00b7\u00b7\u00b7\u00b7\u00b7\u00b7\u00b7\u00b7<span class=\"ox-c44c07b7a9-s1\"><br \/>\n<\/span>Das Event zum Reformationsjubil\u00e4um 2017!<\/p>\n<div id=\"attachment_475\" style=\"width: 310px\" class=\"wp-caption alignleft\"><img loading=\"lazy\" decoding=\"async\" aria-describedby=\"caption-attachment-475\" class=\"size-medium wp-image-475\" src=\"https:\/\/www.braunschweig-entdecken.de\/wp-content\/uploads\/2017\/09\/3_IMG_2090_web-300x200.jpg\" alt=\"Mit der SegwayTour unterwegs - hier an St. Martini Foto: Andreas Rudolph\" width=\"300\" height=\"200\" \/><p id=\"caption-attachment-475\" class=\"wp-caption-text\">Mit der SegwayTour unterwegs &#8211; hier an St. Martini<br \/>Foto: Andreas Rudolph<\/p><\/div>\n<p><strong>Im Aufbruch \u2013 Mit dem Segway auf den Spuren der Reformation<br \/>\n<\/strong><\/p>\n<p>Lassen Sie sich herzlich einladen auf diese ganz besondere Tour mit dem Segway! Auf den Spuren der Reformation in Braunschweig. Herrliche Architektur, gro\u00dfe Namen, epochale Erkenntnisse\u2026 Von der ersten lutherischen Predigt in St. Aegidien bis zur ersten lutherischen Kirchenordnung im Br\u00fcdernkloster &#8211; Braunschweigs gro\u00dfe Geschichte bildet den roten Faden f\u00fcr diese Segwaytour und nicht zuletzt auch die Frage, was das wohl heute mit uns (noch) zu tun hat. Sie werden \u00fcberrascht sein, mit wie viel Fun historischen Ereignissen nachzusp\u00fcren ist.<\/p>\n<p>Treffpunkt Steigenberger Parkhotel Braunschweig<br \/>\nDauer der Tour ca 2,5 Stunden<br \/>\nPreis 60,00 \u20ac (incl. Einweisung, Leihelm, Haftpflichtversicherung)<br \/>\nMindestalter 15 Jahre (gesetzlich vorgeschrieben)<br \/>\nmind. Mofa-Pr\u00fcfbescheinigung<br \/>\nK\u00f6rpergewicht 45 &#8211; 120 Kg<\/p>\n<p>F\u00fcr Gruppenbuchungen nach Verf\u00fcgbarkeit buchbar.<\/p>\n<p>In Kooperation mit 6-way\/Segtours Braunschweig<br \/>\n<span class=\"ox-c44c07b7a9-s1\">\u00b7\u00b7\u00b7\u00b7\u00b7\u00b7\u00b7\u00b7\u00b7\u00b7\u00b7\u00b7\u00b7\u00b7\u00b7\u00b7\u00b7\u00b7\u00b7\u00b7\u00b7\u00b7\u00b7\u00b7\u00b7\u00b7\u00b7\u00b7\u00b7\u00b7\u00b7\u00b7\u00b7\u00b7\u00b7\u00b7\u00b7\u00b7\u00b7\u00b7\u00b7\u00b7\u00b7\u00b7\u00b7\u00b7\u00b7\u00b7\u00b7\u00b7\u00b7\u00b7\u00b7\u00b7\u00b7\u00b7\u00b7\u00b7\u00b7\u00b7\u00b7\u00b7\u00b7\u00b7\u00b7\u00b7\u00b7\u00b7\u00b7\u00b7\u00b7\u00b7\u00b7\u00b7\u00b7\u00b7\u00b7\u00b7\u00b7\u00b7\u00b7\u00b7\u00b7\u00b7\u00b7\u00b7\u00b7\u00b7\u00b7\u00b7\u00b7\u00b7\u00b7\u00b7\u00b7\u00b7\u00b7\u00b7\u00b7\u00b7\u00b7\u00b7\u00b7\u00b7\u00b7\u00b7\u00b7\u00b7\u00b7\u00b7\u00b7\u00b7\u00b7\u00b7\u00b7\u00b7\u00b7\u00b7\u00b7\u00b7\u00b7\u00b7\u00b7\u00b7\u00b7\u00b7\u00b7\u00b7\u00b7\u00b7\u00b7\u00b7\u00b7\u00b7\u00b7\u00b7\u00b7\u00b7\u00b7\u00b7\u00b7\u00b7\u00b7\u00b7\u00b7\u00b7\u00b7\u00b7\u00b7\u00b7\u00b7\u00b7\u00b7\u00b7\u00b7\u00b7\u00b7\u00b7\u00b7\u00b7\u00b7\u00b7\u00b7\u00b7\u00b7<br \/>\n<\/span>Regelm\u00e4\u00dfig \u00f6ffentliche F\u00fchrungen und f\u00fcr Gruppen buchbar<\/p>\n<div id=\"attachment_380\" style=\"width: 310px\" class=\"wp-caption alignleft\"><img loading=\"lazy\" decoding=\"async\" aria-describedby=\"caption-attachment-380\" class=\"size-full wp-image-380\" src=\"https:\/\/www.braunschweig-entdecken.de\/wp-content\/uploads\/2017\/02\/DSC_2304-e1487331654416.jpg\" alt=\"Stadion-Guide mit Meisterschale von 1967 Foto: Victoria Heyer\" width=\"300\" height=\"200\" \/><p id=\"caption-attachment-380\" class=\"wp-caption-text\">Stadion-Guide mit Meisterschale von 1967<br \/>Foto: Victoria Heyer<\/p><\/div>\n<p><strong>HAUTNAH! Die Stadionf\u00fchrung<\/strong><br \/>\n<strong>Das EINTRACHT-STADION hautnah erleben<\/strong><br \/>\nEintracht Braunschweig bietet zahlreiche F\u00fchrungen durch das EINTRACHT-STADION an. Ich bin einer der Stadion-Guides. Fans und Interessierte k\u00f6nnen einen Blick hinter die Kulissen werfen und Bereiche kennen lernen, die sie sonst nicht zu sehen bekommen. In der Saison 2016\/2017 werden die historischen Stadionf\u00fchrungen unter dem Schwerpunkt &#8222;50 Jahre Meisterschaft&#8220; stattfinden.\u00a0 Seit Januar 2014 gibt es im EINTRACHT-STADION auch eine Ausstellung zur Geschichte des Vereins sowie einer umfangreichen Bildergalerie zum Thema &#8222;50 Jahre Meisterschaft&#8220; in der Saison 2016\/2017. Monatlich F\u00fchrungen werden angeboten, die von meinen Kollegen und mir \u00fcbernommen werden.<\/p>\n<p><em>Die F\u00fchrungen beginnen jeweils am Stadion-Fanshop <\/em><br \/>\n<em>Dauer: ca. 90 Minuten, Treffpunkt am Stadion-Fanshop <\/em><br \/>\n<em>Eine Anmeldung ist unbedingt per E-Mail erforderlich: stadionfuehrung@eintracht.com <\/em><br \/>\n<em>Gerne k\u00f6nnen Sie aber auch direkt \u00fcber mich buchen.<\/em><br \/>\n\u00b7\u00b7\u00b7\u00b7\u00b7\u00b7\u00b7\u00b7\u00b7\u00b7\u00b7\u00b7\u00b7\u00b7\u00b7\u00b7\u00b7\u00b7\u00b7\u00b7\u00b7\u00b7\u00b7\u00b7\u00b7\u00b7\u00b7\u00b7\u00b7\u00b7\u00b7\u00b7\u00b7\u00b7\u00b7\u00b7\u00b7\u00b7\u00b7\u00b7\u00b7\u00b7\u00b7\u00b7\u00b7\u00b7\u00b7\u00b7\u00b7\u00b7\u00b7\u00b7\u00b7\u00b7\u00b7\u00b7\u00b7\u00b7\u00b7\u00b7\u00b7\u00b7\u00b7\u00b7\u00b7\u00b7\u00b7\u00b7\u00b7\u00b7\u00b7\u00b7\u00b7\u00b7\u00b7\u00b7\u00b7\u00b7\u00b7\u00b7\u00b7\u00b7\u00b7\u00b7\u00b7\u00b7\u00b7\u00b7\u00b7\u00b7\u00b7\u00b7\u00b7\u00b7\u00b7\u00b7\u00b7\u00b7\u00b7\u00b7\u00b7\u00b7\u00b7\u00b7\u00b7\u00b7\u00b7\u00b7\u00b7\u00b7\u00b7\u00b7\u00b7\u00b7\u00b7\u00b7\u00b7\u00b7\u00b7\u00b7\u00b7\u00b7\u00b7\u00b7\u00b7\u00b7\u00b7\u00b7\u00b7\u00b7\u00b7\u00b7\u00b7\u00b7\u00b7\u00b7\u00b7\u00b7\u00b7\u00b7\u00b7\u00b7\u00b7\u00b7\u00b7\u00b7\u00b7\u00b7\u00b7\u00b7\u00b7\u00b7\u00b7\u00b7\u00b7\u00b7\u00b7\u00b7\u00b7\u00b7\u00b7\u00b7\u00b7\u00b7\u00b7<br \/>\nRegelm\u00e4ssig \u00f6ffentl. F\u00fchrungen von April bis Oktober und f\u00fcr Gruppen buchbar<\/p>\n<div id=\"attachment_460\" style=\"width: 310px\" class=\"wp-caption alignleft\"><img loading=\"lazy\" decoding=\"async\" aria-describedby=\"caption-attachment-460\" class=\"size-medium wp-image-460\" src=\"https:\/\/www.braunschweig-entdecken.de\/wp-content\/uploads\/2016\/11\/1024x683.pm0_.bgFFFFFF-300x200.jpg\" alt=\"Anderthalbdecker Foto: Braunschweig Stadtmarketing GmbH\" width=\"300\" height=\"200\" srcset=\"https:\/\/www.braunschweig-entdecken.de\/wp-content\/uploads\/2016\/11\/1024x683.pm0_.bgFFFFFF-300x200.jpg 300w, https:\/\/www.braunschweig-entdecken.de\/wp-content\/uploads\/2016\/11\/1024x683.pm0_.bgFFFFFF-768x512.jpg 768w, https:\/\/www.braunschweig-entdecken.de\/wp-content\/uploads\/2016\/11\/1024x683.pm0_.bgFFFFFF.jpg 1024w\" sizes=\"auto, (max-width: 300px) 100vw, 300px\" \/><p id=\"caption-attachment-460\" class=\"wp-caption-text\">Anderthalbdecker<br \/>Foto: Braunschweig Stadtmarketing GmbH<\/p><\/div>\n<p><strong>Stadtrundfahrt mit dem Oldtimerbus &#8211;<br \/>\nBraunschweig bequem entdecken<br \/>\n<\/strong><\/p>\n<p>Die Ausflugsfahrt wird mit einem nostalgischen originalen B\u00fcssing-Bus durchgef\u00fchrt. Das Unternehmen B\u00fcssing wurde in Braunschweig gegr\u00fcndet und gilt als Pionier des Omnibus-Baus.<\/p>\n<p>Die Fahrten beginnen am Burgplatz und f\u00fchren vorbei am historischen Altstadtmarkt in Richtung S\u00fcden zum kleinen Schl\u00f6sschen Richmond mit seinem nach englischem Muster angelegten\u00a0Landschaftsgarten.\u00a0Von dort geht es\u00a0an den Stadtrand zur mittelalterlichen Klosterkirche Riddagshausen und weit des gleichnamigen Naturschutzgebietes. Der Weg zur\u00fcck in das Stadtzentrum f\u00fchrt entlang\u00a0desStaatstheaters zumResidenzschloss.\u00a0In Riddagshausen\u00a0haben Sie die M\u00f6glichkeit auszusteigen und sich umzusehen.*<\/p>\n<p class=\"p1\"><em><span class=\"s1\">Treffpunkt: Platz der Deutschen Einheit, am Bus<br \/>\nDauer: ca. 1,5 Stunden<br \/>\nPreis\/Person: 18,00 \u20ac Erwachsene; 9,00 \u20ac, Kinder, Sch\u00fcler, Studenten, Auszubildende und Schwerbehinderte ab 50 % gegen Vorlage ihres Ausweises*<\/span><\/em><\/p>\n<p class=\"p1\"><em>Buchungen direkt in der TouristInfo, 0531 &#8211; 470-2040*<\/em><\/p>\n<p><span class=\"s1\">* (c) <\/span><span class=\"ox-c44c07b7a9-s1\"><em><span class=\"s1\">Braunschweig Stadtmarketing GmbH<\/span><\/em><\/span><\/p>\n<p class=\"p1\"><span class=\"ox-c44c07b7a9-s1\"><em><span class=\"s1\">Veranstalter: Braunschweig Stadtmarketing GmbH<br \/>\n<\/span><\/em>\u00b7\u00b7\u00b7\u00b7\u00b7\u00b7\u00b7\u00b7\u00b7\u00b7\u00b7\u00b7\u00b7\u00b7\u00b7\u00b7\u00b7\u00b7\u00b7\u00b7\u00b7\u00b7\u00b7\u00b7\u00b7\u00b7\u00b7\u00b7\u00b7\u00b7\u00b7\u00b7\u00b7\u00b7\u00b7\u00b7\u00b7\u00b7\u00b7\u00b7\u00b7\u00b7\u00b7\u00b7\u00b7\u00b7\u00b7\u00b7\u00b7\u00b7\u00b7\u00b7\u00b7\u00b7\u00b7\u00b7\u00b7\u00b7\u00b7\u00b7\u00b7\u00b7\u00b7\u00b7\u00b7\u00b7\u00b7\u00b7\u00b7\u00b7\u00b7\u00b7\u00b7\u00b7\u00b7\u00b7\u00b7\u00b7\u00b7\u00b7\u00b7\u00b7\u00b7\u00b7\u00b7\u00b7\u00b7\u00b7\u00b7\u00b7\u00b7\u00b7\u00b7\u00b7\u00b7\u00b7\u00b7\u00b7\u00b7\u00b7\u00b7\u00b7\u00b7\u00b7\u00b7\u00b7\u00b7\u00b7\u00b7\u00b7\u00b7\u00b7\u00b7\u00b7\u00b7\u00b7\u00b7\u00b7\u00b7\u00b7\u00b7\u00b7\u00b7\u00b7\u00b7\u00b7\u00b7\u00b7\u00b7\u00b7\u00b7\u00b7\u00b7\u00b7\u00b7\u00b7\u00b7\u00b7\u00b7\u00b7\u00b7\u00b7\u00b7\u00b7\u00b7\u00b7\u00b7\u00b7\u00b7\u00b7\u00b7\u00b7\u00b7\u00b7\u00b7\u00b7\u00b7\u00b7\u00b7\u00b7\u00b7\u00b7\u00b7\u00b7\u00b7<\/span><br \/>\n<span class=\"s1\">2016: Sonderausstellung &#8222;\u00d6tzi. Der Mann aus dem Eis &#8230; und zwei von hier&#8220;<\/span><\/p>\n<p class=\"p1\"><strong><span class=\"s1\"><img loading=\"lazy\" decoding=\"async\" class=\"size-medium wp-image-190 alignleft\" src=\"https:\/\/www.braunschweig-entdecken.de\/wp-content\/uploads\/2016\/11\/aktuelles_oetzi-768x729-300x285.jpg\" alt=\"aktuelles_oetzi-768x729\" width=\"300\" height=\"285\" srcset=\"https:\/\/www.braunschweig-entdecken.de\/wp-content\/uploads\/2016\/11\/aktuelles_oetzi-768x729-300x285.jpg 300w, https:\/\/www.braunschweig-entdecken.de\/wp-content\/uploads\/2016\/11\/aktuelles_oetzi-768x729.jpg 768w\" sizes=\"auto, (max-width: 300px) 100vw, 300px\" \/><\/span><\/strong><strong><span class=\"s1\">In der Sonderausstellung &#8222;\u00d6tzi. Der Mann aus dem Eis &#8230; und zwei von hier&#8220;<\/span><\/strong><\/p>\n<p class=\"p1\"><span class=\"s1\">Am 19. September 1991 machten zwei deutsche Wanderer auf 3.208 m H\u00f6he eine unerwartete Entdeckung: Aus Schnee und Eis ragte der obere Teil eines mumifizierten K\u00f6rpers, den der Gletscher freigegeben hatte. War es ein vor Jahren verungl\u00fcckter Bergsteiger? Oder etwas ganz anderes? Noch wusste niemand, welcher wissenschaftlich bedeutende Fund an diesen Tagen in den \u00d6tztaler Alpen in S\u00fcdtirol gemacht wurde.<\/span><\/p>\n<p class=\"p1\"><span class=\"s1\">In der Ausstellung geht es aber nicht nur um \u00d6tzi &#8211; auch das Braunschweiger Land spielt eine wichtige Rolle. In der Zeit, als \u00d6tzi \u00fcber die Alpen ging: Wie lebten die Menschen hier bei uns? Wie sah ihr Alltag aus, wie ihre Rituale und religi\u00f6sen Gepflogenheiten?*<\/span><\/p>\n<p class=\"p1\"><span class=\"s1\">* (c) Braunschweigisches Landesmuseum<\/span><\/p>\n<p>\u00b7\u00b7\u00b7\u00b7\u00b7\u00b7\u00b7\u00b7\u00b7\u00b7\u00b7\u00b7\u00b7\u00b7\u00b7\u00b7\u00b7\u00b7\u00b7\u00b7\u00b7\u00b7\u00b7\u00b7\u00b7\u00b7\u00b7\u00b7\u00b7\u00b7\u00b7\u00b7\u00b7\u00b7\u00b7\u00b7\u00b7\u00b7\u00b7\u00b7\u00b7\u00b7\u00b7\u00b7\u00b7\u00b7\u00b7\u00b7\u00b7\u00b7\u00b7\u00b7\u00b7\u00b7\u00b7\u00b7\u00b7\u00b7\u00b7\u00b7\u00b7\u00b7\u00b7\u00b7\u00b7\u00b7\u00b7\u00b7\u00b7\u00b7\u00b7\u00b7\u00b7\u00b7\u00b7\u00b7\u00b7\u00b7\u00b7\u00b7\u00b7\u00b7\u00b7\u00b7\u00b7\u00b7\u00b7\u00b7\u00b7\u00b7\u00b7\u00b7\u00b7\u00b7\u00b7\u00b7\u00b7\u00b7\u00b7\u00b7\u00b7\u00b7\u00b7\u00b7\u00b7\u00b7\u00b7\u00b7\u00b7\u00b7\u00b7\u00b7\u00b7\u00b7\u00b7\u00b7\u00b7\u00b7\u00b7\u00b7\u00b7\u00b7\u00b7\u00b7\u00b7\u00b7\u00b7\u00b7\u00b7\u00b7\u00b7\u00b7\u00b7\u00b7\u00b7\u00b7\u00b7\u00b7\u00b7\u00b7\u00b7\u00b7\u00b7\u00b7\u00b7\u00b7\u00b7\u00b7\u00b7\u00b7\u00b7\u00b7\u00b7\u00b7\u00b7\u00b7\u00b7\u00b7\u00b7\u00b7\u00b7\u00b7\u00b7\u00b7\u00b7<span class=\"ox-c44c07b7a9-s1\"><br \/>\n<\/span>2016: Schlossabend im Schlossmuseum und jeder Zeit f\u00fcr Gruppen&#8230;<br \/>\n<strong><img loading=\"lazy\" decoding=\"async\" class=\"size-medium wp-image-191 alignleft\" src=\"https:\/\/www.braunschweig-entdecken.de\/wp-content\/uploads\/2016\/11\/aktuelles_revolution1918-300x237.jpg\" alt=\"aktuelles_revolution1918\" width=\"300\" height=\"237\" srcset=\"https:\/\/www.braunschweig-entdecken.de\/wp-content\/uploads\/2016\/11\/aktuelles_revolution1918-300x237.jpg 300w, https:\/\/www.braunschweig-entdecken.de\/wp-content\/uploads\/2016\/11\/aktuelles_revolution1918.jpg 490w\" sizes=\"auto, (max-width: 300px) 100vw, 300px\" \/>REVOLUTION 1918! August Merges und der Arbeiter- und Soldatenrat; Schlossmuseum<\/strong><br \/>\nAm 8. November 1918 dringt der Arbeiter- und Soldatenrat in die Residenz ein und zwingt den Herzog zur Aufgabe seines Amtes &#8230; Wie war das damals genau und was ist aus dem Herzog und seiner Familie geworden? Diese Kost\u00fcmf\u00fchrung im Schlossmuseum besch\u00e4ftigt sich mit der Revolution am Ende des 1. Weltkrieges und die Zeit danach. Spannendes gibt es zu berichten und die ein oder andere Anekdote &#8230;<\/p>\n<p><em>F\u00fcr Gruppen ist diese F\u00fchrung buchbar. Lassen Sie sich ein Angebot unterbreiten. <\/em><br \/>\n<em>In Kooperation mit dem Schlossrooseum<\/em><br \/>\n<em>Dauer: ca. 1 Stunde<\/em><br \/>\n<em>Kosten: 5 \u20ac pro Person zzgl. 3 \u20ac Eintritt<\/em><br \/>\n\u00b7\u00b7\u00b7\u00b7\u00b7\u00b7\u00b7\u00b7\u00b7\u00b7\u00b7\u00b7\u00b7\u00b7\u00b7\u00b7\u00b7\u00b7\u00b7\u00b7\u00b7\u00b7\u00b7\u00b7\u00b7\u00b7\u00b7\u00b7\u00b7\u00b7\u00b7\u00b7\u00b7\u00b7\u00b7\u00b7\u00b7\u00b7\u00b7\u00b7\u00b7\u00b7\u00b7\u00b7\u00b7\u00b7\u00b7\u00b7\u00b7\u00b7\u00b7\u00b7\u00b7\u00b7\u00b7\u00b7\u00b7\u00b7\u00b7\u00b7\u00b7\u00b7\u00b7\u00b7\u00b7\u00b7\u00b7\u00b7\u00b7\u00b7\u00b7\u00b7\u00b7\u00b7\u00b7\u00b7\u00b7\u00b7\u00b7\u00b7\u00b7\u00b7\u00b7\u00b7\u00b7\u00b7\u00b7\u00b7\u00b7\u00b7\u00b7\u00b7\u00b7\u00b7\u00b7\u00b7\u00b7\u00b7\u00b7\u00b7\u00b7\u00b7\u00b7\u00b7\u00b7\u00b7\u00b7\u00b7\u00b7\u00b7\u00b7\u00b7\u00b7\u00b7\u00b7\u00b7\u00b7\u00b7\u00b7\u00b7\u00b7\u00b7\u00b7\u00b7\u00b7\u00b7\u00b7\u00b7\u00b7\u00b7\u00b7\u00b7\u00b7\u00b7\u00b7\u00b7\u00b7\u00b7\u00b7\u00b7\u00b7\u00b7\u00b7\u00b7\u00b7\u00b7\u00b7\u00b7\u00b7\u00b7\u00b7\u00b7\u00b7\u00b7\u00b7\u00b7\u00b7\u00b7\u00b7\u00b7\u00b7\u00b7\u00b7\u00b7\u00b7<br \/>\nNicht nur zur Weihnachtszeit, aber da besonders Eindrucksvoll:<\/p>\n<div id=\"attachment_308\" style=\"width: 310px\" class=\"wp-caption alignleft\"><img loading=\"lazy\" decoding=\"async\" aria-describedby=\"caption-attachment-308\" class=\"size-medium wp-image-308\" src=\"https:\/\/www.braunschweig-entdecken.de\/wp-content\/uploads\/2016\/11\/83_Drei-Gewalten-300x213.jpg\" alt=\"Rathausturm, Foto: Klaus Ebach\/art plakat\" width=\"300\" height=\"213\" srcset=\"https:\/\/www.braunschweig-entdecken.de\/wp-content\/uploads\/2016\/11\/83_Drei-Gewalten-300x213.jpg 300w, https:\/\/www.braunschweig-entdecken.de\/wp-content\/uploads\/2016\/11\/83_Drei-Gewalten.jpg 533w\" sizes=\"auto, (max-width: 300px) 100vw, 300px\" \/><p id=\"caption-attachment-308\" class=\"wp-caption-text\">Rathausturm, Foto: Klaus Ebach\/art plakat<\/p><\/div>\n<p><strong>Blick vom Rathausturm &#8211; Genialer Blick auf den Weihnachtsmarkt!<br \/>\n<\/strong><span class=\"ox-c44c07b7a9-s1\">Warum steht der Rathausturm nicht in der \u201eMitte&#8220; des Geb\u00e4udes? Was hat sich der Erbauer Ludwig Winter bei der Planung des Geb\u00e4udes gedacht? Das und noch vieles mehr \u00fcber die Stadtgeschichte erfahren die Teilnehmer bei der Turmbesteigung. Um Braunschweig aus der Vogelperspektive\u00a0 kennenzulernen, m\u00fcssen insgesamt 161 Treppenstufen bew\u00e4ltigt werden. Der Turm hat eine H\u00f6he von 61 Metern. Ein Aufzug steht nicht zur Verf\u00fcgung, aber der Ausblick lohnt diese M\u00fche.<\/span><\/p>\n<p><em>\u00a9 Braunschweig de <\/em><br \/>\n<em>Lassen Sie sich ein Angebot unterbreiten.<\/em><br \/>\n<span class=\"ox-c44c07b7a9-s1\"><em>In Koopeiation mit Biaunschweig Stadtmarketing GmbH<\/em><\/span><\/p>\n<p>\u00b7\u00b7\u00b7\u00b7\u00b7\u00b7\u00b7\u00b7\u00b7\u00b7\u00b7\u00b7\u00b7\u00b7\u00b7\u00b7\u00b7\u00b7\u00b7\u00b7\u00b7\u00b7\u00b7\u00b7\u00b7\u00b7\u00b7\u00b7\u00b7\u00b7\u00b7\u00b7\u00b7\u00b7\u00b7\u00b7\u00b7\u00b7\u00b7\u00b7\u00b7\u00b7\u00b7\u00b7\u00b7\u00b7\u00b7\u00b7\u00b7\u00b7\u00b7\u00b7\u00b7\u00b7\u00b7\u00b7\u00b7\u00b7\u00b7\u00b7\u00b7\u00b7\u00b7\u00b7\u00b7\u00b7\u00b7\u00b7\u00b7\u00b7\u00b7\u00b7\u00b7\u00b7\u00b7\u00b7\u00b7\u00b7\u00b7\u00b7\u00b7\u00b7\u00b7\u00b7\u00b7\u00b7\u00b7\u00b7\u00b7\u00b7\u00b7\u00b7\u00b7\u00b7\u00b7\u00b7\u00b7\u00b7\u00b7\u00b7\u00b7\u00b7\u00b7\u00b7\u00b7\u00b7\u00b7\u00b7\u00b7\u00b7\u00b7\u00b7\u00b7\u00b7\u00b7\u00b7\u00b7\u00b7\u00b7\u00b7\u00b7\u00b7\u00b7\u00b7\u00b7\u00b7\u00b7\u00b7\u00b7\u00b7\u00b7\u00b7\u00b7\u00b7\u00b7\u00b7\u00b7\u00b7\u00b7\u00b7\u00b7\u00b7\u00b7\u00b7\u00b7\u00b7\u00b7\u00b7\u00b7\u00b7\u00b7\u00b7\u00b7\u00b7\u00b7\u00b7\u00b7\u00b7\u00b7\u00b7\u00b7\u00b7\u00b7\u00b7\u00b7<br \/>\nWeihnachts-Special: 2. Weihnachtstag, 26. Dezember 2016 um 14 Uhr<\/p>\n<div id=\"attachment_355\" style=\"width: 310px\" class=\"wp-caption alignleft\"><img loading=\"lazy\" decoding=\"async\" aria-describedby=\"caption-attachment-355\" class=\"size-medium wp-image-355\" src=\"https:\/\/www.braunschweig-entdecken.de\/wp-content\/uploads\/2017\/01\/DSC0285-300x213.jpg\" alt=\"Herzog Carl I und Emily in der Schatzkammer (c) SNHM\/Anja Pr\u00f6hle\" width=\"300\" height=\"213\" \/><p id=\"caption-attachment-355\" class=\"wp-caption-text\">Herzog Carl I und Emily in der Schatzkammer<br \/>(c) SNHM\/Anja Pr\u00f6hle<\/p><\/div>\n<p><strong>In der Schatzkammer \u2013 mit Herzog Carl I im Museum; Staatl. Naturhistorisches Museum<\/strong><br \/>\nHerzlich willkommen in der Schatzkammer des Naturhistorischen Museums! Museumsgr\u00fcnder Herzog Carl I zu Braunschweig und L\u00fcneburg-Wolfenb\u00fcttel f\u00fchrt Sie zu den Kuriosit\u00e4ten seines ehemaligen Naturalienkabinetts und wei\u00df Spannendes und Erstaunliches dar\u00fcber zu berichten.\u00a0 Dabei zeigt er auch kleine Experi[Tlente und Objekte zum Anfassen. Erfahren Sie auch, was den Herzog im Jahre 1753 zur Offnung seiner Sammlungen f\u00fcr seine Unte1tanen bewog und was aus diesen Ideen wurde. Lassen Sie sich \u00fcberraschen!<\/p>\n<p class=\"p1\"><em>Diese F\u00fchrung gibt es als Regelf\u00fchrung f\u00fcr 8 \u20ac\/Person und kann auch zu<\/em><br \/>\n<em>anderen Terminen f\u00fcr private Veranstaltungen oder Firmenfeiern f\u00fcr<\/em><br \/>\n<em>80 \u20ac\/10 Personen \u2022 8 \u20ac jede weitere Person gebucht werden. <\/em><br \/>\n<em>Buchungen direkt im Staatlichen Naturhistorischen Museum, 0531 &#8211; 28892-12<\/em><\/p>\n<p class=\"p1\">\u00b7\u00b7\u00b7\u00b7\u00b7\u00b7\u00b7\u00b7\u00b7\u00b7\u00b7\u00b7\u00b7\u00b7\u00b7\u00b7\u00b7\u00b7\u00b7\u00b7\u00b7\u00b7\u00b7\u00b7\u00b7\u00b7\u00b7\u00b7\u00b7\u00b7\u00b7\u00b7\u00b7\u00b7\u00b7\u00b7\u00b7\u00b7\u00b7\u00b7\u00b7\u00b7\u00b7\u00b7\u00b7\u00b7\u00b7\u00b7\u00b7\u00b7\u00b7\u00b7\u00b7\u00b7\u00b7\u00b7\u00b7\u00b7\u00b7\u00b7\u00b7\u00b7\u00b7\u00b7\u00b7\u00b7\u00b7\u00b7\u00b7\u00b7\u00b7\u00b7\u00b7\u00b7\u00b7\u00b7\u00b7\u00b7\u00b7\u00b7\u00b7\u00b7\u00b7\u00b7\u00b7\u00b7\u00b7\u00b7\u00b7\u00b7\u00b7\u00b7\u00b7\u00b7\u00b7\u00b7\u00b7\u00b7\u00b7\u00b7\u00b7\u00b7\u00b7\u00b7\u00b7\u00b7\u00b7\u00b7\u00b7\u00b7\u00b7\u00b7\u00b7\u00b7\u00b7\u00b7\u00b7\u00b7\u00b7\u00b7\u00b7\u00b7\u00b7\u00b7\u00b7\u00b7\u00b7\u00b7\u00b7\u00b7\u00b7\u00b7\u00b7\u00b7\u00b7\u00b7\u00b7\u00b7\u00b7\u00b7\u00b7\u00b7\u00b7\u00b7\u00b7\u00b7\u00b7\u00b7\u00b7\u00b7\u00b7\u00b7\u00b7\u00b7\u00b7\u00b7\u00b7\u00b7\u00b7\u00b7\u00b7\u00b7\u00b7\u00b7\u00b7<br \/>\nRegelm\u00e4\u00dfig und auf Anfrage<\/p>\n<div id=\"attachment_349\" style=\"width: 310px\" class=\"wp-caption alignleft\"><img loading=\"lazy\" decoding=\"async\" aria-describedby=\"caption-attachment-349\" class=\"size-medium wp-image-349\" src=\"https:\/\/www.braunschweig-entdecken.de\/wp-content\/uploads\/2017\/01\/DSC0102-300x216.jpg\" alt=\"Sherlock - der Museumsdetektiv (c) BLM\/Anja Pr\u00f6hle\" width=\"300\" height=\"216\" \/><p id=\"caption-attachment-349\" class=\"wp-caption-text\">Sherlock &#8211; der Museumsdetektiv<br \/>(c) BLM\/Anja Pr\u00f6hle<\/p><\/div>\n<p class=\"p1\"><strong>Kinderf\u00fchrung: Museumsdetektive entdecken \u00d6tzi<br \/>\n<\/strong><\/p>\n<p>Die Museumsdetektive entdecken \u00d6tzi, die ber\u00fchmte Gletschermumie: In der Sonderausstellung \u201e\u00d6tzi. Der Mann aus dem Eis &#8230; und zwei von hier\u201c k\u00f6nnen sich Kinder ab 6 Jahren detektivisch bet\u00e4tigen. Die spielerische Entdeckung der Stein- und Kupferzeit h\u00e4lt einige R\u00e4tsel und knifflige Fragen rund um \u00d6tzi bereit. Eine Aufgabe f\u00fcr fachkundige kleine Museumsdetektive!*<\/p>\n<p class=\"p1\"><em><span class=\"s1\">\u00d6ffentliche F\u00fchrung, <span class=\"_Xbe\">Braunschweigisches Landesmuseum, Burgplatz 1, Braunschweig<\/span><br \/>\n<\/span><span class=\"s1\">3,00 \u20ac zzgl. Eintritt<br \/>\n<\/span><\/em><\/p>\n<p class=\"p1\"><span class=\"s1\">* (c) <\/span><span class=\"ox-c44c07b7a9-s1\"><em><span class=\"s1\">Braunschweigisches Landesmuseum<\/span><\/em><br \/>\n\u00b7\u00b7\u00b7\u00b7\u00b7\u00b7\u00b7\u00b7\u00b7\u00b7\u00b7\u00b7\u00b7\u00b7\u00b7\u00b7\u00b7\u00b7\u00b7\u00b7\u00b7\u00b7\u00b7\u00b7\u00b7\u00b7\u00b7\u00b7\u00b7\u00b7\u00b7\u00b7\u00b7\u00b7\u00b7\u00b7\u00b7\u00b7\u00b7\u00b7\u00b7\u00b7\u00b7\u00b7\u00b7\u00b7\u00b7\u00b7\u00b7\u00b7\u00b7\u00b7\u00b7\u00b7\u00b7\u00b7\u00b7\u00b7\u00b7\u00b7\u00b7\u00b7\u00b7\u00b7\u00b7\u00b7\u00b7\u00b7\u00b7\u00b7\u00b7\u00b7\u00b7\u00b7\u00b7\u00b7\u00b7\u00b7\u00b7\u00b7\u00b7\u00b7\u00b7\u00b7\u00b7\u00b7\u00b7\u00b7\u00b7\u00b7\u00b7\u00b7\u00b7\u00b7\u00b7\u00b7\u00b7\u00b7\u00b7\u00b7\u00b7\u00b7\u00b7\u00b7\u00b7\u00b7\u00b7\u00b7\u00b7\u00b7\u00b7\u00b7\u00b7\u00b7\u00b7\u00b7\u00b7\u00b7\u00b7\u00b7\u00b7\u00b7\u00b7\u00b7\u00b7\u00b7\u00b7\u00b7\u00b7\u00b7\u00b7\u00b7\u00b7\u00b7\u00b7\u00b7\u00b7\u00b7\u00b7\u00b7\u00b7\u00b7\u00b7\u00b7\u00b7\u00b7\u00b7\u00b7\u00b7\u00b7\u00b7\u00b7\u00b7\u00b7\u00b7\u00b7\u00b7\u00b7\u00b7\u00b7\u00b7\u00b7\u00b7\u00b7\u00b7<br \/>\n<\/span>Regelm\u00e4\u00dfig im Angebot!<\/p>\n<div id=\"attachment_342\" style=\"width: 310px\" class=\"wp-caption alignleft\"><img loading=\"lazy\" decoding=\"async\" aria-describedby=\"caption-attachment-342\" class=\"size-medium wp-image-342\" src=\"https:\/\/www.braunschweig-entdecken.de\/wp-content\/uploads\/2017\/01\/Charles-Darwin-und-Yannick-300x201.jpg\" alt=\"Charles Darwin und Yannick (c) SNHM\/Anja Pr\u00f6hle\" width=\"300\" height=\"201\" srcset=\"https:\/\/www.braunschweig-entdecken.de\/wp-content\/uploads\/2017\/01\/Charles-Darwin-und-Yannick-300x201.jpg 300w, https:\/\/www.braunschweig-entdecken.de\/wp-content\/uploads\/2017\/01\/Charles-Darwin-und-Yannick-768x513.jpg 768w, https:\/\/www.braunschweig-entdecken.de\/wp-content\/uploads\/2017\/01\/Charles-Darwin-und-Yannick.jpg 793w\" sizes=\"auto, (max-width: 300px) 100vw, 300px\" \/><p id=\"caption-attachment-342\" class=\"wp-caption-text\">Charles Darwin und Yannick<br \/>(c) SNHM\/Anja Pr\u00f6hle<\/p><\/div>\n<p class=\"p1\"><strong>Auf den Spuren von Charles Darwin \u2013 zu Besuch im neuen Schaumagazin!<\/strong><\/p>\n<p>Auf den Spuren von Charles Darwin \u2013 zu Besuch im neuen Schaumagazin! Althergebrachtes Gedankengut wird im 19. Jahrhundert infrage gestellt und durch neue Theorien ersetzt. Der Sch\u00f6pfungsbericht im 1. Buch der Bibel ist fortan nicht mehr w\u00f6rtlich zu sehen\u2026 aber dennoch vielleicht gar nicht so weit von der Evolutionstheorie entfernt.<br \/>\nLassen Sie sich mit dieser Kost\u00fcmf\u00fchrung in die Zeit der Entdecker und Forscher entf\u00fchren. Charles Darwin l\u00e4sst die Geschichte wach werden und f\u00fchrt Sie zu einzigartigen Pr\u00e4paraten aus dem historischen Bestand unseres Museums, angereichert mit Anekdoten, Arbeitsweisen des vorletzten Jahrhunderts und manch einen Blick hinter die Kulissen.<\/p>\n<p>Lassen Sie sich \u00fcberraschen!<\/p>\n<p class=\"p1\"><em><span class=\"s1\">\u00d6ffentliche F\u00fchrung, Staatliches Naturhistorisches Museum, <span class=\"_Xbe\">Pockelsstra\u00dfe 10, Braunschweig<\/span><br \/>\n<\/span><span class=\"s1\">7,50 \u20ac zzgl. erm\u00e4\u00dfigter Eintritt (derzeit 3,- \u20ac)*<br \/>\n<\/span><\/em><\/p>\n<p class=\"p1\"><em> Diese F\u00fchrung kann auch zu<\/em> <em>anderen Terminen f\u00fcr private Veranstaltungen oder Firmenfeiern gebucht werden.<\/em><br \/>\n<em>75 \u20ac\/10 Personen \u2022 7,50 \u20ac jede weitere Person. Begrenzte Teilnehmerzahl ca. 15 Personen.<\/em><br \/>\n<em>Buchungen direkt im Staatlichen Naturhistorischen Museum, 0531 &#8211; 28892-12<\/em>*<\/p>\n<p><span class=\"s1\">* (c) <\/span><span class=\"ox-c44c07b7a9-s1\"><em><span class=\"s1\">Staatliches Naturhistorisches Museum<\/span><\/em><br \/>\n\u00b7\u00b7\u00b7\u00b7\u00b7\u00b7\u00b7\u00b7\u00b7\u00b7\u00b7\u00b7\u00b7\u00b7\u00b7\u00b7\u00b7\u00b7\u00b7\u00b7\u00b7\u00b7\u00b7\u00b7\u00b7\u00b7\u00b7\u00b7\u00b7\u00b7\u00b7\u00b7\u00b7\u00b7\u00b7\u00b7\u00b7\u00b7\u00b7\u00b7\u00b7\u00b7\u00b7\u00b7\u00b7\u00b7\u00b7\u00b7\u00b7\u00b7\u00b7\u00b7\u00b7\u00b7\u00b7\u00b7\u00b7\u00b7\u00b7\u00b7\u00b7\u00b7\u00b7\u00b7\u00b7\u00b7\u00b7\u00b7\u00b7\u00b7\u00b7\u00b7\u00b7\u00b7\u00b7\u00b7\u00b7\u00b7\u00b7\u00b7\u00b7\u00b7\u00b7\u00b7\u00b7\u00b7\u00b7\u00b7\u00b7\u00b7\u00b7\u00b7\u00b7\u00b7\u00b7\u00b7\u00b7\u00b7\u00b7\u00b7\u00b7\u00b7\u00b7\u00b7\u00b7\u00b7\u00b7\u00b7\u00b7\u00b7\u00b7\u00b7\u00b7\u00b7\u00b7\u00b7\u00b7\u00b7\u00b7\u00b7\u00b7\u00b7\u00b7\u00b7\u00b7\u00b7\u00b7\u00b7\u00b7\u00b7\u00b7\u00b7\u00b7\u00b7\u00b7\u00b7\u00b7\u00b7\u00b7\u00b7\u00b7\u00b7\u00b7\u00b7\u00b7\u00b7\u00b7\u00b7\u00b7\u00b7\u00b7\u00b7\u00b7\u00b7\u00b7\u00b7\u00b7\u00b7\u00b7\u00b7\u00b7\u00b7\u00b7\u00b7\u00b7<br \/>\n<\/span>Regelm\u00e4\u00dfig im Angebot!<\/p>\n<div id=\"attachment_380\" style=\"width: 310px\" class=\"wp-caption alignleft\"><img loading=\"lazy\" decoding=\"async\" aria-describedby=\"caption-attachment-380\" class=\"size-full wp-image-380\" src=\"https:\/\/www.braunschweig-entdecken.de\/wp-content\/uploads\/2017\/02\/DSC_2304-e1487331654416.jpg\" alt=\"Stadion-Guide mit Meisterschale von 1967 Foto: Victoria Heyer\" width=\"300\" height=\"200\" \/><p id=\"caption-attachment-380\" class=\"wp-caption-text\">Stadion-Guide mit Meisterschale von 1967<br \/>Foto: Victoria Heyer<\/p><\/div>\n<p><strong>HAUTNAH! Die Stadionf\u00fchrung<\/strong><br \/>\n<strong>Das EINTRACHT-STADION hautnah erleben<\/strong><br \/>\nEintracht Braunschweig bietet zahlreiche F\u00fchrungen durch das EINTRACHT-STADION an. Ich bin einer der Stadion-Guides. Fans und Interessierte k\u00f6nnen einen Blick hinter die Kulissen werfen und Bereiche kennen lernen, die sie sonst nicht zu sehen bekommen. In der Saison 2016\/2017 werden die historischen Stadionf\u00fchrungen unter dem Schwerpunkt &#8222;50 Jahre Meisterschaft&#8220; stattfinden.\u00a0 Seit Januar 2014 gibt es im EINTRACHT-STADION auch eine Ausstellung zur Geschichte des Vereins sowie einer umfangreichen Bildergalerie zum Thema &#8222;50 Jahre Meisterschaft&#8220; in der Saison 2016\/2017. Monatlich F\u00fchrungen werden angeboten, die von meinen Kollegen und mir \u00fcbernommen werden.<\/p>\n<p><em>Die F\u00fchrungen beginnen jeweils am Stadion-Fanshop <\/em><br \/>\n<em>Dauer: ca. 90 Minuten, Treffpunkt am Stadion-Fanshop <\/em><br \/>\n<em>Eine Anmeldung ist unbedingt per E-Mail erforderlich: stadionfuehrung@eintracht.com <\/em><br \/>\n<em>Gerne k\u00f6nnen Sie aber auch direkt \u00fcber mich buchen.<\/em><br \/>\n\u00b7\u00b7\u00b7\u00b7\u00b7\u00b7\u00b7\u00b7\u00b7\u00b7\u00b7\u00b7\u00b7\u00b7\u00b7\u00b7\u00b7\u00b7\u00b7\u00b7\u00b7\u00b7\u00b7\u00b7\u00b7\u00b7\u00b7\u00b7\u00b7\u00b7\u00b7\u00b7\u00b7\u00b7\u00b7\u00b7\u00b7\u00b7\u00b7\u00b7\u00b7\u00b7\u00b7\u00b7\u00b7\u00b7\u00b7\u00b7\u00b7\u00b7\u00b7\u00b7\u00b7\u00b7\u00b7\u00b7\u00b7\u00b7\u00b7\u00b7\u00b7\u00b7\u00b7\u00b7\u00b7\u00b7\u00b7\u00b7\u00b7\u00b7\u00b7\u00b7\u00b7\u00b7\u00b7\u00b7\u00b7\u00b7\u00b7\u00b7\u00b7\u00b7\u00b7\u00b7\u00b7\u00b7\u00b7\u00b7\u00b7\u00b7\u00b7\u00b7\u00b7\u00b7\u00b7\u00b7\u00b7\u00b7\u00b7\u00b7\u00b7\u00b7\u00b7\u00b7\u00b7\u00b7\u00b7\u00b7\u00b7\u00b7\u00b7\u00b7\u00b7\u00b7\u00b7\u00b7\u00b7\u00b7\u00b7\u00b7\u00b7\u00b7\u00b7\u00b7\u00b7\u00b7\u00b7\u00b7\u00b7\u00b7\u00b7\u00b7\u00b7\u00b7\u00b7\u00b7\u00b7\u00b7\u00b7\u00b7\u00b7\u00b7\u00b7\u00b7\u00b7\u00b7\u00b7\u00b7\u00b7\u00b7\u00b7\u00b7\u00b7\u00b7\u00b7\u00b7\u00b7\u00b7\u00b7\u00b7\u00b7\u00b7\u00b7\u00b7\u00b7<br \/>\nRegelm\u00e4\u00dfig im Angebot!<\/p>\n<div id=\"attachment_355\" style=\"width: 310px\" class=\"wp-caption alignleft\"><img loading=\"lazy\" decoding=\"async\" aria-describedby=\"caption-attachment-355\" class=\"size-medium wp-image-355\" src=\"https:\/\/www.braunschweig-entdecken.de\/wp-content\/uploads\/2017\/01\/DSC0285-300x213.jpg\" alt=\"Herzog Carl I und Emily in der Schatzkammer (c) SNHM\/Anja Pr\u00f6hle\" width=\"300\" height=\"213\" \/><p id=\"caption-attachment-355\" class=\"wp-caption-text\">Herzog Carl I und Emily in der Schatzkammer<br \/>(c) SNHM\/Anja Pr\u00f6hle<\/p><\/div>\n<p><strong>In der Schatzkammer \u2013 mit Herzog Carl I im Museum; Staatl. Naturhistorisches Museum<\/strong><\/p>\n<p>Herzlich willkommen in der Schatzkammer des Naturhistorischen Museums! Museumsgr\u00fcnder Herzog Carl I zu Braunschweig und L\u00fcneburg-Wolfenb\u00fcttel f\u00fchrt Sie zu den Kuriosit\u00e4ten seines ehemaligen Naturalienkabinetts und wei\u00df Spannendes und Erstaunliches dar\u00fcber zu berichten.\u00a0 Dabei zeigt er auch kleine Experi[Tlente und Objekte zum Anfassen. Erfahren Sie auch, was den Herzog im Jahre 1753 zur Offnung seiner Sammlungen f\u00fcr seine Unte1tanen bewog und was aus diesen Ideen wurde. Lassen Sie sich \u00fcberraschen!<\/p>\n<p class=\"p1\"><em><span class=\"s1\">\u00d6ffentliche F\u00fchrung, Staatliches Naturhistorisches Museum, <span class=\"_Xbe\">Pockelsstra\u00dfe 10, Braunschweig<\/span><br \/>\n<\/span><span class=\"s1\">7,50 \u20ac zzgl. erm\u00e4\u00dfigter Eintritt (derzeit 3,- \u20ac)*<\/span><\/em><\/p>\n<p class=\"p1\"><em> Diese F\u00fchrung kann auch zu<\/em> <em>anderen Terminen f\u00fcr private Veranstaltungen oder Firmenfeiern gebucht werden.<\/em><br \/>\n<em>75 \u20ac\/10 Personen \u2022 7,50 \u20ac jede weitere Person. Begrenzte Teilnehmerzahl ca. 15 Personen.<\/em><br \/>\n<em>Buchungen direkt im Staatlichen Naturhistorischen Museum, 0531 &#8211; 28892-12*<\/em><\/p>\n<p class=\"p1\"><span class=\"s1\">* (c) <\/span><span class=\"ox-c44c07b7a9-s1\"><em><span class=\"s1\">Staatliches Naturhistorisches Museum<\/span><\/em><\/span><\/p>\n<p><span class=\"ox-c44c07b7a9-s1\">\u00b7\u00b7\u00b7\u00b7\u00b7\u00b7\u00b7\u00b7\u00b7\u00b7\u00b7\u00b7\u00b7\u00b7\u00b7\u00b7\u00b7\u00b7\u00b7\u00b7\u00b7\u00b7\u00b7\u00b7\u00b7\u00b7\u00b7\u00b7\u00b7\u00b7\u00b7\u00b7\u00b7\u00b7\u00b7\u00b7\u00b7\u00b7\u00b7\u00b7\u00b7\u00b7\u00b7\u00b7\u00b7\u00b7\u00b7\u00b7\u00b7\u00b7\u00b7\u00b7\u00b7\u00b7\u00b7\u00b7\u00b7\u00b7\u00b7\u00b7\u00b7\u00b7\u00b7\u00b7\u00b7\u00b7\u00b7\u00b7\u00b7\u00b7\u00b7\u00b7\u00b7\u00b7\u00b7\u00b7\u00b7\u00b7\u00b7\u00b7\u00b7\u00b7\u00b7\u00b7\u00b7\u00b7\u00b7\u00b7\u00b7\u00b7\u00b7\u00b7\u00b7\u00b7\u00b7\u00b7\u00b7\u00b7\u00b7\u00b7\u00b7\u00b7\u00b7\u00b7\u00b7\u00b7\u00b7\u00b7\u00b7\u00b7\u00b7\u00b7\u00b7\u00b7\u00b7\u00b7\u00b7\u00b7\u00b7\u00b7\u00b7\u00b7\u00b7\u00b7\u00b7\u00b7\u00b7\u00b7\u00b7\u00b7\u00b7\u00b7\u00b7\u00b7\u00b7\u00b7\u00b7\u00b7\u00b7\u00b7\u00b7\u00b7\u00b7\u00b7\u00b7\u00b7\u00b7\u00b7\u00b7\u00b7\u00b7\u00b7\u00b7\u00b7\u00b7\u00b7\u00b7\u00b7\u00b7\u00b7\u00b7\u00b7\u00b7\u00b7\u00b7<br \/>\n<\/span>Regelm\u00e4\u00dfig im Angebot!<\/p>\n<p><strong><img loading=\"lazy\" decoding=\"async\" class=\"size-medium wp-image-372 alignleft\" src=\"https:\/\/www.braunschweig-entdecken.de\/wp-content\/uploads\/2016\/11\/50_Domplatz-im-Herbstgewand-300x213.jpg\" alt=\"50_domplatz-im-herbstgewand\" width=\"300\" height=\"213\" \/>Stadtspazierganz in der L\u00f6wenstadt<\/strong><\/p>\n<p>Dieser Spaziergang durch die Innenstadt vermittelt einen Einblick in die spannende Historie der L\u00f6wenstadt. Vor rund 1.000 Jahren wurde Braunschweig gegr\u00fcndet, vor etwa 850 Jahren baute Heinrich der L\u00f6we es zu seiner Residenz aus. Sie schlendern durch mittelalterliche Gassen und entdecken an historischen Pl\u00e4tzen die Spuren der Hansekaufleute und der Welfen, die Braunschweig \u00fcber Jahrhunderte gepr\u00e4gt haben.<\/p>\n<p>Der Weg f\u00fchrt \u00fcber den Burgplatz mit Braunschweigs Wahrzeichen, dem L\u00f6wen, der Burg Dankwarderode und dem Dom St. Blasii zum historischen Altstadtmarkt.*<\/p>\n<p class=\"p1\"><em><span class=\"s1\">\u00d6ffentliche F\u00fchrung, Beginn an der TouristInfo, Kleine Burg 14 <span class=\"_Xbe\">, Braunschweig<\/span>, <\/span><span class=\"s1\">8,50 \u20ac *<\/span><\/em><\/p>\n<p class=\"p1\"><em> Diese F\u00fchrung kann auch zu<\/em> <em>anderen Terminen f\u00fcr private Veranstaltungen oder Firmenfeiern gebucht werden,<\/em> <em>80 \u20ac\/25 Personen<\/em><br \/>\n<em>Buchungen direkt in der TouristInfo, 0531 &#8211; 470-2040*<\/em><\/p>\n<p class=\"p1\"><span class=\"s1\">* (c) <\/span><span class=\"ox-c44c07b7a9-s1\"><em><span class=\"s1\">Braunschweig Stadtmarketing GmbH<\/span><\/em><\/span><\/p>\n<p><span class=\"ox-c44c07b7a9-s1\">\u00b7\u00b7\u00b7\u00b7\u00b7\u00b7\u00b7\u00b7\u00b7\u00b7\u00b7\u00b7\u00b7\u00b7\u00b7\u00b7\u00b7\u00b7\u00b7\u00b7\u00b7\u00b7\u00b7\u00b7\u00b7\u00b7\u00b7\u00b7\u00b7\u00b7\u00b7\u00b7\u00b7\u00b7\u00b7\u00b7\u00b7\u00b7\u00b7\u00b7\u00b7\u00b7\u00b7\u00b7\u00b7\u00b7\u00b7\u00b7\u00b7\u00b7\u00b7\u00b7\u00b7\u00b7\u00b7\u00b7\u00b7\u00b7\u00b7\u00b7\u00b7\u00b7\u00b7\u00b7\u00b7\u00b7\u00b7\u00b7\u00b7\u00b7\u00b7\u00b7\u00b7\u00b7\u00b7\u00b7\u00b7\u00b7\u00b7\u00b7\u00b7\u00b7\u00b7\u00b7\u00b7\u00b7\u00b7\u00b7\u00b7\u00b7\u00b7\u00b7\u00b7\u00b7\u00b7\u00b7\u00b7\u00b7\u00b7\u00b7\u00b7\u00b7\u00b7\u00b7\u00b7\u00b7\u00b7\u00b7\u00b7\u00b7\u00b7\u00b7\u00b7\u00b7\u00b7\u00b7\u00b7\u00b7\u00b7\u00b7\u00b7\u00b7\u00b7\u00b7\u00b7\u00b7\u00b7\u00b7\u00b7\u00b7\u00b7\u00b7\u00b7\u00b7\u00b7\u00b7\u00b7\u00b7\u00b7\u00b7\u00b7\u00b7\u00b7\u00b7\u00b7\u00b7\u00b7\u00b7\u00b7\u00b7\u00b7\u00b7\u00b7\u00b7\u00b7\u00b7\u00b7\u00b7\u00b7\u00b7\u00b7\u00b7\u00b7\u00b7\u00b7<br \/>\n<\/span>2016\/17: Zur Sonderausstellung &#8218;Schatzkammer Harz&#8216;:<\/p>\n<div id=\"attachment_334\" style=\"width: 310px\" class=\"wp-caption alignleft\"><img loading=\"lazy\" decoding=\"async\" aria-describedby=\"caption-attachment-334\" class=\"size-medium wp-image-334\" src=\"https:\/\/www.braunschweig-entdecken.de\/wp-content\/uploads\/2017\/01\/161123-SMB-231_WEB-300x200.jpg\" alt=\"Schlossmuseum Braunschweig\/Moritz K\u00fcstner\" width=\"300\" height=\"200\" \/><p id=\"caption-attachment-334\" class=\"wp-caption-text\">Schlossmuseum Braunschweig\/Moritz K\u00fcstner<\/p><\/div>\n<p><strong>Ein Nachmittag mit Herzog Carl I.<\/strong><\/p>\n<p>Lassen Sie sich einladen in die Sonderausstellung des Schlossmuseums &#8218;Schatzkammer Harz&#8216;.<\/p>\n<p>Herzog Carl I f\u00fchrt Sie pers\u00f6nlich in die Zeit, in welcher der Harz einen gro\u00dfen Stellenwert f\u00fcr innovative Techniken und h\u00f6fische Repr\u00e4sentation hat, sei es f\u00fcr gro\u00dfe Jagdgesellschaften und Holzwirtschaft, Silber- und Erzbergbau, aber auch der Wasserwirtschaft mit dem Oberharzer Wasserregal und seinen 143 kleinen Stauteichen und Talsperren.<br \/>\nVon der &#8218;Schatzkammer Harz&#8216; im Schlossmuseum geht es, entlang der Wallanlagen, zur Schatzkammer im Staatl. Naturhistorischen Museums. Hier zeigt der Herzog gerne, mit welchen wertvollen Exponaten er 1753 mit der \u00d6ffnung des Kunst- und Naturalienkabinetts das erste Museum Europas schuf.<\/p>\n<p class=\"p1\"><em>Kombi-F\u00fchrungen im Schlossmuseum und im Staatl. Naturhistorischen Museum Braunschweig<\/em><em><br \/>\n<\/em><\/p>\n<p><span class=\"ox-c44c07b7a9-s1\">\u00b7\u00b7\u00b7\u00b7\u00b7\u00b7\u00b7\u00b7\u00b7\u00b7\u00b7\u00b7\u00b7\u00b7\u00b7\u00b7\u00b7\u00b7\u00b7\u00b7\u00b7\u00b7\u00b7\u00b7\u00b7\u00b7\u00b7\u00b7\u00b7\u00b7\u00b7\u00b7\u00b7\u00b7\u00b7\u00b7\u00b7\u00b7\u00b7\u00b7\u00b7\u00b7\u00b7\u00b7\u00b7\u00b7\u00b7\u00b7\u00b7\u00b7\u00b7\u00b7\u00b7\u00b7\u00b7\u00b7\u00b7\u00b7\u00b7\u00b7\u00b7\u00b7\u00b7\u00b7\u00b7\u00b7\u00b7\u00b7\u00b7\u00b7\u00b7\u00b7\u00b7\u00b7\u00b7\u00b7\u00b7\u00b7\u00b7\u00b7\u00b7\u00b7\u00b7\u00b7\u00b7\u00b7\u00b7\u00b7\u00b7\u00b7\u00b7\u00b7\u00b7\u00b7\u00b7\u00b7\u00b7\u00b7\u00b7\u00b7\u00b7\u00b7\u00b7\u00b7\u00b7\u00b7\u00b7\u00b7\u00b7\u00b7\u00b7\u00b7\u00b7\u00b7\u00b7\u00b7\u00b7\u00b7\u00b7\u00b7\u00b7\u00b7\u00b7\u00b7\u00b7\u00b7\u00b7\u00b7\u00b7\u00b7\u00b7\u00b7\u00b7\u00b7\u00b7\u00b7\u00b7\u00b7\u00b7\u00b7\u00b7\u00b7\u00b7\u00b7\u00b7\u00b7\u00b7\u00b7\u00b7\u00b7\u00b7\u00b7\u00b7\u00b7\u00b7\u00b7\u00b7\u00b7\u00b7\u00b7\u00b7\u00b7\u00b7\u00b7\u00b7<\/span> Regelm\u00e4\u00dfig im Angebot!<\/p>\n<div id=\"attachment_382\" style=\"width: 310px\" class=\"wp-caption alignleft\"><img loading=\"lazy\" decoding=\"async\" aria-describedby=\"caption-attachment-382\" class=\"size-medium wp-image-382\" src=\"https:\/\/www.braunschweig-entdecken.de\/wp-content\/uploads\/2017\/02\/DSC_2269-300x200.jpg\" alt=\"Stadion-Guide mit Meisterschale von 1967 Foto: Victoria Heyer, Braunschweig\" width=\"300\" height=\"200\" \/><p id=\"caption-attachment-382\" class=\"wp-caption-text\">Stadion-Guide mit Meisterschale von 1967<br \/>Foto: Victoria Heyer, Braunschweig<\/p><\/div>\n<p><strong>HAUTNAH! Die Stadionf\u00fchrung<\/strong><br \/>\n<strong>Das EINTRACHT-STADION hautnah erleben<\/strong><br \/>\nEintracht Braunschweig bietet zahlreiche F\u00fchrungen durch das EINTRACHT-STADION an. Ich bin einer der Stadion-Guides. Fans und Interessierte k\u00f6nnen einen Blick hinter die Kulissen werfen und Bereiche kennen lernen, die sie sonst nicht zu sehen bekommen. In der Saison 2016\/2017 werden die historischen Stadionf\u00fchrungen unter dem Schwerpunkt &#8222;50 Jahre Meisterschaft&#8220; stattfinden.\u00a0 Seit Januar 2014 gibt es im EINTRACHT-STADION auch eine Ausstellung zur Geschichte des Vereins sowie einer umfangreichen Bildergalerie zum Thema &#8222;50 Jahre Meisterschaft&#8220; in der Saison 2016\/2017. Monatlich F\u00fchrungen werden angeboten, die von meinen Kollegen und mir \u00fcbernommen werden.<\/p>\n<p><em>Die F\u00fchrungen beginnen jeweils am Stadion-Fanshop <\/em><br \/>\n<em>Dauer: ca. 90 Minuten, Treffpunkt am Stadion-Fanshop <\/em><br \/>\n<em>Eine Anmeldung ist unbedingt per E-Mail erforderlich: stadionfuehrung@eintracht.com <\/em><br \/>\n<em>Gerne k\u00f6nnen Sie aber auch direkt \u00fcber mich buchen.<\/em><br \/>\n\u00b7\u00b7\u00b7\u00b7\u00b7\u00b7\u00b7\u00b7\u00b7\u00b7\u00b7\u00b7\u00b7\u00b7\u00b7\u00b7\u00b7\u00b7\u00b7\u00b7\u00b7\u00b7\u00b7\u00b7\u00b7\u00b7\u00b7\u00b7\u00b7\u00b7\u00b7\u00b7\u00b7\u00b7\u00b7\u00b7\u00b7\u00b7\u00b7\u00b7\u00b7\u00b7\u00b7\u00b7\u00b7\u00b7\u00b7\u00b7\u00b7\u00b7\u00b7\u00b7\u00b7\u00b7\u00b7\u00b7\u00b7\u00b7\u00b7\u00b7\u00b7\u00b7\u00b7\u00b7\u00b7\u00b7\u00b7\u00b7\u00b7\u00b7\u00b7\u00b7\u00b7\u00b7\u00b7\u00b7\u00b7\u00b7\u00b7\u00b7\u00b7\u00b7\u00b7\u00b7\u00b7\u00b7\u00b7\u00b7\u00b7\u00b7\u00b7\u00b7\u00b7\u00b7\u00b7\u00b7\u00b7\u00b7\u00b7\u00b7\u00b7\u00b7\u00b7\u00b7\u00b7\u00b7\u00b7\u00b7\u00b7\u00b7\u00b7\u00b7\u00b7\u00b7\u00b7\u00b7\u00b7\u00b7\u00b7\u00b7\u00b7\u00b7\u00b7\u00b7\u00b7\u00b7\u00b7\u00b7\u00b7\u00b7\u00b7\u00b7\u00b7\u00b7\u00b7\u00b7\u00b7\u00b7\u00b7\u00b7\u00b7\u00b7\u00b7\u00b7\u00b7\u00b7\u00b7\u00b7\u00b7\u00b7\u00b7\u00b7\u00b7\u00b7\u00b7\u00b7\u00b7\u00b7\u00b7\u00b7\u00b7\u00b7\u00b7\u00b7\u00b7<br \/>\nAlle Jahre wieder und immer wieder neu zum Karneval:<\/p>\n<div id=\"attachment_338\" style=\"width: 310px\" class=\"wp-caption alignleft\"><img loading=\"lazy\" decoding=\"async\" aria-describedby=\"caption-attachment-338\" class=\"size-medium wp-image-338\" src=\"https:\/\/www.braunschweig-entdecken.de\/wp-content\/uploads\/2017\/01\/Graphik-300x195.jpg\" alt=\"Illustration: Frank Schulz\/musenkuss-muenchen.de\" width=\"300\" height=\"195\" \/><p id=\"caption-attachment-338\" class=\"wp-caption-text\">Illustration: Frank Schulz\/musenkuss-muenchen.de<\/p><\/div>\n<p><strong>Karneval der Tiere &#8211; mit Herzog Carl I<\/strong><\/p>\n<p>Angef\u00fchrt von Herzog Carl I., dem Museumsgr\u00fcnder, machen Kinder und Eltern heute einen Karnevalsumzug durchs Museum, bei dem sie die Tiere einmal aus ganz neuen Perspektiven, n\u00e4mlich der Musik des Komponisten Camille Saint-Saens und in kleinen Geschichten betrachten.<\/p>\n<p>Wer mag, sollte (am besten als Tier) verkleidet kommen, damit unser Umzug ganz bunt und lustig wird.<\/p>\n<p><em>F\u00fchrung f\u00fcr Familien mit Kindern ab 5 Jahren<\/em><\/p>\n<p><em>Kosten: Kinder 3,- \u20ac, Erwachsene 6,- \u20ac inkl. Eintritt<br \/>\nBuchungen direkt im Staatlichen Naturhistorischen Museum, 0531 &#8211; 28892-12<br \/>\n<\/em><\/p>\n<p><span class=\"ox-c44c07b7a9-s1\">\u00b7\u00b7\u00b7\u00b7\u00b7\u00b7\u00b7\u00b7\u00b7\u00b7\u00b7\u00b7\u00b7\u00b7\u00b7\u00b7\u00b7\u00b7\u00b7\u00b7\u00b7\u00b7\u00b7\u00b7\u00b7\u00b7\u00b7\u00b7\u00b7\u00b7\u00b7\u00b7\u00b7\u00b7\u00b7\u00b7\u00b7\u00b7\u00b7\u00b7\u00b7\u00b7\u00b7\u00b7\u00b7\u00b7\u00b7\u00b7\u00b7\u00b7\u00b7\u00b7\u00b7\u00b7\u00b7\u00b7\u00b7\u00b7\u00b7\u00b7\u00b7\u00b7\u00b7\u00b7\u00b7\u00b7\u00b7\u00b7\u00b7\u00b7\u00b7\u00b7\u00b7\u00b7\u00b7\u00b7\u00b7\u00b7\u00b7\u00b7\u00b7\u00b7\u00b7\u00b7\u00b7\u00b7\u00b7\u00b7\u00b7\u00b7\u00b7\u00b7\u00b7\u00b7\u00b7\u00b7\u00b7\u00b7\u00b7\u00b7\u00b7\u00b7\u00b7\u00b7\u00b7\u00b7\u00b7\u00b7\u00b7\u00b7\u00b7\u00b7\u00b7\u00b7\u00b7\u00b7\u00b7\u00b7\u00b7\u00b7\u00b7\u00b7\u00b7\u00b7\u00b7\u00b7\u00b7\u00b7\u00b7\u00b7\u00b7\u00b7\u00b7\u00b7\u00b7\u00b7\u00b7\u00b7\u00b7\u00b7\u00b7\u00b7\u00b7\u00b7\u00b7\u00b7\u00b7\u00b7\u00b7\u00b7\u00b7\u00b7\u00b7\u00b7\u00b7\u00b7\u00b7\u00b7\u00b7\u00b7\u00b7\u00b7\u00b7\u00b7\u00b7<br \/>\nRegelm\u00e4\u00dfig im Angebot des Schlossmuseums:<br \/>\n<\/span><\/p>\n<div id=\"attachment_402\" style=\"width: 310px\" class=\"wp-caption alignleft\"><img loading=\"lazy\" decoding=\"async\" aria-describedby=\"caption-attachment-402\" class=\"size-medium wp-image-402\" src=\"https:\/\/www.braunschweig-entdecken.de\/wp-content\/uploads\/2016\/11\/gal003-300x225.jpg\" alt=\"Das Arbeitszimmer des Herzogs. Foto: M. Kruszewski\" width=\"300\" height=\"225\" srcset=\"https:\/\/www.braunschweig-entdecken.de\/wp-content\/uploads\/2016\/11\/gal003-300x225.jpg 300w, https:\/\/www.braunschweig-entdecken.de\/wp-content\/uploads\/2016\/11\/gal003-768x576.jpg 768w, https:\/\/www.braunschweig-entdecken.de\/wp-content\/uploads\/2016\/11\/gal003.jpg 800w\" sizes=\"auto, (max-width: 300px) 100vw, 300px\" \/><p id=\"caption-attachment-402\" class=\"wp-caption-text\">Das Arbeitszimmer des Herzogs. Foto: M. Kruszewski<\/p><\/div>\n<p><strong>\u00d6ffentliche F\u00fchrung im Schlossmuseum<\/strong><\/p>\n<p>An jedem 1. und 3. Sonntag des Monats um 15 Uhr finden im Schlossmuseum \u00f6ffentliche F\u00fchrungen durch die Dauer- und Wechselausstellung statt. Die Dauerausstellung vermittelt anhand originaler M\u00f6belensembles und Kunstgegenst\u00e4nde einen Eindruck von den repr\u00e4sentativsten R\u00e4umen des Welfenschlosses in der zweiten H\u00e4lfte des 19. Jahrhunderts, und sie erz\u00e4hlt von dessen spannender und wechselvoller Geschichte.<\/p>\n<p>Eine Anmeldung ist nicht erforderlich.*<\/p>\n<p>Kosten: 3,00 \u20ac pro Person zzgl. 3,00 \u20ac Eintritt,<\/p>\n<p>Dauer: ca. 1 Stunde<\/p>\n<p>*(c) Schlossmuseum Braunschweig<br \/>\n<span class=\"ox-c44c07b7a9-s1\">\u00b7\u00b7\u00b7\u00b7\u00b7\u00b7\u00b7\u00b7\u00b7\u00b7\u00b7\u00b7\u00b7\u00b7\u00b7\u00b7\u00b7\u00b7\u00b7\u00b7\u00b7\u00b7\u00b7\u00b7\u00b7\u00b7\u00b7\u00b7\u00b7\u00b7\u00b7\u00b7\u00b7\u00b7\u00b7\u00b7\u00b7\u00b7\u00b7\u00b7\u00b7\u00b7\u00b7\u00b7\u00b7\u00b7\u00b7\u00b7\u00b7\u00b7\u00b7\u00b7\u00b7\u00b7\u00b7\u00b7\u00b7\u00b7\u00b7\u00b7\u00b7\u00b7\u00b7\u00b7\u00b7\u00b7\u00b7\u00b7\u00b7\u00b7\u00b7\u00b7\u00b7\u00b7\u00b7\u00b7\u00b7\u00b7\u00b7\u00b7\u00b7\u00b7\u00b7\u00b7\u00b7\u00b7\u00b7\u00b7\u00b7\u00b7\u00b7\u00b7\u00b7\u00b7\u00b7\u00b7\u00b7\u00b7\u00b7\u00b7\u00b7\u00b7\u00b7\u00b7\u00b7\u00b7\u00b7\u00b7\u00b7\u00b7\u00b7\u00b7\u00b7\u00b7\u00b7\u00b7\u00b7\u00b7\u00b7\u00b7\u00b7\u00b7\u00b7\u00b7\u00b7\u00b7\u00b7\u00b7\u00b7\u00b7\u00b7\u00b7\u00b7\u00b7\u00b7\u00b7\u00b7\u00b7\u00b7\u00b7\u00b7\u00b7\u00b7\u00b7\u00b7\u00b7\u00b7\u00b7\u00b7\u00b7\u00b7\u00b7\u00b7\u00b7\u00b7\u00b7\u00b7\u00b7\u00b7\u00b7\u00b7\u00b7\u00b7\u00b7\u00b7<br \/>\nR<\/span>egelm\u00e4\u00dfig im Angebot von April bis Oktober<\/p>\n<div id=\"attachment_417\" style=\"width: 310px\" class=\"wp-caption alignleft\"><img loading=\"lazy\" decoding=\"async\" aria-describedby=\"caption-attachment-417\" class=\"size-medium wp-image-417\" src=\"https:\/\/www.braunschweig-entdecken.de\/wp-content\/uploads\/2017\/05\/15.-Paulinerchor-St-Aegidien-c-Kai-Maluck-300x225.jpg\" alt=\"St. Aegidien\/Paulinerchor Erste lutherische Predigt 1521 (c) Kai Maluck\" width=\"300\" height=\"225\" \/><p id=\"caption-attachment-417\" class=\"wp-caption-text\">St. Aegidien\/Paulinerchor<br \/>Erste lutherische Predigt 1521<br \/>(c) Kai Maluck<\/p><\/div>\n<p><strong>Stadtf\u00fchrung mit dem Segway<br \/>\n<\/strong><\/p>\n<p>Historische Stadt mal ganz anders &#8211; mit dem Segway. Trauen Sie sich, versuchen Sie es mal und genie\u00dfen Sie das einmalige Gef\u00fchl, Segway zu fahren. Und quasi im Vorbeifahren lernen Sie Braunschweig von einer ganz anderen Seite kennen.<\/p>\n<p>Treffpunkt Steigenberger Parkhotel Braunschweig<br \/>\nDauer der Tour ca 2,5 Stunden<br \/>\nPreis 60,00 \u20ac (incl. Einweisung, Leihelm, Haftpflichtversicherung)<br \/>\nMindestalter 15 Jahre (gesetzlich vorgeschrieben)<br \/>\nmind. Mofa-Pr\u00fcfbescheinigung<br \/>\nK\u00f6rpergewicht 45 &#8211; 120 Kg<\/p>\n<p>F\u00fcr Gruppenbuchungen nach Verf\u00fcgbarkeit buchbar.<\/p>\n<p>In Kooperation mit 6-way\/Segtours Braunschweig<\/p>\n","protected":false},"excerpt":{"rendered":"<p>Vergangene F\u00fchrungen Nachts im Museum! &#8211; Special im Schlossmuseum Taschenlampenf\u00fchrung f\u00fcr die Gro\u00dfen! &#8211; Special zur Sonderausstellung &#8218;Revolution.Abdankung.Schloss.&#8216; Auch Erwachsene k\u00f6nnen mit dieser Special-F\u00fchrung noch mal einen ganz neuen Blick auf die November-Revolution 1918 werfen. Im Lichtkegel einer Taschenlampe gibt &hellip; <a class=\"more-link\" href=\"https:\/\/www.braunschweig-entdecken.de\/?page_id=85\">Weiterlesen <span class=\"meta-nav\">&rarr;<\/span><\/a><\/p>\n","protected":false},"author":1,"featured_media":0,"parent":0,"menu_order":0,"comment_status":"closed","ping_status":"closed","template":"","meta":{"footnotes":""},"class_list":["post-85","page","type-page","status-publish","hentry"],"aioseo_notices":[],"_links":{"self":[{"href":"https:\/\/www.braunschweig-entdecken.de\/index.php?rest_route=\/wp\/v2\/pages\/85","targetHints":{"allow":["GET"]}}],"collection":[{"href":"https:\/\/www.braunschweig-entdecken.de\/index.php?rest_route=\/wp\/v2\/pages"}],"about":[{"href":"https:\/\/www.braunschweig-entdecken.de\/index.php?rest_route=\/wp\/v2\/types\/page"}],"author":[{"embeddable":true,"href":"https:\/\/www.braunschweig-entdecken.de\/index.php?rest_route=\/wp\/v2\/users\/1"}],"replies":[{"embeddable":true,"href":"https:\/\/www.braunschweig-entdecken.de\/index.php?rest_route=%2Fwp%2Fv2%2Fcomments&post=85"}],"version-history":[{"count":28,"href":"https:\/\/www.braunschweig-entdecken.de\/index.php?rest_route=\/wp\/v2\/pages\/85\/revisions"}],"predecessor-version":[{"id":655,"href":"https:\/\/www.braunschweig-entdecken.de\/index.php?rest_route=\/wp\/v2\/pages\/85\/revisions\/655"}],"wp:attachment":[{"href":"https:\/\/www.braunschweig-entdecken.de\/index.php?rest_route=%2Fwp%2Fv2%2Fmedia&parent=85"}],"curies":[{"name":"wp","href":"https:\/\/api.w.org\/{rel}","templated":true}]}}